{"id":985,"date":"2018-03-07T20:04:35","date_gmt":"2018-03-07T20:04:35","guid":{"rendered":"http:\/\/www.hecultura.com\/primerafuncion\/?page_id=985"},"modified":"2021-11-26T00:35:55","modified_gmt":"2021-11-26T00:35:55","slug":"material-de-apoyo-pdf","status":"publish","type":"page","link":"https:\/\/www.lacasaclaypole.org.ar\/primerafuncion\/material-de-apoyo-pdf\/","title":{"rendered":"Material de Apoyo"},"content":{"rendered":"<p>[et_pb_section fb_built=\u00bb1&#8243; background_color=\u00bb#383838&#8243; admin_label=\u00bbsection\u00bb module_class=\u00bbanunciospdf\u00bb custom_padding_last_edited=\u00bbon|desktop\u00bb _builder_version=\u00bb3.0.47&#8243; custom_padding_tablet=\u00bb50px|0|50px|0&#8243; transparent_background=\u00bboff\u00bb padding_mobile=\u00bboff\u00bb][et_pb_row custom_padding=\u00bb0px|0px|37px|0px\u00bb admin_label=\u00bbrow\u00bb _builder_version=\u00bb3.0.47&#8243; background_size=\u00bbinitial\u00bb background_position=\u00bbtop_left\u00bb background_repeat=\u00bbrepeat\u00bb][et_pb_column type=\u00bb4_4&#8243; _builder_version=\u00bb3.0.47&#8243; parallax=\u00bboff\u00bb parallax_method=\u00bbon\u00bb][et_pb_text background_layout=\u00bbdark\u00bb _builder_version=\u00bb3.0.105&#8243; background_size=\u00bbinitial\u00bb background_position=\u00bbtop_left\u00bb background_repeat=\u00bbrepeat\u00bb text_orientation=\u00bbcenter\u00bb module_alignment=\u00bbcenter\u00bb use_border_color=\u00bboff\u00bb]<\/p>\n<h1>LAS OBRAS<\/h1>\n<p>[\/et_pb_text][\/et_pb_column][\/et_pb_row][et_pb_row padding_mobile=\u00bboff\u00bb column_padding_mobile=\u00bbon\u00bb parallax_method_1=\u00bboff\u00bb module_class=\u00bbmaterialdescarga\u00bb _builder_version=\u00bb3.0.105&#8243; background_size=\u00bbinitial\u00bb background_position=\u00bbtop_left\u00bb background_repeat=\u00bbrepeat\u00bb][et_pb_column type=\u00bb4_4&#8243; _builder_version=\u00bb3.0.47&#8243; column_padding_mobile=\u00bbon\u00bb parallax=\u00bboff\u00bb parallax_method=\u00bboff\u00bb][et_pb_blurb title=\u00bbBLANCO SOBRE BLANCO de Alejandro Mateo, Alfredo Rosenbaum e Ita Scaramuzza\u00bb url=\u00bbhttps:\/\/www.lacasaclaypole.org.ar\/primerafuncion\/pdf\/Blanco%20sobre%20blanco.pdf\u00bb url_new_window=\u00bbon\u00bb image=\u00bbhttps:\/\/www.lacasaclaypole.org.ar\/primerafuncion\/wp-content\/uploads\/2018\/03\/pdf.png\u00bb icon_placement=\u00bbleft\u00bb background_layout=\u00bbdark\u00bb _builder_version=\u00bb3.0.105&#8243; header_font=\u00bb|||||on|||\u00bb header_font_size=\u00bb16&#8243; body_font=\u00bb|||||on|||\u00bb background_size=\u00bbinitial\u00bb background_position=\u00bbtop_left\u00bb background_repeat=\u00bbrepeat\u00bb text_orientation=\u00bbcenter\u00bb max_width_tablet=\u00bb50px\u00bb use_border_color=\u00bboff\u00bb][\/et_pb_blurb][et_pb_blurb title=\u00bbCANCI\u00d3N DE CUNA PARA UN ANARQUISTA de Jorge Diaz\u00bb url=\u00bbhttps:\/\/www.lacasaclaypole.org.ar\/primerafuncion\/pdf\/pdf\/CANCI%e0N%20DE%20CUNA%20PARA%20UN%20ANARQUISTA.pdf\u00bb url_new_window=\u00bbon\u00bb image=\u00bbhttps:\/\/www.lacasaclaypole.org.ar\/primerafuncion\/wp-content\/uploads\/2018\/03\/pdf.png\u00bb icon_placement=\u00bbleft\u00bb background_layout=\u00bbdark\u00bb _builder_version=\u00bb3.0.105&#8243; header_font=\u00bb|||||on|||\u00bb header_font_size=\u00bb16&#8243; body_font=\u00bb|||||on|||\u00bb background_size=\u00bbinitial\u00bb background_position=\u00bbtop_left\u00bb background_repeat=\u00bbrepeat\u00bb text_orientation=\u00bbcenter\u00bb max_width_tablet=\u00bb50px\u00bb use_border_color=\u00bboff\u00bb][\/et_pb_blurb][et_pb_blurb title=\u00bbCOMEDIA, UN MAESTRO DE ALEMANIA de Alejandro Tartanian\u00bb url=\u00bbhttps:\/\/www.lacasaclaypole.org.ar\/primerafuncion\/pdf\/COMEDIA%20UN%20MAESTRO%20DE%20ALEMANIA.pdf\u00bb url_new_window=\u00bbon\u00bb image=\u00bbhttps:\/\/www.lacasaclaypole.org.ar\/primerafuncion\/wp-content\/uploads\/2018\/03\/pdf.png\u00bb icon_placement=\u00bbleft\u00bb background_layout=\u00bbdark\u00bb _builder_version=\u00bb3.0.105&#8243; header_font=\u00bb|||||on|||\u00bb header_font_size=\u00bb16&#8243; body_font=\u00bb|||||on|||\u00bb background_size=\u00bbinitial\u00bb background_position=\u00bbtop_left\u00bb background_repeat=\u00bbrepeat\u00bb text_orientation=\u00bbcenter\u00bb max_width_tablet=\u00bb50px\u00bb use_border_color=\u00bboff\u00bb][\/et_pb_blurb][et_pb_blurb title=\u00bbHERIDA ABSURDA de Sonia Daniel\u00bb url=\u00bbhttps:\/\/www.lacasaclaypole.org.ar\/primerafuncion\/pdf\/herida%20absurda.pdf\u00bb url_new_window=\u00bbon\u00bb image=\u00bbhttps:\/\/www.lacasaclaypole.org.ar\/primerafuncion\/wp-content\/uploads\/2018\/03\/pdf.png\u00bb icon_placement=\u00bbleft\u00bb background_layout=\u00bbdark\u00bb _builder_version=\u00bb3.0.105&#8243; header_font=\u00bb|||||on|||\u00bb header_font_size=\u00bb16&#8243; body_font=\u00bb|||||on|||\u00bb background_size=\u00bbinitial\u00bb background_position=\u00bbtop_left\u00bb background_repeat=\u00bbrepeat\u00bb text_orientation=\u00bbcenter\u00bb max_width_tablet=\u00bb50px\u00bb use_border_color=\u00bboff\u00bb][\/et_pb_blurb][et_pb_blurb title=\u00bbMI HERMANO ES UN VAMPIRO de Gimena Campos\u00bb url=\u00bbhttps:\/\/www.lacasaclaypole.org.ar\/primerafuncion\/pdf\/MI%20HERMANO%20ES%20UN%20VAMPIRO.pdf\u00bb url_new_window=\u00bbon\u00bb image=\u00bbhttps:\/\/www.lacasaclaypole.org.ar\/primerafuncion\/wp-content\/uploads\/2018\/03\/pdf.png\u00bb icon_placement=\u00bbleft\u00bb background_layout=\u00bbdark\u00bb _builder_version=\u00bb3.0.105&#8243; header_font=\u00bb|||||on|||\u00bb header_font_size=\u00bb16&#8243; body_font=\u00bb|||||on|||\u00bb background_size=\u00bbinitial\u00bb background_position=\u00bbtop_left\u00bb background_repeat=\u00bbrepeat\u00bb text_orientation=\u00bbcenter\u00bb max_width_tablet=\u00bb50px\u00bb use_border_color=\u00bboff\u00bb][\/et_pb_blurb][et_pb_blurb title=\u00bbSAPO VERDE, SAPO BLANCO de Iris Gui\u00f1az\u00fa\u00bb url=\u00bbhttps:\/\/www.lacasaclaypole.org.ar\/primerafuncion\/pdf\/SAPO%20VERDE,%20SAPO%20BLANCO.pdf\u00bb url_new_window=\u00bbon\u00bb image=\u00bbhttps:\/\/www.lacasaclaypole.org.ar\/primerafuncion\/wp-content\/uploads\/2018\/03\/pdf.png\u00bb icon_placement=\u00bbleft\u00bb background_layout=\u00bbdark\u00bb _builder_version=\u00bb3.0.105&#8243; header_font=\u00bb|||||on|||\u00bb header_font_size=\u00bb16&#8243; body_font=\u00bb|||||on|||\u00bb background_size=\u00bbinitial\u00bb background_position=\u00bbtop_left\u00bb background_repeat=\u00bbrepeat\u00bb text_orientation=\u00bbcenter\u00bb max_width_tablet=\u00bb50px\u00bb use_border_color=\u00bboff\u00bb][\/et_pb_blurb][et_pb_blurb title=\u00bbNUESTRA SE\u00d1ORA DE LAS NUBES de Ar\u00edstides Vargas\u00bb url=\u00bbhttps:\/\/www.lacasaclaypole.org.ar\/primerafuncion\/pdf\/pdf\/NUESTRA%20SEN%CC%83ORA%20DE%20LAS%20NUBES.pdf\u00bb url_new_window=\u00bbon\u00bb image=\u00bbhttps:\/\/www.lacasaclaypole.org.ar\/primerafuncion\/wp-content\/uploads\/2018\/03\/pdf.png\u00bb icon_placement=\u00bbleft\u00bb background_layout=\u00bbdark\u00bb _builder_version=\u00bb3.0.105&#8243; header_font=\u00bb|||||on|||\u00bb header_font_size=\u00bb16&#8243; body_font=\u00bb|||||on|||\u00bb background_size=\u00bbinitial\u00bb background_position=\u00bbtop_left\u00bb background_repeat=\u00bbrepeat\u00bb text_orientation=\u00bbcenter\u00bb max_width_tablet=\u00bb50px\u00bb use_border_color=\u00bboff\u00bb][\/et_pb_blurb][et_pb_blurb title=\u00bb(SUPLENTES)&#8230; CUANDO LOS CERDOS ARRASAN de Gabriel Cosoy \u00bb url=\u00bbhttps:\/\/www.lacasaclaypole.org.ar\/primerafuncion\/pdf\/SUPLENTES.pdf\u00bb url_new_window=\u00bbon\u00bb image=\u00bbhttps:\/\/www.lacasaclaypole.org.ar\/primerafuncion\/wp-content\/uploads\/2018\/03\/pdf.png\u00bb icon_placement=\u00bbleft\u00bb background_layout=\u00bbdark\u00bb _builder_version=\u00bb3.0.105&#8243; header_font=\u00bb|||||on|||\u00bb header_font_size=\u00bb16&#8243; body_font=\u00bb|||||on|||\u00bb background_size=\u00bbinitial\u00bb background_position=\u00bbtop_left\u00bb background_repeat=\u00bbrepeat\u00bb text_orientation=\u00bbcenter\u00bb max_width_tablet=\u00bb50px\u00bb use_border_color=\u00bboff\u00bb][\/et_pb_blurb][et_pb_blurb title=\u00bbPOL\u00cdTICAMENTE SOCIALES creaci\u00f3n colectiva del Espacio de Debate y Cultura LA CASA\u00bb url=\u00bbhttps:\/\/www.lacasaclaypole.org.ar\/primerafuncion\/wp-content\/uploads\/2020\/01\/POLITICAMENTE-SOCIALES-TEXTO.pdf\u00bb url_new_window=\u00bbon\u00bb image=\u00bbhttps:\/\/www.lacasaclaypole.org.ar\/primerafuncion\/wp-content\/uploads\/2018\/03\/pdf.png\u00bb icon_placement=\u00bbleft\u00bb background_layout=\u00bbdark\u00bb _builder_version=\u00bb3.0.105&#8243; header_font=\u00bb|||||on|||\u00bb header_font_size=\u00bb16&#8243; body_font=\u00bb|||||on|||\u00bb background_size=\u00bbinitial\u00bb background_position=\u00bbtop_left\u00bb background_repeat=\u00bbrepeat\u00bb text_orientation=\u00bbcenter\u00bb max_width_tablet=\u00bb50px\u00bb use_border_color=\u00bboff\u00bb][\/et_pb_blurb][et_pb_blurb title=\u00bbENSALADA DE MONSTRUOS creaci\u00f3n colectiva del Espacio de Debate y Cultura LA CASA\u00bb url=\u00bbhttps:\/\/www.lacasaclaypole.org.ar\/primerafuncion\/wp-content\/uploads\/2020\/01\/Ensalada-de-MONSTRUOS.pdf\u00bb url_new_window=\u00bbon\u00bb image=\u00bbhttps:\/\/www.lacasaclaypole.org.ar\/primerafuncion\/wp-content\/uploads\/2018\/03\/pdf.png\u00bb icon_placement=\u00bbleft\u00bb background_layout=\u00bbdark\u00bb _builder_version=\u00bb3.0.105&#8243; header_font=\u00bb|||||on|||\u00bb header_font_size=\u00bb16&#8243; body_font=\u00bb|||||on|||\u00bb background_size=\u00bbinitial\u00bb background_position=\u00bbtop_left\u00bb background_repeat=\u00bbrepeat\u00bb text_orientation=\u00bbcenter\u00bb max_width_tablet=\u00bb50px\u00bb use_border_color=\u00bboff\u00bb][\/et_pb_blurb][et_pb_blurb title=\u00bbGIGANTES PEQUE\u00d1OS de Anibal Dinaro \u00bb url=\u00bbhttps:\/\/www.lacasaclaypole.org.ar\/primerafuncion\/wp-content\/uploads\/2020\/10\/LOS-PAJAROS-MOJADOS.pdf\u00bb url_new_window=\u00bbon\u00bb image=\u00bbhttps:\/\/www.lacasaclaypole.org.ar\/primerafuncion\/wp-content\/uploads\/2018\/03\/pdf.png\u00bb icon_placement=\u00bbleft\u00bb background_layout=\u00bbdark\u00bb _builder_version=\u00bb3.0.105&#8243; header_font=\u00bb|||||on|||\u00bb header_font_size=\u00bb16&#8243; body_font=\u00bb|||||on|||\u00bb background_size=\u00bbinitial\u00bb background_position=\u00bbtop_left\u00bb background_repeat=\u00bbrepeat\u00bb text_orientation=\u00bbcenter\u00bb max_width_tablet=\u00bb50px\u00bb use_border_color=\u00bboff\u00bb][\/et_pb_blurb][et_pb_blurb title=\u00bbLOS P\u00c1JAROS MOJADOS de Jos\u00e9 P\u00e1jaro Yovane \u00bb url=\u00bbhttps:\/\/www.lacasaclaypole.org.ar\/primerafuncion\/wp-content\/uploads\/2020\/10\/LOS-PAJAROS-MOJADOS.pdf\u00bb url_new_window=\u00bbon\u00bb image=\u00bbhttps:\/\/www.lacasaclaypole.org.ar\/primerafuncion\/wp-content\/uploads\/2018\/03\/pdf.png\u00bb icon_placement=\u00bbleft\u00bb background_layout=\u00bbdark\u00bb _builder_version=\u00bb3.0.105&#8243; header_font=\u00bb|||||on|||\u00bb header_font_size=\u00bb16&#8243; body_font=\u00bb|||||on|||\u00bb background_size=\u00bbinitial\u00bb background_position=\u00bbtop_left\u00bb background_repeat=\u00bbrepeat\u00bb text_orientation=\u00bbcenter\u00bb max_width_tablet=\u00bb50px\u00bb use_border_color=\u00bboff\u00bb][\/et_pb_blurb][\/et_pb_column][\/et_pb_row][et_pb_row admin_label=\u00bbrow\u00bb _builder_version=\u00bb3.0.47&#8243; background_size=\u00bbinitial\u00bb background_position=\u00bbtop_left\u00bb background_repeat=\u00bbrepeat\u00bb][et_pb_column type=\u00bb4_4&#8243; _builder_version=\u00bb3.0.47&#8243; parallax=\u00bboff\u00bb parallax_method=\u00bbon\u00bb][et_pb_text background_layout=\u00bbdark\u00bb _builder_version=\u00bb3.0.105&#8243; background_size=\u00bbinitial\u00bb background_position=\u00bbtop_left\u00bb background_repeat=\u00bbrepeat\u00bb text_orientation=\u00bbcenter\u00bb module_alignment=\u00bbcenter\u00bb use_border_color=\u00bboff\u00bb]<\/p>\n<h1>MATERIALES DE APOYO<\/h1>\n<p>[\/et_pb_text][\/et_pb_column][\/et_pb_row][et_pb_row admin_label=\u00bbrow\u00bb _builder_version=\u00bb3.0.105&#8243; background_size=\u00bbinitial\u00bb background_position=\u00bbtop_left\u00bb background_repeat=\u00bbrepeat\u00bb][et_pb_column type=\u00bb4_4&#8243; _builder_version=\u00bb3.0.47&#8243; parallax=\u00bboff\u00bb parallax_method=\u00bbon\u00bb][et_pb_blurb title=\u00bbEL NUNCA M\u00c1S\u00bb url=\u00bbhttps:\/\/www.lacasaclaypole.org.ar\/primerafuncion\/pdf\/NuncaMas.pdf\u00bb url_new_window=\u00bbon\u00bb image=\u00bbhttps:\/\/www.lacasaclaypole.org.ar\/primerafuncion\/wp-content\/uploads\/2018\/03\/pdf.png\u00bb icon_placement=\u00bbleft\u00bb background_layout=\u00bbdark\u00bb _builder_version=\u00bb3.0.105&#8243; header_font=\u00bb|||||on|||\u00bb header_font_size=\u00bb16&#8243; header_line_height=\u00bb1.7em\u00bb body_font=\u00bb|||||on|||\u00bb background_size=\u00bbinitial\u00bb background_position=\u00bbtop_left\u00bb background_repeat=\u00bbrepeat\u00bb text_orientation=\u00bbcenter\u00bb max_width_tablet=\u00bb50px\u00bb custom_margin=\u00bb||NaNpx|\u00bb custom_padding=\u00bb||0px|\u00bb use_border_color=\u00bboff\u00bb][\/et_pb_blurb][et_pb_blurb title=\u00bbAbuelas de Plaza de Mayo (2008). \u00bfQui\u00e9n Soy Yo?. Buenos Aires, Argentina.\u00bb url=\u00bbhttps:\/\/www.lacasaclaypole.org.ar\/primerafuncion\/pdf\/Quien%20Soy%20Yo%20-%20Cuadernillo.pdf\u00bb url_new_window=\u00bbon\u00bb image=\u00bbhttps:\/\/www.lacasaclaypole.org.ar\/primerafuncion\/wp-content\/uploads\/2018\/03\/pdf.png\u00bb icon_placement=\u00bbleft\u00bb background_layout=\u00bbdark\u00bb _builder_version=\u00bb3.0.105&#8243; header_font=\u00bb|||||on|||\u00bb header_font_size=\u00bb16&#8243; header_line_height=\u00bb1.7em\u00bb body_font=\u00bb|||||on|||\u00bb background_size=\u00bbinitial\u00bb background_position=\u00bbtop_left\u00bb background_repeat=\u00bbrepeat\u00bb text_orientation=\u00bbcenter\u00bb max_width_tablet=\u00bb50px\u00bb custom_margin=\u00bb||NaNpx|\u00bb custom_padding=\u00bb||0px|\u00bb use_border_color=\u00bboff\u00bb][\/et_pb_blurb][et_pb_blurb title=\u00bbAbuelas de Plaza de Mayo (2010). 10 Postales por el Derecho a la Identidad.\u00bb url=\u00bbhttps:\/\/www.lacasaclaypole.org.ar\/primerafuncion\/pdf\/10%20postales%20por%20el%20derecho%20a%20la%20identidad.pdf\u00bb url_new_window=\u00bbon\u00bb image=\u00bbhttps:\/\/www.lacasaclaypole.org.ar\/primerafuncion\/wp-content\/uploads\/2018\/03\/pdf.png\u00bb icon_placement=\u00bbleft\u00bb background_layout=\u00bbdark\u00bb _builder_version=\u00bb3.0.105&#8243; header_font=\u00bb|||||on|||\u00bb header_font_size=\u00bb16&#8243; body_font=\u00bb|||||on|||\u00bb body_font_size=\u00bb16&#8243; background_size=\u00bbinitial\u00bb background_position=\u00bbtop_left\u00bb background_repeat=\u00bbrepeat\u00bb text_orientation=\u00bbcenter\u00bb max_width_tablet=\u00bb50px\u00bb custom_margin=\u00bb||NaNpx|\u00bb custom_padding=\u00bb||0px|\u00bb use_border_color=\u00bboff\u00bb][\/et_pb_blurb][et_pb_blurb title=\u00bb\u00bfPor qui\u00e9n Doblan las Campanas? de Ernest Hemingway\u00bb url=\u00bbhttps:\/\/www.lacasaclaypole.org.ar\/primerafuncion\/pdf\/pdf\/POR%20QUI%90N%20DOBLAN%20LAS%20CAMPANAS.pdf\u00bb url_new_window=\u00bbon\u00bb image=\u00bbhttps:\/\/www.lacasaclaypole.org.ar\/primerafuncion\/wp-content\/uploads\/2018\/03\/pdf.png\u00bb icon_placement=\u00bbleft\u00bb background_layout=\u00bbdark\u00bb _builder_version=\u00bb3.0.105&#8243; header_font=\u00bb|||||on|||\u00bb header_font_size=\u00bb16&#8243; body_font=\u00bb|||||on|||\u00bb background_size=\u00bbinitial\u00bb background_position=\u00bbtop_left\u00bb background_repeat=\u00bbrepeat\u00bb text_orientation=\u00bbcenter\u00bb max_width_tablet=\u00bb50px\u00bb custom_margin=\u00bb||0px|\u00bb custom_padding=\u00bb||0px|\u00bb use_border_color=\u00bboff\u00bb][\/et_pb_blurb][et_pb_blurb title=\u00bbCELAN, P. (1999). Obras Completas. EMEC\u00c9, Espa\u00f1a.\u00bb url=\u00bbhttps:\/\/www.lacasaclaypole.org.ar\/primerafuncion\/pdf\/Celan,%20Paul%20-%20Obras%20Completas.pdf\u00bb url_new_window=\u00bbon\u00bb image=\u00bbhttps:\/\/www.lacasaclaypole.org.ar\/primerafuncion\/wp-content\/uploads\/2018\/03\/pdf.png\u00bb icon_placement=\u00bbleft\u00bb background_layout=\u00bbdark\u00bb _builder_version=\u00bb3.0.105&#8243; header_font=\u00bb|||||on|||\u00bb header_font_size=\u00bb16&#8243; body_font=\u00bb|||||on|||\u00bb background_size=\u00bbinitial\u00bb background_position=\u00bbtop_left\u00bb background_repeat=\u00bbrepeat\u00bb text_orientation=\u00bbcenter\u00bb max_width_tablet=\u00bb50px\u00bb custom_margin=\u00bb||0px|\u00bb custom_padding=\u00bb||0px|\u00bb use_border_color=\u00bboff\u00bb][\/et_pb_blurb][et_pb_blurb title=\u00bbARGENTINA, Ministerio de Eduaci\u00f3n (2010). Holocausto. Preguntas, respuestas y propuestas para su ense\u00f1anza. Buenos Aires, Argentina.\u00bb url=\u00bbhttps:\/\/www.lacasaclaypole.org.ar\/primerafuncion\/pdf\/Holocausto.pdf\u00bb url_new_window=\u00bbon\u00bb image=\u00bbhttps:\/\/www.lacasaclaypole.org.ar\/primerafuncion\/wp-content\/uploads\/2018\/03\/pdf.png\u00bb icon_placement=\u00bbleft\u00bb background_layout=\u00bbdark\u00bb _builder_version=\u00bb3.0.105&#8243; header_font=\u00bb|||||on|||\u00bb header_font_size=\u00bb16&#8243; body_font=\u00bb|||||on|||\u00bb background_size=\u00bbinitial\u00bb background_position=\u00bbtop_left\u00bb background_repeat=\u00bbrepeat\u00bb text_orientation=\u00bbcenter\u00bb max_width_tablet=\u00bb50px\u00bb custom_margin=\u00bb||0px|\u00bb custom_padding=\u00bb||0px|\u00bb use_border_color=\u00bboff\u00bb][\/et_pb_blurb][et_pb_blurb title=\u00bbPNPIO (1993): Educando a Mujeres y Varones para el Siglo XXI. Nuevas Perspectivas para la formaci\u00f3n de Docentes.\u00bb url=\u00bbhttps:\/\/www.lacasaclaypole.org.ar\/primerafuncion\/pdf\/EDUCANDO%20MUJERES%20Y%20VARONES%20PARA%20EL%20SIGLO%20XXI.pdf\u00bb url_new_window=\u00bbon\u00bb image=\u00bbhttps:\/\/www.lacasaclaypole.org.ar\/primerafuncion\/wp-content\/uploads\/2018\/03\/pdf.png\u00bb icon_placement=\u00bbleft\u00bb background_layout=\u00bbdark\u00bb _builder_version=\u00bb3.0.105&#8243; header_font=\u00bb|||||on|||\u00bb header_font_size=\u00bb16&#8243; body_font=\u00bb|||||on|||\u00bb background_size=\u00bbinitial\u00bb background_position=\u00bbtop_left\u00bb background_repeat=\u00bbrepeat\u00bb text_orientation=\u00bbcenter\u00bb max_width_tablet=\u00bb50px\u00bb custom_margin=\u00bb||0px|\u00bb custom_padding=\u00bb||0px|\u00bb use_border_color=\u00bboff\u00bb][\/et_pb_blurb][et_pb_blurb title=\u00bbF\u00f3rmulas para la igualdad Nro. 5. Madrid, Espa\u00f1a.\u00bb url=\u00bbhttps:\/\/www.lacasaclaypole.org.ar\/primerafuncion\/pdf\/FORMULAS%20PARA%20LA%20IGUALDAD.pdf\u00bb url_new_window=\u00bbon\u00bb image=\u00bbhttps:\/\/www.lacasaclaypole.org.ar\/primerafuncion\/wp-content\/uploads\/2018\/03\/pdf.png\u00bb icon_placement=\u00bbleft\u00bb background_layout=\u00bbdark\u00bb _builder_version=\u00bb3.0.105&#8243; header_font=\u00bb|||||on|||\u00bb header_font_size=\u00bb16&#8243; body_font=\u00bb|||||on|||\u00bb background_size=\u00bbinitial\u00bb background_position=\u00bbtop_left\u00bb background_repeat=\u00bbrepeat\u00bb text_orientation=\u00bbcenter\u00bb max_width_tablet=\u00bb50px\u00bb custom_margin=\u00bb||0px|\u00bb custom_padding=\u00bb||0px|\u00bb use_border_color=\u00bboff\u00bb][\/et_pb_blurb][et_pb_blurb title=\u00bbINADI (2011): Somos Iguales y diferentes: Gu\u00eda para ni\u00f1as y ni\u00f1os de prevenci\u00f3n de pr\u00e1cticas discriminatorias. INADI, Buenos Aires, Argentina.\u00bb url=\u00bbhttps:\/\/www.lacasaclaypole.org.ar\/primerafuncion\/pdf\/somos%20iguales%20y%20diferentes.pdf\u00bb url_new_window=\u00bbon\u00bb image=\u00bbhttps:\/\/www.lacasaclaypole.org.ar\/primerafuncion\/wp-content\/uploads\/2018\/03\/pdf.png\u00bb icon_placement=\u00bbleft\u00bb background_layout=\u00bbdark\u00bb _builder_version=\u00bb3.0.105&#8243; header_font=\u00bb|||||on|||\u00bb header_font_size=\u00bb16&#8243; body_font=\u00bb|||||on|||\u00bb background_size=\u00bbinitial\u00bb background_position=\u00bbtop_left\u00bb background_repeat=\u00bbrepeat\u00bb text_orientation=\u00bbcenter\u00bb max_width_tablet=\u00bb50px\u00bb custom_margin=\u00bb||0px|\u00bb custom_padding=\u00bb||0px|\u00bb use_border_color=\u00bboff\u00bb][\/et_pb_blurb][et_pb_blurb title=\u00bbINADI (2011b): Somos iguales y diferentes: Gu\u00eda Did\u00e1ctica para Docentes. INADI, Buenos Aires, Argentina.\u00bb url=\u00bbhttps:\/\/www.lacasaclaypole.org.ar\/primerafuncion\/pdf\/somos%20iguales%20y%20diferentes%20DOCENTES.pdf\u00bb url_new_window=\u00bbon\u00bb image=\u00bbhttps:\/\/www.lacasaclaypole.org.ar\/primerafuncion\/wp-content\/uploads\/2018\/03\/pdf.png\u00bb icon_placement=\u00bbleft\u00bb background_layout=\u00bbdark\u00bb _builder_version=\u00bb3.0.105&#8243; header_font=\u00bb|||||on|||\u00bb header_font_size=\u00bb16&#8243; body_font=\u00bb|||||on|||\u00bb background_size=\u00bbinitial\u00bb background_position=\u00bbtop_left\u00bb background_repeat=\u00bbrepeat\u00bb text_orientation=\u00bbcenter\u00bb max_width_tablet=\u00bb50px\u00bb custom_margin=\u00bb||0px|\u00bb custom_padding=\u00bb||0px|\u00bb use_border_color=\u00bboff\u00bb][\/et_pb_blurb][et_pb_blurb title=\u00bbFUENTES 1: Publicidades, Solicitadas y Editoriales de Apoyo\u00bb url=\u00bbhttps:\/\/www.lacasaclaypole.org.ar\/primerafuncion\/pdf\/FUENTES%201.pdf\u00bb url_new_window=\u00bbon\u00bb image=\u00bbhttps:\/\/www.lacasaclaypole.org.ar\/primerafuncion\/wp-content\/uploads\/2018\/03\/pdf.png\u00bb icon_placement=\u00bbleft\u00bb background_layout=\u00bbdark\u00bb _builder_version=\u00bb3.0.105&#8243; header_font=\u00bb|||||on|||\u00bb header_font_size=\u00bb16&#8243; body_font=\u00bb|||||on|||\u00bb background_size=\u00bbinitial\u00bb background_position=\u00bbtop_left\u00bb background_repeat=\u00bbrepeat\u00bb text_orientation=\u00bbcenter\u00bb max_width_tablet=\u00bb50px\u00bb custom_margin=\u00bb||0px|\u00bb custom_padding=\u00bb||0px|\u00bb use_border_color=\u00bboff\u00bb][\/et_pb_blurb][et_pb_blurb title=\u00bbFUENTES 2: Tapas de Diarios\u00bb url=\u00bbhttps:\/\/www.lacasaclaypole.org.ar\/primerafuncion\/pdf\/FUENTES%202.pdf\u00bb url_new_window=\u00bbon\u00bb image=\u00bbhttps:\/\/www.lacasaclaypole.org.ar\/primerafuncion\/wp-content\/uploads\/2018\/03\/pdf.png\u00bb icon_placement=\u00bbleft\u00bb background_layout=\u00bbdark\u00bb _builder_version=\u00bb3.0.105&#8243; header_font=\u00bb|||||on|||\u00bb header_font_size=\u00bb16&#8243; body_font=\u00bb|||||on|||\u00bb background_size=\u00bbinitial\u00bb background_position=\u00bbtop_left\u00bb background_repeat=\u00bbrepeat\u00bb text_orientation=\u00bbcenter\u00bb max_width_tablet=\u00bb50px\u00bb custom_margin=\u00bb||0px|\u00bb custom_padding=\u00bb||0px|\u00bb use_border_color=\u00bboff\u00bb][\/et_pb_blurb][et_pb_blurb title=\u00bbCENTRO CULTURAL DE LA MEMORIA: Serie Recursos para el Aula: carta Abierta de un Escritor a la Junta Militar.\u00bb url=\u00bbhttps:\/\/www.lacasaclaypole.org.ar\/primerafuncion\/pdf\/CARTA%20ABIERTA%20DE%20UN%20ESCRITOR%20A%20LA%20JUNTA%20MILITAR.pdf\u00bb url_new_window=\u00bbon\u00bb image=\u00bbhttps:\/\/www.lacasaclaypole.org.ar\/primerafuncion\/wp-content\/uploads\/2018\/03\/pdf.png\u00bb icon_placement=\u00bbleft\u00bb background_layout=\u00bbdark\u00bb _builder_version=\u00bb3.0.105&#8243; header_font=\u00bb|||||on|||\u00bb header_font_size=\u00bb16&#8243; body_font=\u00bb|||||on|||\u00bb background_size=\u00bbinitial\u00bb background_position=\u00bbtop_left\u00bb background_repeat=\u00bbrepeat\u00bb text_orientation=\u00bbcenter\u00bb max_width_tablet=\u00bb50px\u00bb custom_margin=\u00bb||0px|\u00bb custom_padding=\u00bb||0px|\u00bb use_border_color=\u00bboff\u00bb][\/et_pb_blurb][et_pb_blurb title=\u00bbMORANTE GAMARRA, P. (2010). Programa de juegos musicales para desarrollar la creatividad en los ni\u00f1os.\u00bb url=\u00bbhttps:\/\/www.lacasaclaypole.org.ar\/primerafuncion\/pdf\/JUEGOS%20MUSICALES.pdf\u00bb url_new_window=\u00bbon\u00bb image=\u00bbhttps:\/\/www.lacasaclaypole.org.ar\/primerafuncion\/wp-content\/uploads\/2018\/03\/pdf.png\u00bb icon_placement=\u00bbleft\u00bb background_layout=\u00bbdark\u00bb _builder_version=\u00bb3.0.105&#8243; header_font=\u00bb|||||on|||\u00bb header_font_size=\u00bb16&#8243; body_font=\u00bb|||||on|||\u00bb background_size=\u00bbinitial\u00bb background_position=\u00bbtop_left\u00bb background_repeat=\u00bbrepeat\u00bb text_orientation=\u00bbcenter\u00bb max_width_tablet=\u00bb50px\u00bb custom_margin=\u00bb||0px|\u00bb custom_padding=\u00bb||0px|\u00bb use_border_color=\u00bboff\u00bb][\/et_pb_blurb][et_pb_blurb title=\u00bbEL DERECHO DE LOS PUEBLOS ORIGINARIOS EN AM\u00c9RICA\u00bb url=\u00bbhttps:\/\/www.lacasaclaypole.org.ar\/primerafuncion\/pdf\/pdf\/EL%20DERECHO%20DE%20LOS%20PUEBLOS%20ORIGINARIOS%20EN%20AME%CC%81RICA.pdf\u00bb url_new_window=\u00bbon\u00bb image=\u00bbhttps:\/\/www.lacasaclaypole.org.ar\/primerafuncion\/wp-content\/uploads\/2018\/03\/pdf.png\u00bb icon_placement=\u00bbleft\u00bb background_layout=\u00bbdark\u00bb _builder_version=\u00bb3.0.105&#8243; header_font=\u00bb|||||on|||\u00bb header_font_size=\u00bb16&#8243; body_font=\u00bb|||||on|||\u00bb background_size=\u00bbinitial\u00bb background_position=\u00bbtop_left\u00bb background_repeat=\u00bbrepeat\u00bb text_orientation=\u00bbcenter\u00bb max_width_tablet=\u00bb50px\u00bb custom_margin=\u00bb||0px|\u00bb custom_padding=\u00bb||0px|\u00bb use_border_color=\u00bboff\u00bb][\/et_pb_blurb][et_pb_blurb title=\u00bbBORDE VERDE &#8211; Folder y Propuestas\u00bb url=\u00bbhttps:\/\/www.lacasaclaypole.org.ar\/primerafuncion\/pdf\/pdf\/CV%20Borde%20y%20Propuestas%202018.pdf\u00bb url_new_window=\u00bbon\u00bb image=\u00bbhttps:\/\/www.lacasaclaypole.org.ar\/primerafuncion\/wp-content\/uploads\/2018\/03\/pdf.png\u00bb icon_placement=\u00bbleft\u00bb background_layout=\u00bbdark\u00bb _builder_version=\u00bb3.0.105&#8243; header_font=\u00bb|||||on|||\u00bb header_font_size=\u00bb16&#8243; body_font=\u00bb|||||on|||\u00bb background_size=\u00bbinitial\u00bb background_position=\u00bbtop_left\u00bb background_repeat=\u00bbrepeat\u00bb text_orientation=\u00bbcenter\u00bb max_width_tablet=\u00bb50px\u00bb custom_margin=\u00bb||0px|\u00bb custom_padding=\u00bb||0px|\u00bb use_border_color=\u00bboff\u00bb][\/et_pb_blurb][et_pb_blurb title=\u00bbNO ME CHAMUYES. Material para Preventores Educativos.\u00bb url=\u00bbhttps:\/\/www.lacasaclaypole.org.ar\/primerafuncion\/wp-content\/uploads\/2021\/11\/3_no_me_chamuyes.pdf\u00bb url_new_window=\u00bbon\u00bb image=\u00bbhttps:\/\/www.lacasaclaypole.org.ar\/primerafuncion\/wp-content\/uploads\/2018\/03\/pdf.png\u00bb icon_placement=\u00bbleft\u00bb background_layout=\u00bbdark\u00bb _builder_version=\u00bb3.0.105&#8243; header_font=\u00bb|||||on|||\u00bb header_font_size=\u00bb16&#8243; body_font=\u00bb|||||on|||\u00bb background_size=\u00bbinitial\u00bb background_position=\u00bbtop_left\u00bb background_repeat=\u00bbrepeat\u00bb text_orientation=\u00bbcenter\u00bb max_width_tablet=\u00bb50px\u00bb custom_margin=\u00bb||0px|\u00bb custom_padding=\u00bb||0px|\u00bb use_border_color=\u00bboff\u00bb][\/et_pb_blurb][et_pb_blurb title=\u00bbHABLEMOS DE ALCOHOL DE VERDAD\u00bb url=\u00bbhttps:\/\/www.lacasaclaypole.org.ar\/primerafuncion\/wp-content\/uploads\/2021\/11\/02_triptico_a4_jovenes_mitos_sedronar_c.pdf\u00bb url_new_window=\u00bbon\u00bb image=\u00bbhttps:\/\/www.lacasaclaypole.org.ar\/primerafuncion\/wp-content\/uploads\/2018\/03\/pdf.png\u00bb icon_placement=\u00bbleft\u00bb background_layout=\u00bbdark\u00bb _builder_version=\u00bb3.0.105&#8243; header_font=\u00bb|||||on|||\u00bb header_font_size=\u00bb16&#8243; body_font=\u00bb|||||on|||\u00bb background_size=\u00bbinitial\u00bb background_position=\u00bbtop_left\u00bb background_repeat=\u00bbrepeat\u00bb text_orientation=\u00bbcenter\u00bb max_width_tablet=\u00bb50px\u00bb custom_margin=\u00bb||0px|\u00bb custom_padding=\u00bb||0px|\u00bb use_border_color=\u00bboff\u00bb][\/et_pb_blurb][et_pb_blurb title=\u00bbARTE Y PREVENCI\u00d3N. Informe Final del Proyecto el Arte como Herramienta para la Prevenci\u00f3n de COnsumos Problem\u00e1ticos\u00bb url=\u00bbhttps:\/\/www.lacasaclaypole.org.ar\/primerafuncion\/wp-content\/uploads\/2021\/11\/INFORME-GESTIO\u0301N-PROYECTO-SEDRONAR.pdf\u00bb url_new_window=\u00bbon\u00bb image=\u00bbhttps:\/\/www.lacasaclaypole.org.ar\/primerafuncion\/wp-content\/uploads\/2018\/03\/pdf.png\u00bb icon_placement=\u00bbleft\u00bb background_layout=\u00bbdark\u00bb _builder_version=\u00bb3.0.105&#8243; header_font=\u00bb|||||on|||\u00bb header_font_size=\u00bb16&#8243; body_font=\u00bb|||||on|||\u00bb background_size=\u00bbinitial\u00bb background_position=\u00bbtop_left\u00bb background_repeat=\u00bbrepeat\u00bb text_orientation=\u00bbcenter\u00bb max_width_tablet=\u00bb50px\u00bb custom_margin=\u00bb||0px|\u00bb custom_padding=\u00bb||0px|\u00bb use_border_color=\u00bboff\u00bb][\/et_pb_blurb][\/et_pb_column][\/et_pb_row][\/et_pb_section]<\/p>\n","protected":false},"excerpt":{"rendered":"<p>[et_pb_section fb_built=\u00bb1&#8243; background_color=\u00bb#383838&#8243; admin_label=\u00bbsection\u00bb module_class=\u00bbanunciospdf\u00bb custom_padding_last_edited=\u00bbon|desktop\u00bb _builder_version=\u00bb3.0.47&#8243; custom_padding_tablet=\u00bb50px|0|50px|0&#8243; transparent_background=\u00bboff\u00bb padding_mobile=\u00bboff\u00bb][et_pb_row custom_padding=\u00bb0px|0px|37px|0px\u00bb admin_label=\u00bbrow\u00bb _builder_version=\u00bb3.0.47&#8243; background_size=\u00bbinitial\u00bb background_position=\u00bbtop_left\u00bb background_repeat=\u00bbrepeat\u00bb][et_pb_column type=\u00bb4_4&#8243; _builder_version=\u00bb3.0.47&#8243; parallax=\u00bboff\u00bb parallax_method=\u00bbon\u00bb][et_pb_text background_layout=\u00bbdark\u00bb _builder_version=\u00bb3.0.105&#8243; background_size=\u00bbinitial\u00bb background_position=\u00bbtop_left\u00bb background_repeat=\u00bbrepeat\u00bb text_orientation=\u00bbcenter\u00bb module_alignment=\u00bbcenter\u00bb use_border_color=\u00bboff\u00bb] LAS OBRAS [\/et_pb_text][\/et_pb_column][\/et_pb_row][et_pb_row padding_mobile=\u00bboff\u00bb column_padding_mobile=\u00bbon\u00bb parallax_method_1=\u00bboff\u00bb module_class=\u00bbmaterialdescarga\u00bb _builder_version=\u00bb3.0.105&#8243; background_size=\u00bbinitial\u00bb background_position=\u00bbtop_left\u00bb background_repeat=\u00bbrepeat\u00bb][et_pb_column type=\u00bb4_4&#8243; _builder_version=\u00bb3.0.47&#8243; column_padding_mobile=\u00bbon\u00bb parallax=\u00bboff\u00bb parallax_method=\u00bboff\u00bb][et_pb_blurb title=\u00bbBLANCO SOBRE BLANCO de Alejandro Mateo, Alfredo Rosenbaum e Ita Scaramuzza\u00bb [&hellip;]<\/p>\n","protected":false},"author":1,"featured_media":0,"parent":0,"menu_order":0,"comment_status":"closed","ping_status":"closed","template":"","meta":[],"_links":{"self":[{"href":"https:\/\/www.lacasaclaypole.org.ar\/primerafuncion\/wp-json\/wp\/v2\/pages\/985"}],"collection":[{"href":"https:\/\/www.lacasaclaypole.org.ar\/primerafuncion\/wp-json\/wp\/v2\/pages"}],"about":[{"href":"https:\/\/www.lacasaclaypole.org.ar\/primerafuncion\/wp-json\/wp\/v2\/types\/page"}],"author":[{"embeddable":true,"href":"https:\/\/www.lacasaclaypole.org.ar\/primerafuncion\/wp-json\/wp\/v2\/users\/1"}],"replies":[{"embeddable":true,"href":"https:\/\/www.lacasaclaypole.org.ar\/primerafuncion\/wp-json\/wp\/v2\/comments?post=985"}],"version-history":[{"count":30,"href":"https:\/\/www.lacasaclaypole.org.ar\/primerafuncion\/wp-json\/wp\/v2\/pages\/985\/revisions"}],"predecessor-version":[{"id":1503,"href":"https:\/\/www.lacasaclaypole.org.ar\/primerafuncion\/wp-json\/wp\/v2\/pages\/985\/revisions\/1503"}],"wp:attachment":[{"href":"https:\/\/www.lacasaclaypole.org.ar\/primerafuncion\/wp-json\/wp\/v2\/media?parent=985"}],"curies":[{"name":"wp","href":"https:\/\/api.w.org\/{rel}","templated":true}]}}