{"id":916,"date":"2018-03-06T18:52:16","date_gmt":"2018-03-06T18:52:16","guid":{"rendered":"http:\/\/www.hecultura.com\/primerafuncion\/?page_id=916"},"modified":"2021-11-25T17:32:54","modified_gmt":"2021-11-25T17:32:54","slug":"pajaros-mojados","status":"publish","type":"page","link":"https:\/\/www.lacasaclaypole.org.ar\/primerafuncion\/pajaros-mojados\/","title":{"rendered":"LOS P\u00c1JAROS MOJADOS"},"content":{"rendered":"<p>[et_pb_section fb_built=\u00bb1&#8243; background_color=\u00bb#383838&#8243; admin_label=\u00bbsection\u00bb custom_padding_last_edited=\u00bbon|desktop\u00bb _builder_version=\u00bb3.0.47&#8243; custom_padding_tablet=\u00bb50px|0|50px|0&#8243; transparent_background=\u00bboff\u00bb padding_mobile=\u00bboff\u00bb][et_pb_row admin_label=\u00bbrow\u00bb _builder_version=\u00bb3.0.47&#8243; background_size=\u00bbinitial\u00bb background_position=\u00bbtop_left\u00bb background_repeat=\u00bbrepeat\u00bb][et_pb_column type=\u00bb1_3&#8243; _builder_version=\u00bb3.0.47&#8243; parallax=\u00bboff\u00bb parallax_method=\u00bbon\u00bb][\/et_pb_column][et_pb_column type=\u00bb2_3&#8243; _builder_version=\u00bb3.0.47&#8243; parallax=\u00bboff\u00bb parallax_method=\u00bbon\u00bb][et_pb_text background_layout=\u00bbdark\u00bb _builder_version=\u00bb3.0.105&#8243; text_font_size=\u00bb14px\u00bb text_line_height=\u00bb1.5em\u00bb background_size=\u00bbinitial\u00bb background_position=\u00bbtop_left\u00bb background_repeat=\u00bbrepeat\u00bb text_orientation=\u00bbcenter\u00bb module_alignment=\u00bbcenter\u00bb use_border_color=\u00bboff\u00bb]<\/p>\n<p style=\"text-align: right;\">Si yo me hiciera una bandera; la har\u00eda de muchos colores. \u00bfSe imagina? \u00a1Usar\u00eda colores que nadie ve y que sin embargo, est\u00e1n ah\u00ed! \u00bfSe imagina? Colores con alas; colores que huelan de lejos; colores redondos; colores tibios, como un abrazo; largos, como una mirada; \u00a1Colores mudos, como su perro! \u00a1Colores que a nadie le hagan falta!<\/p>\n<p style=\"text-align: right;\"><strong>Los P\u00e1jaros Mojados &#8211; Jos\u00e9 Yovane.<\/strong><\/p>\n<p>[\/et_pb_text][\/et_pb_column][\/et_pb_row][et_pb_row admin_label=\u00bbrow\u00bb _builder_version=\u00bb3.0.47&#8243; background_size=\u00bbinitial\u00bb background_position=\u00bbtop_left\u00bb background_repeat=\u00bbrepeat\u00bb][et_pb_column type=\u00bb1_4&#8243; _builder_version=\u00bb3.0.47&#8243; parallax=\u00bboff\u00bb parallax_method=\u00bbon\u00bb][\/et_pb_column][et_pb_column type=\u00bb1_2&#8243; _builder_version=\u00bb3.0.47&#8243; parallax=\u00bboff\u00bb parallax_method=\u00bbon\u00bb][et_pb_image src=\u00bbhttps:\/\/www.lacasaclaypole.org.ar\/primerafuncion\/wp-content\/uploads\/2020\/10\/FOTO-LOS-PA\u0301JAROS-MOJADOS-baja.jpg\u00bb _builder_version=\u00bb3.0.105&#8243;][\/et_pb_image][\/et_pb_column][et_pb_column type=\u00bb1_4&#8243; _builder_version=\u00bb3.0.47&#8243; parallax=\u00bboff\u00bb parallax_method=\u00bbon\u00bb][\/et_pb_column][\/et_pb_row][et_pb_row _builder_version=\u00bb3.0.47&#8243; background_size=\u00bbinitial\u00bb background_position=\u00bbtop_left\u00bb background_repeat=\u00bbrepeat\u00bb][et_pb_column type=\u00bb4_4&#8243; _builder_version=\u00bb3.0.47&#8243; parallax=\u00bboff\u00bb parallax_method=\u00bbon\u00bb][et_pb_toggle title=\u00bb1. ELEMENTOS B\u00c1SICOS DE ORIENTACI\u00d3N\u00bb admin_label=\u00bb1. ELEMENTOS B\u00c1SICOS DE ORIENTACI\u00d3N\u00bb _builder_version=\u00bb3.0.105&#8243; title_font_size=\u00bb30&#8243; body_line_height=\u00bb1.5em\u00bb background_size=\u00bbinitial\u00bb background_position=\u00bbtop_left\u00bb background_repeat=\u00bbrepeat\u00bb text_orientation=\u00bbjustified\u00bb use_border_color=\u00bboff\u00bb]<strong>T\u00edtulo<\/strong>: LOS P\u00c1JAROS MOJADOS<\/p>\n<p><strong>G\u00e9nero<\/strong>: Drama \/ Realismo M\u00e1gico<\/p>\n<p><strong>Autor<\/strong>: Jos\u00e9 P\u00e1jaro Yovane<\/p>\n<p><strong>Direcci\u00f3n<\/strong>: Rub\u00ed \u00c1vila Figueroa<\/p>\n<p><strong>Compa\u00f1\u00eda<\/strong>: Compa\u00f1\u00eda de Teatro ENTEPOLA (Chile)<\/p>\n<p><strong>Sinopsis<\/strong>:<\/p>\n<p>La obra desarrolla una mirada diferente sobre los ermita\u00f1os y vagabundos sociales, con una dramaturgia inspirada en el rescate de la poes\u00eda del lenguaje popular universal, reflexi\u00f3n existencialista, sentida y consciente sobre el evidente y expl\u00edcito individualismo como resultado de un sistema que anula, \u00bfc\u00f3mo se vive la soledad en las sociedades mundializadas?, Algunes cuando se enfrentan a la soledad, por forma de vida se evade o normaliza; sin embargo a otres, cuando les llega la oportunidad de avanzar hacia adentro, la toman y se dejan llevar por el ritmo interno y colectivo, disfrutando de las cosas sencillas y simples, de vivir el presente, de disfrutar del momento, de entender que la vida es un eterno aprendizaje.<\/p>\n<p><span style=\"font-size: 16px;\">Las im\u00e1genes teatrales refuerzan sue\u00f1os profundamente humanos, a partir de un lenguaje simple, cristalino y natural, que emerge desde la gran carga po\u00e9tica de estos dos personajes para desarrollar conceptos como los recuerdos, la muerte, Dios y la propia existencialidad que brota en textos espont\u00e1neos y di\u00e1fanos.<\/span><\/p>\n<p><strong>Publico Sugerido<\/strong>: Secundaria (\u00faltimos a\u00f1os) \/ Terciario \/ Educaci\u00f3n de Adultos[\/et_pb_toggle][et_pb_toggle title=\u00bb2. MATERIAL SUGERIDO PARA EL TRABAJO PREVIO A LA FUNCI\u00d3N\u00bb admin_label=\u00bb2. MATERIAL SUGERIDO PARA EL TRABAJO PREVIO A LA VISITA\u00bb _builder_version=\u00bb3.0.105&#8243; title_font_size=\u00bb30&#8243; body_line_height=\u00bb1.5em\u00bb background_size=\u00bbinitial\u00bb background_position=\u00bbtop_left\u00bb background_repeat=\u00bbrepeat\u00bb text_orientation=\u00bbjustified\u00bb use_border_color=\u00bboff\u00bb]<\/p>\n<p>Reflexionar en grupo: \u00bfQu\u00e9 es la memoria? \u00bfQu\u00e9 es la memoria hist\u00f3rica? \u00bfC\u00f3mo podemos ejercerla? \u00bfexiste un v\u00ednculo entre memoria y nuestra identidad?<\/p>\n<p>Utilizar elementos audiovisuales, para poder lograr una mayor comprensi\u00f3n de los j\u00f3venes sobre la \u00e9poca y la realidad de ese momento.<\/p>\n<p>Apuntar, indagar cuestionamientos y preocupaciones que puedan surgir desde el involucrarse con esta tem\u00e1tica, para poder luego realizarlas en el momento del debate posterior a la presentaci\u00f3n.<\/p>\n<p>[\/et_pb_toggle][et_pb_toggle title=\u00bb3. ACTIVIDADES SUGERIDAS PARA DESPU\u00c9S DE LA FUNCI\u00d3N\u00bb admin_label=\u00bb3. ACTIVIDADES SUGERIDAS PARA DESPU\u00c9S DE LA VISITA\u00bb _builder_version=\u00bb3.0.105&#8243; title_font_size=\u00bb30&#8243; body_line_height=\u00bb1.5em\u00bb background_size=\u00bbinitial\u00bb background_position=\u00bbtop_left\u00bb background_repeat=\u00bbrepeat\u00bb text_orientation=\u00bbjustified\u00bb use_border_color=\u00bboff\u00bb]<\/p>\n<p><strong>ACTIVIDADES<br \/>3.1 ACTIVIDAD: MEMORIA<\/strong><\/p>\n<p><span style=\"font-size: 16px;\">Analizar el siguiente p\u00e1rrafo del texto de la obra, inclu\u00eddo en el material de apoyo:<\/span><\/p>\n<p><em style=\"font-size: 16px;\">\u201cLa memoria, son sue\u00f1os que se quedaron sin alas. Los recuerdos le hacen sus caminos redondos. \u00a1Ah\u00ed tiene la lagartija, prefiere perder la cola para seguir viviendo!\u201d<\/em><\/p>\n<p><span style=\"font-size: 16px;\">Buscar informaci\u00f3n en el libro \u201c10 Postales por el Derecho a la Identidad\u201d incluido en el material de apoyo, espec\u00edficamente en las postales 5, 7 y 10.<\/span><\/p>\n<p>Analizar y debatir los conceptos de identidad y memoria. \u00bfLa identidad es individual?\u00a0<span style=\"font-size: 16px;\">\u00bfC\u00f3mo se constituye la identidad de una persona? \u00bfQu\u00e9 lugar ocupa la familia? \u00bfQu\u00e9\u00a0<\/span><span style=\"font-size: 16px;\">espacio tiene el resto de la sociedad en la identidad? \u00bfCu\u00e1les fueron las principales\u00a0<\/span><span style=\"font-size: 16px;\">discusiones sobre la restituci\u00f3n y la identidad en la esfera p\u00fablica a lo largo de la historia\u00a0<\/span><span style=\"font-size: 16px;\">de abuelas? \u00bfC\u00f3mo se construye la memoria? \u00bfQu\u00e9 relaci\u00f3n hay entre la memoria\u00a0<\/span><span style=\"font-size: 16px;\">personal y la memoria colectiva?<\/span><\/p>\n<p>Voler a discutir:\u00a0\u00bfQu\u00e9 es la memoria? \u00bfQu\u00e9 es la memoria hist\u00f3rica? \u00bfC\u00f3mo podemos ejercerla? \u00bfexiste un v\u00ednculo entre memoria y nuestra identidad?<\/p>\n<p><strong><\/strong><\/p>\n<p><strong>3.2 ACTIVIDAD: MEDIO AMBIENTE, AGRICULTURA Y OGM<\/strong><\/p>\n<p>Analizar el siguiente p\u00e1rrafo del texto de la obra, inclu\u00eddo en el material de apoyo:<\/p>\n<p><em>\u201cMire, cierre los ojos por un momento. \u00bfListo? Bien&#8230;ahora vemos la tierra reci\u00e9n arada. \u00bfLa ve? \u00bfVe \u00e9sas mujeres sembrando?\u00a1V\u00e9alas a todas!\u00bfVe el sol? Un lindo sol&#8230;Agua \u00bfve el agua? Es una lluvia suave&#8230;hay campesinos, p\u00e1jaros&#8230;los \u00e1rboles crecen&#8230; \u00a1La primavera! \u00a1Siga, no abra los ojos! Todo es verde, muchos verdes \u00bflos ve? &#8230;ahora las frutas&#8230;bailan con el viento&#8230;la mano de un ni\u00f1o o de una mujer&#8230;toma la pera&#8230;la mete en un canasto&#8230;un cami\u00f3n&#8230;el mercado&#8230;mucha gente&#8230;otro cami\u00f3n, la pera va ah\u00ed, entre muchas otras. Carreteras, caminos&#8230; \u00a1usted con su perro mudo lo ven pasar&#8230;! \u00a1Pum, abra los ojos! \u00a1Aqu\u00ed est\u00e1 la pera \u00bfY usted me pregunta por Dios? Se da cuenta que esta pera viene de un \u00e1rbol, y que esta pera tiene semillas, semillas que pueden ser \u00e1rbol, \u00e1rbol que tenga peras que tengan semillas&#8230;etc, etc. Una semilla, una semillita, sin embargo, tiene toda la informaci\u00f3n para ser un \u00e1rbol. Entonces Dios, deber\u00eda estar ah\u00ed, en ese espacio, en \u00e9sa distancia, entre el \u00e1rbol y la semilla; si existe ese espacio\u201d.<\/em><\/p>\n<p>Investigar:<\/p>\n<p>&#8211; \u00bfQu\u00e9 son los OGM (organismos gen\u00e9ticamente modificados)?<\/p>\n<p>&#8211; \u00bfSus semillas pueden volver a utilizarse?<\/p>\n<p>&#8211; \u00bfQu\u00e9 intereses econ\u00f3micos existen para el uso de los OGM?<\/p>\n<p>&#8211; \u00bfTe parece que es beneficioso para la producci\u00f3n agr\u00edcola? \u00bfA qui\u00e9n beneficia?<\/p>\n<p><strong><\/strong><\/p>\n<p><strong><\/strong><\/p>\n<p><strong>3.3 ACTIVIDAD: EL MUNDO DEL TRABAJO<\/strong><\/p>\n<p>Analizar el siguiente p\u00e1rrafo del texto de la obra, inclu\u00eddo en el material de apoyo:<\/p>\n<p><em>\u201cSi usted no viviera entre p\u00e1jaros, hormigas, gaviotas y mariposas, yo creo que ser\u00eda mudo. Pero habla bonito&#8230;habla como un libro de cuentos&#8230; Debe ser por la soledad. All\u00e1 por mi Pueblo se dec\u00eda: \u201cLa soledad es mala consejera\u201d &#8230;la soledad es mala consejera&#8230; \u00a1Como si en el Pueblo se pod\u00eda ser de otra manera! \u00c9ramos m\u00e1s solos que perro en bote. Todo lo hac\u00edamos de a s\u00f3lo. (Nost\u00e1lgico) Mi padre, que fue minero, agarraba la pampa por meses enteros. Volv\u00eda; hac\u00eda un hijo y part\u00eda de nuevo. Yo creo que lo conoc\u00ed s\u00f3lo de espaldas; para m\u00ed, su cara era como un Capacho \u00bfconoce? &#8230;es como una mochila de cuero seco. As\u00ed era la cara de mi padre, como una mochila de cuero seco. \u00a1Era un pueblo de puras viejas, viejas solas y cabros chicos; solos tambi\u00e9n! Llegaba un hermano nuevo, te quitaba la teta y de ah\u00ed para adelante, ten\u00edas que empezar a arregl\u00e1rtelas solito\u201d.<\/em><\/p>\n<p>&nbsp;<\/p>\n<p><strong>3.3.1 EL MUNDO DEL TRABAJO<\/strong><\/p>\n<p>Analizar y discutir los textos de la Constituci\u00f3n Nacional referentes a derechos y garant\u00edas de los trabajadores y trabajadoras:<\/p>\n<p><em><strong>Art. 14<\/strong>.- Todos los habitantes de la Naci\u00f3n gozan de los siguientes derechos conforme a las leyes que reglamenten su ejercicio; a saber: de trabajar y ejercer toda industria l\u00edcita; de navegar y comerciar; de peticionar a las autoridades; de entrar, permanecer, transitar y salir del territorio argentino; de publicar sus ideas por la prensa sin censura previa; de usar y disponer de su propiedad; de asociarse con fines \u00fatiles; de profesar libremente su culto; de ense\u00f1ar y aprender.<\/em><\/p>\n<p><em><strong>Art. 14 bis<\/strong>.- El trabajo en sus diversas formas gozar\u00e1 de la protecci\u00f3n de las leyes, las que asegurar\u00e1n al trabajador: condiciones dignas y equitativas de labor; jornada limitada; descanso y vacaciones pagados; retribuci\u00f3n justa; salario m\u00ednimo vital m\u00f3vil; igual remuneraci\u00f3n por igual tarea; participaci\u00f3n en las ganancias de las empresas, con control de la producci\u00f3n y colaboraci\u00f3n en la direcci\u00f3n; protecci\u00f3n contra el despido arbitrario; estabilidad del empleado p\u00fablico; organizaci\u00f3n sindical libre y democr\u00e1tica, reconocida por la simple inscripci\u00f3n en un registro especial.<\/em><\/p>\n<p><em>Queda garantizado a los gremios: concertar convenios colectivos de trabajo; recurrir a la conciliaci\u00f3n y al arbitraje; el derecho de huelga. Los representantes gremiales gozar\u00e1n de las garant\u00edas necesarias para el cumplimiento de su gesti\u00f3n sindical y las relacionadas con la estabilidad de su empleo.<\/em><br \/> <em> El Estado otorgar\u00e1 los beneficios de la seguridad social, que tendr\u00e1 car\u00e1cter de integral e irrenunciable. En especial, la ley establecer\u00e1: el seguro social obligatorio, que estar\u00e1 a cargo de entidades nacionales o provinciales con autonom\u00eda financiera y econ\u00f3mica, administradas por los interesados con participaci\u00f3n del Estado, sin que pueda existir superposici\u00f3n de aportes; jubilaciones y pensiones m\u00f3viles; la protecci\u00f3n integral de la familia; la defensa del bien de familia; la compensaci\u00f3n econ\u00f3mica familiar y el acceso a una vivienda digna.<\/em><\/p>\n<p><em><strong>Art. 15<\/strong>.- En la Naci\u00f3n Argentina no hay esclavos: los pocos que hoy existen quedan libres desde la jura de esta Constituci\u00f3n; y una ley especial reglar\u00e1 las indemnizaciones a que d\u00e9 lugar esta declaraci\u00f3n. Todo contrato de compra y venta de personas es un crimen de que ser\u00e1n responsables los que lo celebrasen, y el escribano o funcionario que lo autorice. Y los esclavos que de cualquier modo se introduzcan quedan libres por el solo hecho de pisar el territorio de la Rep\u00fablica.<\/em><\/p>\n<p><strong>\u00a0<\/strong><\/p>\n<p><strong>3.3.2 EL TRABAJO ESCLAVO<\/strong><\/p>\n<ul>\n<li>Reflexionar y debatir en clase el art\u00edculo 15 de la constituci\u00f3n nacional a la luz de los textos de los siguientes notas del diario p\u00e1gina12.<\/li>\n<li>\u00bfExiste hoy esclavitud?<\/li>\n<\/ul>\n<p><em><strong>Los responsables de las tres empresas de indumentaria deber\u00e1n dar explicaciones por tercerizar su producci\u00f3n en un taller donde trabajaban personas extranjeras sin documentos y en p\u00e9simas condiciones. Uno de los imputados es Daniel Awada, cu\u00f1ado de Macri.<\/strong><\/em><\/p>\n<p><em>\u201cNo pod\u00edamos salir del lugar; Marcos nos lo ten\u00eda prohibido. S\u00f3lo pod\u00edan salir, en muy pocas ocasiones, las personas que ten\u00edamos documentos de identidad y los que no, ten\u00edan prohibido salir.\u201d Como esclavos. As\u00ed viv\u00edan los empleados de un taller textil de la ciudad de Buenos Aires donde se fabricaban prendas de las marcas de primera l\u00ednea Kosiuko, Cheeky y Portsaid, seg\u00fan declar\u00f3 en la Justicia una de las mujeres explotadas laboralmente en el lugar y corrobor\u00f3 la investigaci\u00f3n del fiscal que act\u00faa en el caso. Los directivos de las tres firmas fueron citados a declaraci\u00f3n indagatoria y deber\u00e1n presentarse en tribunales pr\u00f3ximamente. Uno de los imputados es Daniel Awada, cu\u00f1ado de Mauricio Macri y presidente de Cheeky. Est\u00e1n acusados de contratar al taller clandestino y colaborar as\u00ed con la reducci\u00f3n a la servidumbre, entre 2007 y 2011, de al menos quince bolivianos \u2013cuya condici\u00f3n migratoria era irregular\u2013, que \u201ctrabajaban a destajo en jornada de todo el d\u00eda por un salario paup\u00e9rrimo, moraban con sus hijos menores, com\u00edan y dorm\u00edan en un contexto de suma precariedad, insalubridad, hacinamiento y encierro controlado\u201d y a la vez eran sometidos, mediante gritos y maltratos, a \u201ccondiciones laborales infrahumanas\u201d.<\/em><\/p>\n<p><em>Hasta ahora la Justicia no avanzaba en la cadena de explotaci\u00f3n hacia los due\u00f1os de las marcas que contratan trabajo en talleres clandestinos y centraba su lupa en los encargados directos de la explotaci\u00f3n. Varios fiscales ven\u00edan haciendo pedidos para sentar en el banquillo de los acusados a los directivos de grandes firmas de ropa, pero los jueces rechazaban los planteos. Reci\u00e9n en diciembre, el titular del Juzgado Nacional en lo Criminal y Correccional Federal N\u00ba 4, Ariel Lijo, confirm\u00f3 la citaci\u00f3n de nueve directivos y socios de empresas que comercializan distintas marcas, entre ellas Narrow, de jeans y ropa juvenil.<\/em><\/p>\n<p><em>En la causa que involucra al hermano de Juliana Awada, esposa del jefe de Gobierno porte\u00f1o, el pedido de indagatoria fue solicitado por el titular de la Fiscal\u00eda de Instrucci\u00f3n N\u00ba 14, Andr\u00e9s Madrea. La medida hab\u00eda sido denegada por la jueza Alicia Iermini, cuando subrogaba el Juzgado 48. El fiscal apel\u00f3, la C\u00e1mara del Crimen hizo lugar a su pedido y en diciembre la jueza Mar\u00eda Fontbona de Pombo los convoc\u00f3 a declarar, lo que se har\u00eda a mediados de marzo.<\/em><\/p>\n<p><em>La medida alcanza a An\u00edbal Marcelo Terra e Ingrid Georgina Kern Dornfeld, presidente y vicepresidente de Kowsef SA \u2013cuyo nombre de fantas\u00eda es Kosiuko\u2013; Daniel Awada y Patricia Norma Fraccione, presidente y vicepresidenta de Cheek SA \u2013cuyas marcas son Como Quieres que te Quiera y Cheeky SA o Cheeky Child SRL\u2013, y Sergio Jaime Said y Victoria Papu de Said, presidente y vicepresidenta de la sociedad denominada Mazalosa SA, conocida por el p\u00fablico con el nombre de Portsaid.<\/em><\/p>\n<p><em>De acuerdo con la investigaci\u00f3n judicial, las firmas de indumentaria \u201caportaban los moldes de las prendas, los cortes de las telas y los g\u00e9neros mismos, adem\u00e1s de botones, cintas y etiquetas con la marca, log\u00edstica que consist\u00eda tambi\u00e9n en el traslado de los materiales al taller y luego su retiro una vez realizados con destino a las sociedades en cuesti\u00f3n \u2013todo ello en manos de los fleteros Boris y de Enrique Markus, quienes fueron sobrese\u00eddos en la misma causa por entender el juez federal entonces interviniente que eran s\u00f3lo transportistas tercerizados de la mercader\u00eda\u2013\u201d. Para el fiscal, no hay dudas de que los directivos de las marcas ten\u00edan conocimiento \u201cde la irregular situaci\u00f3n laboral, migratoria y habitacional en las que se encontraban los empleados\u201d del taller de costura, donde fabricaban las prendas y que estaba a nombre de Rocy Mari L\u00f3pez Cisneros y de su pareja, Marco Antonio C\u00e1ceres Flores. Funcionaba en la calle Pola 1995\/1997, en el barrio porte\u00f1o de Mataderos. Ese domicilio, a su vez, posee una conexi\u00f3n interna con otro domicilio, de la calle Garz\u00f3n 5611.<\/em><\/p>\n<p><em>En el pedido de indagatoria, Medrea sostuvo que \u201cel producido por el taller, luego de su terminaci\u00f3n y de la verificaci\u00f3n de la calidad de las prendas, era comercializado en los locales de tales marcas\u201d. Entre otras pruebas, agreg\u00f3 facturas, remitos, notas de cr\u00e9dito secuestradas durante un allanamiento, \u201cdemostrativos de la asiduidad en el intercambio comercial\u201d. Un allanamiento fue realizado el 3 de octubre de 2011 por personal del Departamento de Asuntos Extranjeros de la Polic\u00eda Federal Argentina, que constat\u00f3 la presencia de quince empleados, siete de ellos en condiciones migratorias irregulares. Adem\u00e1s, mientras se llevaba a cabo el operativo, se presentaron L\u00f3pez Cisneros junto a C\u00e1ceres Flores, quienes se identificaron como los due\u00f1os del negocio, y quedaron detenidos.<\/em><\/p>\n<p><em>En otro procedimiento efectuado en la calle Rondeau 2583\/5, piso 1\u00ba, de la localidad de San Mart\u00edn \u2013provincia de Buenos Aires\u2013, fueron secuestrados documentos de la firma Cheeky \u2013notas de d\u00e9bito, facturas A y \u00f3rdenes de pago con membrete Cheeky Baby &amp; Kinds\u2013, adem\u00e1s de prendas de vestir de la firma mencionada, de Portsaid y de Como Quieres que te Quiera, y cartones con el logotipo de Kosiuko y etiquetas de Cheeky y Kosiuko.<\/em><\/p>\n<p><em>La causa se inici\u00f3 a partir de dos denuncias de funcionarios del Gobierno de la Ciudad. El propio Ejecutivo porte\u00f1o inform\u00f3 en la causa judicial que el taller en cuesti\u00f3n, donde se presume fabricaba prendas la firma de la familia de la esposa de Macri, no registraba constancias de habilitaci\u00f3n.<\/em><\/p>\n<p><em>Una empleada que declar\u00f3 en la causa cont\u00f3 que el sueldo se pagaba por prenda confeccionada y que muchos de los trabajadores eran indocumentados y tambi\u00e9n hab\u00eda menores de edad. \u201cNo pod\u00edamos salir del lugar; Marcos nos lo ten\u00eda prohibido. S\u00f3lo pod\u00edan salir, en muy pocas ocasiones, las personas que ten\u00edamos documentos de identidad y los que no, ten\u00edan prohibido salir\u201d, describi\u00f3. Marcos C\u00e1ceres Flores era uno de los due\u00f1os del taller. \u201cAdem\u00e1s, nos dec\u00edan que tuvi\u00e9semos cuidado con la polic\u00eda. Ten\u00edamos que dar un motivo fundado para poder salir, no pod\u00edamos hacerlo libremente\u201d, agreg\u00f3. Tambi\u00e9n dijo que trabajaba \u201cen negro\u201d y que aunque ten\u00eda una hernia, nunca le dieron d\u00edas de reposo ni redujeron su trabajo: \u201cNo me dieron ni un centavo, m\u00e1s a\u00fan cuando no ten\u00eda ning\u00fan beneficio social\u201d, detall\u00f3. Otra de las personas explotadas dijo que \u201cMarcos\u201d (C\u00e1ceres) construy\u00f3 varias habitaciones, en las cuales alojaba a sus empleados. Al momento de cobrar sus respectivos sueldos \u201creciben descuentos en concepto de alquiler\u201d por dormir ah\u00ed. Es decir, los obligaban al encierro y les cobraban el alquiler.<\/em><\/p>\n<p><strong>\u00a0 \u00a0 \u00a0 \u00a0 \u00a0 \u00a0 \u00a0 \u00a0 \u00a0 \u00a0 \u00a0 \u00a0 \u00a0 \u00a0 \u00a0 \u00a0 \u00a0 \u00a0 \u00a0 \u00a0 \u00a0 \u00a0 \u00a0 \u00a0 \u00a0 \u00a0 \u00a0 \u00a0 \u00a0 \u00a0 \u00a0 \u00a0 \u00a0 \u00a0 \u00a0 \u00a0 \u00a0 \u00a0 \u00a0 \u00a0 \u00a0 \u00a0 \u00a0 \u00a0 \u00a0 \u00a0 \u00a0 \u00a0 \u00a0 \u00a0 \u00a0 \u00a0 \u00a0 \u00a0 \u00a0 \u00a0 \u00a0 \u00a0 \u00a0 \u00a0 \u00a0 \u00a0 \u00a0 \u00a0 \u00a0 \u00a0 \u00a0 \u00a0 \u00a0 \u00a0 \u00a0 \u00a0 \u00a0 \u00a0 \u00a0 \u00a0 \u00a0 \u00a0<\/strong>FUENTE: P\u00e1gina12, viernes 28 de febrero de 2014.<\/p>\n<p><em><strong>Los operativos del Renatea se hicieron por denuncias de trabajadores. Uno de ellos, Ram\u00f3n Pi\u00f1eiro, indic\u00f3 que dej\u00f3 de trabajar en el campo del ex gobernador de Misiones \u201cpor las condiciones en que nos ten\u00edan\u201d.<\/strong><\/em><\/p>\n<p><em>El ex gobernador de Misiones Ram\u00f3n Puerta ser\u00e1 demandado penalmente por el delito de trata de persona (trata laboral) luego de que el Renatea encontrara a 32 peones rurales en condiciones infrahumanas en uno de sus campos, la Estancia I Pora, ubicada en el Departamento Garupa, Misiones. Otros 24 peones que trabajan en el mismo establecimiento, pero no viv\u00edan ah\u00ed, tampoco estaban registrados. Puerta utiliz\u00f3 la figura de los contratistas para conseguir peones rurales, pero seg\u00fan la nueva ley de trabajo agrario, el principal responsable por la situaci\u00f3n de los trabajadores es el due\u00f1o de la estancia. Esta normativa fue sancionada en diciembre de 2011 cuando Puerta todav\u00eda era diputado nacional, aunque estuvo ausente a la hora de votar. El escenario encontrado por los inspectores del Renatea y otras autoridades de la provincia era desolador: carpas que se ven\u00edan abajo, colchones llenos de bichos, comida en mal estado y sin agua potable para beber. La denuncia fue realizada por uno de los trabajadores explotados, Ram\u00f3n Pi\u00f1eiro, quien tambi\u00e9n acus\u00f3 al gremio de la Uatre por la desprotecci\u00f3n.<\/em><\/p>\n<p><em>Adem\u00e1s de su carrera pol\u00edtica, Ram\u00f3n Puerta es un importante empresario yerbatero. Seg\u00fan los registros oficiales a los que accedi\u00f3 P\u00e1gina\/12, posee al menos cuatro estancias: Yohasa (1480 hect\u00e1reas) y Yerbal el 17 (110 hect\u00e1reas), ubicadas en Corrientes, y Chacra Cruce Pinal (46 hect\u00e1reas) y Estancia I Pora (1004 hect\u00e1reas), en Misiones.<\/em><\/p>\n<p><em>La Ley 26.727 modific\u00f3 los mecanismos de contrataci\u00f3n para los peones rurales, otorg\u00e1ndoles mayores derechos a los trabajadores y m\u00e1s obligaciones a los empresarios. El argumento para estos cambios fue que eran mecanismos de contrataci\u00f3n que terminaban avalando situaciones de extrema precariedad, rozando lo inhumano. Sin embargo, los empresarios contin\u00faan recurriendo a estas pr\u00e1cticas ante el desconocimiento de los propios peones. Pero en esta oportunidad, Puerta fue denunciado por uno de los trabajadores explotados, Ram\u00f3n Pi\u00f1eiro, quien habl\u00f3 con P\u00e1gina\/12.<\/em><\/p>\n<p><em>\u201cEstuve tarefeando una semana en el campo de Puerta pero me fui por las condiciones en las que est\u00e1bamos. Te llevaban al yerbal y te tiraban ah\u00ed, en carpas, sin agua. Era imposible trabajar, era muy poco lo que te pagaban, hab\u00eda menores que trabajaban como cualquier obrero. Algunos creen que termin\u00f3 la esclavitud, pero no es as\u00ed\u201d, denunci\u00f3 Pi\u00f1eiro.<\/em><\/p>\n<p><em>La inspecci\u00f3n en el campo I Pora arroj\u00f3 que en el lugar hab\u00eda tres cuadrillas con trabajadores precarizados y bajo condiciones de vida paup\u00e9rrimas. Una de esas era manejada por H\u00e9ctor Luis D\u00edaz, donde fueron hallados 19 trabajadores, de los cuales 17 no estaban registrados. El acta labrada luego de la inspecci\u00f3n no dej\u00f3 lugar a dudas de la situaci\u00f3n de los peones: viv\u00edan en carpas de lonas negras, sin agua, sin sanitarios, ni elementos de seguridad correspondientes a su labor. Hab\u00eda m\u00e1s de 20 carpas, por lo que las autoridades asumen que habr\u00eda m\u00e1s trabajadores en esa situaci\u00f3n que prefirieron ocultarse tras el operativo. Uno de los trabajadores era un menor de 14 a\u00f1os.<\/em><\/p>\n<p><em>\u201cNos ten\u00edamos que llevar nuestra propia comida, ten\u00edamos carne en mal estado y algunos compa\u00f1eros est\u00e1n infectados por picaduras de bichos. Muchas veces trabaj\u00e9 en ese establecimiento y no ha cambiado nada. Muchos s\u00ed cambiaron, pero el de Puerta sigue igual\u201d, afirm\u00f3 Pi\u00f1eiro.<\/em><\/p>\n<p><em>La segunda cuadrilla estaba manejada por Domingo Castillo. En este caso se encontraron 15 peones en una situaci\u00f3n paup\u00e9rrima. Luego de la fiscalizaci\u00f3n, los trabajadores solicitaron ser rescatados de ese lugar. Hab\u00edan sido llevados con la promesa de salir los fines de semana, condici\u00f3n que no se cumpli\u00f3. Y la tercera cuadrilla, manejada por Ra\u00fal Rivas, contaba con 27 peones precarizados.<\/em><\/p>\n<p><em>Puerta est\u00e1 de viaje por Sud\u00e1frica y no atendi\u00f3 el llamado de P\u00e1gina\/12, aunque s\u00ed realiz\u00f3 declaraciones al sitio Misiones on line, donde asever\u00f3 que no tiene trabajadores informales en la Estancia I Pora. Con esas palabras, Puerta busc\u00f3 desligarse de cualquier responsabilidad sobre los trabajadores precarizados. Seg\u00fan la Ley 26.727, en su art\u00edculo 12 se establecen las pautas para las subcontrataciones.<\/em><\/p>\n<p><em>\u201cQuienes contraten o subcontraten con terceros la realizaci\u00f3n de trabajos o servicios propios de actividades agrarias, o cedan, total o parcialmente, a terceros el establecimiento o explotaci\u00f3n que se encontrare a su nombre, para la realizaci\u00f3n de dichas actividades, deber\u00e1n exigir de aqu\u00e9llos el adecuado cumplimiento de las normas relativas al trabajo y de las obligaciones derivadas de los sistemas de la seguridad social, siendo en todos los casos solidariamente responsables de las obligaciones emergentes de la relaci\u00f3n laboral y de su extinci\u00f3n, cualquiera sea el acto o estipulaci\u00f3n que al efecto hayan concertado\u201d, puede leerse en la normativa.<\/em><\/p>\n<p><em>\u201cCuando se contraten o subcontraten, cualquiera sea el acto que le d\u00e9 origen, obras, trabajo o servicios correspondientes a la actividad normal y espec\u00edfica propia del establecimiento, se considerar\u00e1 en todos los casos que la relaci\u00f3n de trabajo del personal afectado a tal contrataci\u00f3n o subcontrataci\u00f3n est\u00e1 constituida con el principal\u201d, agrega la misma normativa. En el momento de su sanci\u00f3n, Puerta era diputado, pero estuvo ausente a la hora de votar.<\/em><\/p>\n<p><em>Como la responsabilidad recae sobre el due\u00f1o del campo, la denuncia penal por trata laboral y trabajo infantil ser\u00e1 formalizada hoy contra Ram\u00f3n Puerta, actual aliado pol\u00edtico de Sergio Massa.<\/em><\/p>\n<p><em>\u201cNos pagaban menos de lo que nos hab\u00edan prometido. Encima, nos hac\u00edan el descuento del sindicato (Uatre), del 2 por ciento. El sindicato (conducido por Ger\u00f3nimo \u2018Momo\u2019 Venegas) nunca hizo nada por los tareferos. Nosotros queremos que los empresarios capitalistas como Puerta hagan valer el derecho de los trabajadores\u201d, concluy\u00f3 Pi\u00f1eiro.<\/em><\/p>\n<p>FUENTE: P\u00e1gina12, lunes 3 de febrero de 2014.<\/p>\n<p>De los art\u00edculos arriba extractados \u00bfte parece que existe alguna vinculaci\u00f3n entre trabajo esclavo y pol\u00edtica? \u00bfPor qu\u00e9 piensas que esto ocurre? \u00bfCu\u00e1l es el papel que jug\u00f3 el sindicato de los peones rurales (UATRE) y cu\u00e1l es el que deber\u00eda jugar?<\/p>\n<p><strong><\/strong><\/p>\n<p><strong>3.3.3 EL TRABAJO INFANTIL<\/strong><\/p>\n<ul>\n<li style=\"text-align: left;\">Despu\u00e9s de asistir el film documental de Eugenio Polgosvsky \u201cLOS HEREDEROS\u201d (en la videoteca) abrir un debate en clase \u00bfQu\u00e9 situaciones te impactaron m\u00e1s? \u00bfEs justo que esto suceda? \u00bfPor qu\u00e9 crees que esto aun sucede?<\/li>\n<li>Reflexiona sobre las siguientes tiras de Mafalda.<\/li>\n<\/ul>\n<p><img loading=\"lazy\" class=\"size-medium wp-image-1343 aligncenter\" src=\"..\/wp-content\/uploads\/2020\/10\/MAFALDA-300x90.png\" alt=\"\" width=\"404\" height=\"121\" srcset=\"https:\/\/www.lacasaclaypole.org.ar\/primerafuncion\/wp-content\/uploads\/2020\/10\/MAFALDA-300x90.png 300w, https:\/\/www.lacasaclaypole.org.ar\/primerafuncion\/wp-content\/uploads\/2020\/10\/MAFALDA.png 653w\" sizes=\"(max-width: 404px) 100vw, 404px\" \/><\/p>\n<p><img loading=\"lazy\" class=\"size-medium wp-image-1342 aligncenter\" src=\"..\/wp-content\/uploads\/2020\/10\/MAFALDA-2-300x86.png\" alt=\"\" width=\"415\" height=\"119\" srcset=\"https:\/\/www.lacasaclaypole.org.ar\/primerafuncion\/wp-content\/uploads\/2020\/10\/MAFALDA-2-300x86.png 300w, https:\/\/www.lacasaclaypole.org.ar\/primerafuncion\/wp-content\/uploads\/2020\/10\/MAFALDA-2.png 638w\" sizes=\"(max-width: 415px) 100vw, 415px\" \/><\/p>\n<p>[\/et_pb_toggle][et_pb_toggle title=\u00bb4. MATERIAL DE APOYO PARA ALUMNOS Y DOCENTES\u00bb admin_label=\u00bb4. MATERIAL DE APOYO PARA ALUMNOS, DOCENTES Y VECINOS \u00bb _builder_version=\u00bb3.0.105&#8243; title_font_size=\u00bb30&#8243; body_line_height=\u00bb1.5em\u00bb text_orientation=\u00bbjustified\u00bb use_border_color=\u00bboff\u00bb]<\/p>\n<p><strong>El texto de la obra<\/strong><\/p>\n<p>LOS P\u00c1JAROS MOJADOS de Jos\u00e9 P\u00e1jaro Yovane<\/p>\n<p><strong>En la Videoteca<\/strong><\/p>\n<p>LOS HEREDEROS. Film Documental<\/p>\n<p>DICTADURAS LATINOAMERICANAS: CHILE. Canal Encuentro.<\/p>\n<p>[\/et_pb_toggle][\/et_pb_column][\/et_pb_row][\/et_pb_section]<\/p>\n","protected":false},"excerpt":{"rendered":"<p>[et_pb_section fb_built=\u00bb1&#8243; background_color=\u00bb#383838&#8243; admin_label=\u00bbsection\u00bb custom_padding_last_edited=\u00bbon|desktop\u00bb _builder_version=\u00bb3.0.47&#8243; custom_padding_tablet=\u00bb50px|0|50px|0&#8243; transparent_background=\u00bboff\u00bb padding_mobile=\u00bboff\u00bb][et_pb_row admin_label=\u00bbrow\u00bb _builder_version=\u00bb3.0.47&#8243; background_size=\u00bbinitial\u00bb background_position=\u00bbtop_left\u00bb background_repeat=\u00bbrepeat\u00bb][et_pb_column type=\u00bb1_3&#8243; _builder_version=\u00bb3.0.47&#8243; parallax=\u00bboff\u00bb parallax_method=\u00bbon\u00bb][\/et_pb_column][et_pb_column type=\u00bb2_3&#8243; _builder_version=\u00bb3.0.47&#8243; parallax=\u00bboff\u00bb parallax_method=\u00bbon\u00bb][et_pb_text background_layout=\u00bbdark\u00bb _builder_version=\u00bb3.0.105&#8243; text_font_size=\u00bb14px\u00bb text_line_height=\u00bb1.5em\u00bb background_size=\u00bbinitial\u00bb background_position=\u00bbtop_left\u00bb background_repeat=\u00bbrepeat\u00bb text_orientation=\u00bbcenter\u00bb module_alignment=\u00bbcenter\u00bb use_border_color=\u00bboff\u00bb] Si yo me hiciera una bandera; la har\u00eda de muchos colores. \u00bfSe imagina? \u00a1Usar\u00eda colores que nadie ve y que sin embargo, est\u00e1n [&hellip;]<\/p>\n","protected":false},"author":1,"featured_media":0,"parent":0,"menu_order":0,"comment_status":"closed","ping_status":"closed","template":"","meta":[],"_links":{"self":[{"href":"https:\/\/www.lacasaclaypole.org.ar\/primerafuncion\/wp-json\/wp\/v2\/pages\/916"}],"collection":[{"href":"https:\/\/www.lacasaclaypole.org.ar\/primerafuncion\/wp-json\/wp\/v2\/pages"}],"about":[{"href":"https:\/\/www.lacasaclaypole.org.ar\/primerafuncion\/wp-json\/wp\/v2\/types\/page"}],"author":[{"embeddable":true,"href":"https:\/\/www.lacasaclaypole.org.ar\/primerafuncion\/wp-json\/wp\/v2\/users\/1"}],"replies":[{"embeddable":true,"href":"https:\/\/www.lacasaclaypole.org.ar\/primerafuncion\/wp-json\/wp\/v2\/comments?post=916"}],"version-history":[{"count":17,"href":"https:\/\/www.lacasaclaypole.org.ar\/primerafuncion\/wp-json\/wp\/v2\/pages\/916\/revisions"}],"predecessor-version":[{"id":1488,"href":"https:\/\/www.lacasaclaypole.org.ar\/primerafuncion\/wp-json\/wp\/v2\/pages\/916\/revisions\/1488"}],"wp:attachment":[{"href":"https:\/\/www.lacasaclaypole.org.ar\/primerafuncion\/wp-json\/wp\/v2\/media?parent=916"}],"curies":[{"name":"wp","href":"https:\/\/api.w.org\/{rel}","templated":true}]}}