{"id":907,"date":"2018-03-06T18:40:06","date_gmt":"2018-03-06T18:40:06","guid":{"rendered":"http:\/\/www.hecultura.com\/primerafuncion\/?page_id=907"},"modified":"2018-03-18T23:48:12","modified_gmt":"2018-03-18T23:48:12","slug":"mi-hermano-es-un-vampiro","status":"publish","type":"page","link":"https:\/\/www.lacasaclaypole.org.ar\/primerafuncion\/mi-hermano-es-un-vampiro\/","title":{"rendered":"MI HERMANO ES UN VAMPIRO"},"content":{"rendered":"<p>[et_pb_section bb_built=\u00bb1&#8243; admin_label=\u00bbsection\u00bb transparent_background=\u00bboff\u00bb background_color=\u00bb#383838&#8243; allow_player_pause=\u00bboff\u00bb inner_shadow=\u00bboff\u00bb parallax=\u00bboff\u00bb parallax_method=\u00bboff\u00bb padding_mobile=\u00bboff\u00bb make_fullwidth=\u00bboff\u00bb use_custom_width=\u00bboff\u00bb width_unit=\u00bbon\u00bb make_equal=\u00bboff\u00bb use_custom_gutter=\u00bboff\u00bb custom_padding_tablet=\u00bb50px|0|50px|0&#8243; custom_padding_last_edited=\u00bbon|desktop\u00bb][et_pb_row admin_label=\u00bbrow\u00bb background_position=\u00bbtop_left\u00bb background_repeat=\u00bbrepeat\u00bb background_size=\u00bbinitial\u00bb][et_pb_column type=\u00bb1_3&#8243;][\/et_pb_column][et_pb_column type=\u00bb2_3&#8243;][et_pb_text background_layout=\u00bbdark\u00bb text_orientation=\u00bbright\u00bb use_border_color=\u00bboff\u00bb background_position=\u00bbtop_left\u00bb background_repeat=\u00bbrepeat\u00bb background_size=\u00bbinitial\u00bb module_alignment=\u00bbcenter\u00bb _builder_version=\u00bb3.0.105&#8243; text_font_size=\u00bb14px\u00bb text_line_height=\u00bb1.5em\u00bb]<\/p>\n<p style=\"text-align: right;\">De lo que tengo miedo es de tu miedo.<br \/>\n<strong>William Shakespeare<\/strong><\/p>\n<p>[\/et_pb_text][\/et_pb_column][\/et_pb_row][et_pb_row admin_label=\u00bbrow\u00bb background_position=\u00bbtop_left\u00bb background_repeat=\u00bbrepeat\u00bb background_size=\u00bbinitial\u00bb][et_pb_column type=\u00bb1_4&#8243;][\/et_pb_column][et_pb_column type=\u00bb1_2&#8243;][et_pb_video _builder_version=\u00bb3.0.105&#8243; src=\u00bbhttps:\/\/youtu.be\/lD10siDRBoQ\u00bb \/][\/et_pb_column][et_pb_column type=\u00bb1_4&#8243;][\/et_pb_column][\/et_pb_row][et_pb_row background_position=\u00bbtop_left\u00bb background_repeat=\u00bbrepeat\u00bb background_size=\u00bbinitial\u00bb][et_pb_column type=\u00bb4_4&#8243;][et_pb_toggle admin_label=\u00bb1. ELEMENTOS B\u00c1SICOS DE ORIENTACI\u00d3N\u00bb title=\u00bb1. ELEMENTOS B\u00c1SICOS DE ORIENTACI\u00d3N\u00bb open=\u00bboff\u00bb use_border_color=\u00bboff\u00bb title_font_size=\u00bb30&#8243; background_position=\u00bbtop_left\u00bb background_repeat=\u00bbrepeat\u00bb background_size=\u00bbinitial\u00bb _builder_version=\u00bb3.0.105&#8243; text_orientation=\u00bbjustified\u00bb body_line_height=\u00bb1.5em\u00bb]<\/p>\n<p><strong>T\u00edtulo<\/strong>: MI HERMANO ES UN VAMPIRO<\/p>\n<p><strong>G\u00e9nero<\/strong>: Infantil<\/p>\n<p><strong>Autor<\/strong>: Gimena Campos<\/p>\n<p><strong>Direcci\u00f3n<\/strong>: Gast\u00f3n Carrica<\/p>\n<p><strong>Compa\u00f1\u00eda<\/strong>: Elenco Estable de LA CASA<\/p>\n<p><strong>Sinopsis<\/strong>: Una familia de vampiros; los Dracul. Dos hermanos gemelos que quedan solos en su casa por un tiempo. La diversi\u00f3n y el juego crean situaciones disparatadas y posibilita que se conozcan m\u00e1s, anim\u00e1ndose a contarse sus miedos y enojos.<\/p>\n<p>Peripecias, juegos con el p\u00fablico y un ritmo que se desarrolla mediante la m\u00fasica en vivo, los diferentes est\u00edmulos musicales y el desarrollo l\u00fadico de los actores en escena.<\/p>\n<p><strong>Publico Sugerido<\/strong>: Inicial \/ Primaria (primeros a\u00f1os)<\/p>\n<p>[\/et_pb_toggle][et_pb_toggle admin_label=\u00bb2. MATERIAL SUGERIDO PARA EL TRABAJO PREVIO A LA VISITA\u00bb title=\u00bb2. MATERIAL SUGERIDO PARA EL TRABAJO PREVIO A LA FUNCI\u00d3N\u00bb open=\u00bboff\u00bb use_border_color=\u00bboff\u00bb title_font_size=\u00bb30&#8243; background_position=\u00bbtop_left\u00bb background_repeat=\u00bbrepeat\u00bb background_size=\u00bbinitial\u00bb _builder_version=\u00bb3.0.105&#8243; text_orientation=\u00bbjustified\u00bb body_line_height=\u00bb1.5em\u00bb]<\/p>\n<p>(Adaptado de www.salaamarilla2009.blogspot.com.ar)<\/p>\n<p>&nbsp;<\/p>\n<p><strong>ACTIVIDAD: LOS MIEDOS AFUERA<\/strong><\/p>\n<ul>\n<li>Conversar grupalmente sobre el tema \u00abla noche\u00bb,\u00bblos sue\u00f1os\u00bb.<\/li>\n<li>Cucos, fantasmas y monstruos \u00bfqu\u00e9 son?\u00bfexisten?<\/li>\n<li>Confeccionar t\u00edteres vmpiros con medias, guantes,varios ojos, brazos y piernas, pelos de colores, etc. Ponerles nombres. Jugar con ellos improvisando di\u00e1logos. Confeccionar caretas de vampiros con bandejas de telgopor o cart\u00f3n .<\/li>\n<li>Disfrazarse con caretas, s\u00e1banas, orejas, narices de cotill\u00f3n, pelucas y jugar a asustar.<\/li>\n<li>Hacer retratos de vampiros. Intercambiar los dibujos con otros: \u00bfnos dan risa o miedo?<\/li>\n<li>Modelar monstruos con masa.<\/li>\n<li>Dramatizaciones con vampiros: \u00bfQui\u00e9n pone la cara m\u00e1s monstruosa?\u00bfC\u00f3mo ser\u00e1n las voces de los monstruos? (grabamos los sonidos) Ahora todos los monstruos asustan a la vez \u00bfC\u00f3mo lloran los monstruos?\u00bfC\u00f3mo se r\u00eden?<\/li>\n<li>Armar un libro sobre miedos y vampiros.<\/li>\n<\/ul>\n<p><strong>\u00a0<\/strong><\/p>\n<p>[\/et_pb_toggle][et_pb_toggle admin_label=\u00bb3. ACTIVIDADES SUGERIDAS PARA DESPU\u00c9S DE LA VISITA\u00bb title=\u00bb3. ACTIVIDADES SUGERIDAS PARA DESPU\u00c9S DE LA FUNCI\u00d3N\u00bb open=\u00bboff\u00bb use_border_color=\u00bboff\u00bb title_font_size=\u00bb30&#8243; background_position=\u00bbtop_left\u00bb background_repeat=\u00bbrepeat\u00bb background_size=\u00bbinitial\u00bb _builder_version=\u00bb3.0.105&#8243;]<\/p>\n<p><strong>ACTIVIDAD: LA OBRA<\/strong><\/p>\n<ul>\n<li>Explorar las percepciones y las sensaciones que nos despert\u00f3 la m\u00fasica en vivo.<\/li>\n<li>Visualizar los personajes: Dibujarlos y hablar sobre sus caracter\u00edsticas.<\/li>\n<li>\u00bfC\u00f3mo se llevan los hermanos? \u00bfQu\u00e9 cosas le hace Van a Piro? \u00bfQue pensamos de eso? \u00bfLos trata bien?<\/li>\n<li>Lo llevamos al aula:<\/li>\n<li>\u00bfC\u00f3mo nos manifestamos con el otro? Si hay situaciones similares, repensarlas y discutirlas en el grupo para poder modificarlas. Armar un cuadro con las cosas que creemos que tenemos que tener en cuenta para una buena convivencia con otro.<\/li>\n<\/ul>\n<p>[\/et_pb_toggle][et_pb_toggle admin_label=\u00bb4. MATERIAL DE APOYO PARA ALUMNOS, DOCENTES Y VECINOS \u00bb title=\u00bb4. MATERIAL DE APOYO PARA ALUMNOS Y DOCENTES \u00bb open=\u00bboff\u00bb use_border_color=\u00bboff\u00bb title_font_size=\u00bb30&#8243; _builder_version=\u00bb3.0.105&#8243;]<\/p>\n<p><strong>El texto de la obra<\/strong><\/p>\n<p>MI HERMANO ES UN VAMPIRO de Gimena Campos.<\/p>\n<p>[\/et_pb_toggle][\/et_pb_column][\/et_pb_row][\/et_pb_section]<\/p>\n","protected":false},"excerpt":{"rendered":"<p>[et_pb_section bb_built=\u00bb1&#8243; admin_label=\u00bbsection\u00bb transparent_background=\u00bboff\u00bb background_color=\u00bb#383838&#8243; allow_player_pause=\u00bboff\u00bb inner_shadow=\u00bboff\u00bb parallax=\u00bboff\u00bb parallax_method=\u00bboff\u00bb padding_mobile=\u00bboff\u00bb make_fullwidth=\u00bboff\u00bb use_custom_width=\u00bboff\u00bb width_unit=\u00bbon\u00bb make_equal=\u00bboff\u00bb use_custom_gutter=\u00bboff\u00bb custom_padding_tablet=\u00bb50px|0|50px|0&#8243; custom_padding_last_edited=\u00bbon|desktop\u00bb][et_pb_row admin_label=\u00bbrow\u00bb background_position=\u00bbtop_left\u00bb background_repeat=\u00bbrepeat\u00bb background_size=\u00bbinitial\u00bb][et_pb_column type=\u00bb1_3&#8243;][\/et_pb_column][et_pb_column type=\u00bb2_3&#8243;][et_pb_text background_layout=\u00bbdark\u00bb text_orientation=\u00bbright\u00bb use_border_color=\u00bboff\u00bb background_position=\u00bbtop_left\u00bb background_repeat=\u00bbrepeat\u00bb background_size=\u00bbinitial\u00bb module_alignment=\u00bbcenter\u00bb _builder_version=\u00bb3.0.105&#8243; text_font_size=\u00bb14px\u00bb text_line_height=\u00bb1.5em\u00bb] De lo que tengo miedo es de tu miedo. William Shakespeare [\/et_pb_text][\/et_pb_column][\/et_pb_row][et_pb_row admin_label=\u00bbrow\u00bb background_position=\u00bbtop_left\u00bb background_repeat=\u00bbrepeat\u00bb background_size=\u00bbinitial\u00bb][et_pb_column type=\u00bb1_4&#8243;][\/et_pb_column][et_pb_column type=\u00bb1_2&#8243;][et_pb_video _builder_version=\u00bb3.0.105&#8243; src=\u00bbhttps:\/\/youtu.be\/lD10siDRBoQ\u00bb \/][\/et_pb_column][et_pb_column type=\u00bb1_4&#8243;][\/et_pb_column][\/et_pb_row][et_pb_row [&hellip;]<\/p>\n","protected":false},"author":1,"featured_media":0,"parent":0,"menu_order":0,"comment_status":"closed","ping_status":"closed","template":"","meta":[],"_links":{"self":[{"href":"https:\/\/www.lacasaclaypole.org.ar\/primerafuncion\/wp-json\/wp\/v2\/pages\/907"}],"collection":[{"href":"https:\/\/www.lacasaclaypole.org.ar\/primerafuncion\/wp-json\/wp\/v2\/pages"}],"about":[{"href":"https:\/\/www.lacasaclaypole.org.ar\/primerafuncion\/wp-json\/wp\/v2\/types\/page"}],"author":[{"embeddable":true,"href":"https:\/\/www.lacasaclaypole.org.ar\/primerafuncion\/wp-json\/wp\/v2\/users\/1"}],"replies":[{"embeddable":true,"href":"https:\/\/www.lacasaclaypole.org.ar\/primerafuncion\/wp-json\/wp\/v2\/comments?post=907"}],"version-history":[{"count":6,"href":"https:\/\/www.lacasaclaypole.org.ar\/primerafuncion\/wp-json\/wp\/v2\/pages\/907\/revisions"}],"predecessor-version":[{"id":1180,"href":"https:\/\/www.lacasaclaypole.org.ar\/primerafuncion\/wp-json\/wp\/v2\/pages\/907\/revisions\/1180"}],"wp:attachment":[{"href":"https:\/\/www.lacasaclaypole.org.ar\/primerafuncion\/wp-json\/wp\/v2\/media?parent=907"}],"curies":[{"name":"wp","href":"https:\/\/api.w.org\/{rel}","templated":true}]}}