{"id":4,"date":"2016-05-31T19:16:32","date_gmt":"2016-05-31T19:16:32","guid":{"rendered":"http:\/\/www.hecultura.com\/primerafuncion\/?page_id=4"},"modified":"2024-11-19T14:05:26","modified_gmt":"2024-11-19T14:05:26","slug":"presentacion-del-proyecto","status":"publish","type":"page","link":"https:\/\/www.lacasaclaypole.org.ar\/primerafuncion\/","title":{"rendered":"INICIO DE PAGINA"},"content":{"rendered":"<p>[et_pb_section fb_built=\u00bb1&#8243; background_color=\u00bb#383838&#8243; admin_label=\u00bbsection\u00bb custom_padding_last_edited=\u00bbon|desktop\u00bb _builder_version=\u00bb3.0.47&#8243; custom_padding_tablet=\u00bb50px|0|50px|0&#8243; transparent_background=\u00bboff\u00bb padding_mobile=\u00bboff\u00bb][et_pb_row admin_label=\u00bbrow\u00bb _builder_version=\u00bb3.0.47&#8243; background_size=\u00bbinitial\u00bb background_position=\u00bbtop_left\u00bb background_repeat=\u00bbrepeat\u00bb][et_pb_column type=\u00bb1_3&#8243; _builder_version=\u00bb3.0.47&#8243; parallax=\u00bboff\u00bb parallax_method=\u00bbon\u00bb][et_pb_video src=\u00bbhttps:\/\/youtu.be\/icf0SMU6yL8&#8243; image_src=\u00bb\/\/i.ytimg.com\/vi\/icf0SMU6yL8\/hqdefault.jpg\u00bb _builder_version=\u00bb3.0.105&#8243;][\/et_pb_video][et_pb_video src=\u00bbhttps:\/\/youtu.be\/r_ZPLWSSnGI\u00bb image_src=\u00bb\/\/i.ytimg.com\/vi\/r_ZPLWSSnGI\/hqdefault.jpg\u00bb _builder_version=\u00bb3.0.105&#8243;][\/et_pb_video][et_pb_gallery gallery_ids=\u00bb1351,889,888,886,885,884&#8243; gallery_captions=\u00bb,,,,,\u00bb fullwidth=\u00bbon\u00bb _builder_version=\u00bb3.0.105&#8243; auto=\u00bbon\u00bb use_border_color=\u00bboff\u00bb border_color=\u00bb#ffffff\u00bb border_style=\u00bbsolid\u00bb][\/et_pb_gallery][\/et_pb_column][et_pb_column type=\u00bb2_3&#8243; _builder_version=\u00bb3.0.47&#8243; parallax=\u00bboff\u00bb parallax_method=\u00bbon\u00bb][et_pb_text background_layout=\u00bbdark\u00bb _builder_version=\u00bb3.0.105&#8243; text_font=\u00bbArial||||\u00bb text_line_height=\u00bb1.5em\u00bb text_line_height_last_edited=\u00bbon|desktop\u00bb background_size=\u00bbinitial\u00bb background_position=\u00bbtop_left\u00bb background_repeat=\u00bbrepeat\u00bb text_orientation=\u00bbjustified\u00bb use_border_color=\u00bboff\u00bb]<\/p>\n<h2>MI PRIMERA FUNCI\u00d3N<\/h2>\n<p>Un ciclo art\u00edstico para los estudiantes de las escuelas p\u00fablicas de nuestro barrio que, en su gran mayor\u00eda, jam\u00e1s han podido disfrutar de una funci\u00f3n de cine, teatro o m\u00fasica. Desde 2015 el programa acerc\u00f3 a nuestra sala m\u00e1s de 10.000 ni\u00f1os y j\u00f3venes de todos los niveles escolares, en forma totalmente gratuita.<\/p>\n<p>El proyecto apunta a ampliar las experiencias educativas en un contexto sociocultural que no ofrece opciones de consumo cultural genuino, acerc\u00e1ndolos a propuestas est\u00e9ticas alternativas a las comercialmente disponibles; integrando adem\u00e1s a los docentes que en su gran mayor\u00eda tampoco frecuentan este tipo de expresi\u00f3n art\u00edstica.<\/p>\n<p>MI PRIMERA FUNCI\u00d3N se propone desarrollar la sensibilidad en relaci\u00f3n con las expresiones art\u00edsticas mediante la valorizaci\u00f3n de los espect\u00e1culos de Artes Esc\u00e9nicas, Cine y M\u00fasica, como v\u00eda de conocimiento del campo cultural; as\u00ed como tambi\u00e9n trabajar las herramientas para la selecci\u00f3n y el consumo cr\u00edtico de los bienes culturales en el contexto en el que viven, adem\u00e1s de fortalecer los v\u00ednculos con las escuelas locales y generar trabajo genuino para los artistas locales.<\/p>\n<h4>EN PANDEMIA<\/h4>\n<p>Nos reinventamos apropi\u00e1ndonos del ciberespacio como estrategia para mantener vivo el v\u00ednculo con las escuelas p\u00fablicas, llevando funciones virtuales de teatro, m\u00fasica y cine; para realizar posteriormente debates entre los realizadores, m\u00fasicos, actores o directores y los alumnos de todos los niveles.<\/p>\n<h4>NUEVOS GRUPOS<\/h4>\n<p>A partir de 2024 incorporamos al programa en forma totalmente gratuita comedores escolares y barriales; centros de jubilados; programas municipales FINES y ENVI\u00d3N.<\/p>\n<p>Por otra parte, la estructura del programa tambi\u00e9n comenz\u00f3 a suplir las necesidades de los alumnos de las escuelas privadas locales, dado que su situaci\u00f3n socioecon\u00f3mica y las posibilidades de acceso a bienes culturales no difiere esencialmente de los primeros, aunque en este caso existe un reintegro econ\u00f3mico previsto mediante un m\u00ednimo bono contribuci\u00f3n solidario, que habitualmente ronda el 10% de una entrada comercial.<\/p>\n<h2>MI PRIMERA FUNCI\u00d3N EN N\u00daMEROS<\/h2>\n<ul>\n<li><strong>M\u00e1s de 10.000 ni\u00f1os y j\u00f3venes<\/strong> en siete a\u00f1os del programa<\/li>\n<li><strong>131 funciones totalmente gratuitas<\/strong> para alumnos de escuelas p\u00fablicas de todos los niveles.<\/li>\n<li>M\u00e1s oportunidad de trabajo para artistas locales: 77% de las funciones.<\/li>\n<\/ul>\n<p>Si quer\u00e9s formar parte con tus alumnos, <a href=\"https:\/\/forms.gle\/SQ7UNhnweNVFkGrm7\" target=\"_blank\" rel=\"noopener\">incribite aqu\u00ed<\/a><\/p>\n<p><strong><span style=\"color: #808080;\">Esta p\u00e1gina fue desarrollada inicialmente para utilizar los recursos del plan conectar igualdad, por lo que no necesariamente todos los materiales estar\u00e1n disponibles en <em>smartphones<\/em>.<\/span><\/strong><\/p>\n<p>[\/et_pb_text][\/et_pb_column][\/et_pb_row][\/et_pb_section]<\/p>\n","protected":false},"excerpt":{"rendered":"<p>[et_pb_section fb_built=\u00bb1&#8243; background_color=\u00bb#383838&#8243; admin_label=\u00bbsection\u00bb custom_padding_last_edited=\u00bbon|desktop\u00bb _builder_version=\u00bb3.0.47&#8243; custom_padding_tablet=\u00bb50px|0|50px|0&#8243; transparent_background=\u00bboff\u00bb padding_mobile=\u00bboff\u00bb][et_pb_row admin_label=\u00bbrow\u00bb _builder_version=\u00bb3.0.47&#8243; background_size=\u00bbinitial\u00bb background_position=\u00bbtop_left\u00bb background_repeat=\u00bbrepeat\u00bb][et_pb_column type=\u00bb1_3&#8243; _builder_version=\u00bb3.0.47&#8243; parallax=\u00bboff\u00bb parallax_method=\u00bbon\u00bb][et_pb_video src=\u00bbhttps:\/\/youtu.be\/icf0SMU6yL8&#8243; image_src=\u00bb\/\/i.ytimg.com\/vi\/icf0SMU6yL8\/hqdefault.jpg\u00bb _builder_version=\u00bb3.0.105&#8243;][\/et_pb_video][et_pb_video src=\u00bbhttps:\/\/youtu.be\/r_ZPLWSSnGI\u00bb image_src=\u00bb\/\/i.ytimg.com\/vi\/r_ZPLWSSnGI\/hqdefault.jpg\u00bb _builder_version=\u00bb3.0.105&#8243;][\/et_pb_video][et_pb_gallery gallery_ids=\u00bb1351,889,888,886,885,884&#8243; gallery_captions=\u00bb,,,,,\u00bb fullwidth=\u00bbon\u00bb _builder_version=\u00bb3.0.105&#8243; auto=\u00bbon\u00bb use_border_color=\u00bboff\u00bb border_color=\u00bb#ffffff\u00bb border_style=\u00bbsolid\u00bb][\/et_pb_gallery][\/et_pb_column][et_pb_column type=\u00bb2_3&#8243; _builder_version=\u00bb3.0.47&#8243; parallax=\u00bboff\u00bb parallax_method=\u00bbon\u00bb][et_pb_text background_layout=\u00bbdark\u00bb _builder_version=\u00bb3.0.105&#8243; text_font=\u00bbArial||||\u00bb text_line_height=\u00bb1.5em\u00bb text_line_height_last_edited=\u00bbon|desktop\u00bb background_size=\u00bbinitial\u00bb background_position=\u00bbtop_left\u00bb background_repeat=\u00bbrepeat\u00bb text_orientation=\u00bbjustified\u00bb use_border_color=\u00bboff\u00bb] MI PRIMERA FUNCI\u00d3N Un ciclo art\u00edstico para los estudiantes [&hellip;]<\/p>\n","protected":false},"author":1,"featured_media":0,"parent":0,"menu_order":0,"comment_status":"closed","ping_status":"closed","template":"","meta":[],"_links":{"self":[{"href":"https:\/\/www.lacasaclaypole.org.ar\/primerafuncion\/wp-json\/wp\/v2\/pages\/4"}],"collection":[{"href":"https:\/\/www.lacasaclaypole.org.ar\/primerafuncion\/wp-json\/wp\/v2\/pages"}],"about":[{"href":"https:\/\/www.lacasaclaypole.org.ar\/primerafuncion\/wp-json\/wp\/v2\/types\/page"}],"author":[{"embeddable":true,"href":"https:\/\/www.lacasaclaypole.org.ar\/primerafuncion\/wp-json\/wp\/v2\/users\/1"}],"replies":[{"embeddable":true,"href":"https:\/\/www.lacasaclaypole.org.ar\/primerafuncion\/wp-json\/wp\/v2\/comments?post=4"}],"version-history":[{"count":68,"href":"https:\/\/www.lacasaclaypole.org.ar\/primerafuncion\/wp-json\/wp\/v2\/pages\/4\/revisions"}],"predecessor-version":[{"id":1543,"href":"https:\/\/www.lacasaclaypole.org.ar\/primerafuncion\/wp-json\/wp\/v2\/pages\/4\/revisions\/1543"}],"wp:attachment":[{"href":"https:\/\/www.lacasaclaypole.org.ar\/primerafuncion\/wp-json\/wp\/v2\/media?parent=4"}],"curies":[{"name":"wp","href":"https:\/\/api.w.org\/{rel}","templated":true}]}}