{"id":242,"date":"2016-06-30T15:45:19","date_gmt":"2016-06-30T15:45:19","guid":{"rendered":"http:\/\/www.hecultura.com\/primerafuncion\/?page_id=242"},"modified":"2016-07-05T19:45:55","modified_gmt":"2016-07-05T19:45:55","slug":"diego-rivera","status":"publish","type":"page","link":"https:\/\/www.lacasaclaypole.org.ar\/primerafuncion\/artes-escenicas\/diego-rivera\/","title":{"rendered":"DIEGO RIVERA"},"content":{"rendered":"<p>[et_pb_section admin_label=\u00bbsection\u00bb transparent_background=\u00bboff\u00bb background_color=\u00bb#383838&#8243; allow_player_pause=\u00bboff\u00bb inner_shadow=\u00bboff\u00bb parallax=\u00bboff\u00bb parallax_method=\u00bboff\u00bb padding_mobile=\u00bboff\u00bb make_fullwidth=\u00bboff\u00bb use_custom_width=\u00bboff\u00bb width_unit=\u00bbon\u00bb make_equal=\u00bboff\u00bb use_custom_gutter=\u00bboff\u00bb][et_pb_row admin_label=\u00bbrow\u00bb][et_pb_column type=\u00bb4_4&#8243;][et_pb_text admin_label=\u00bbTexto\u00bb background_layout=\u00bbdark\u00bb text_orientation=\u00bbcenter\u00bb use_border_color=\u00bboff\u00bb border_color=\u00bb#ffffff\u00bb border_style=\u00bbsolid\u00bb text_font=\u00bbArial||||\u00bb]<\/p>\n<p><img loading=\"lazy\" class=\"wp-image-129 size-full aligncenter\" src=\"https:\/\/www.lacasaclaypole.org.ar\/primerafuncion\/wp-content\/uploads\/2016\/06\/MEXICO-DIEGO-RIVERA-CARGADOR-DE-FLORES.jpg\" width=\"350\" height=\"352\" srcset=\"https:\/\/www.lacasaclaypole.org.ar\/primerafuncion\/wp-content\/uploads\/2016\/06\/MEXICO-DIEGO-RIVERA-CARGADOR-DE-FLORES.jpg 350w, https:\/\/www.lacasaclaypole.org.ar\/primerafuncion\/wp-content\/uploads\/2016\/06\/MEXICO-DIEGO-RIVERA-CARGADOR-DE-FLORES-150x150.jpg 150w, https:\/\/www.lacasaclaypole.org.ar\/primerafuncion\/wp-content\/uploads\/2016\/06\/MEXICO-DIEGO-RIVERA-CARGADOR-DE-FLORES-298x300.jpg 298w\" sizes=\"(max-width: 350px) 100vw, 350px\" \/><\/p>\n<p style=\"text-align: center;\">Mi estilo naci\u00f3 como un ni\u00f1o, en un instante, con la diferencia de que a ese nacimiento le precedi\u00f3 un embarazo de 35 a\u00f1os.<br \/>\n<strong>Diego Rivera<\/strong><\/p>\n<p>[\/et_pb_text][\/et_pb_column][\/et_pb_row][et_pb_row admin_label=\u00bbFila\u00bb][et_pb_column type=\u00bb4_4&#8243;][et_pb_toggle admin_label=\u00bb1. ELEMENTOS B\u00c1SICOS DE ORIENTACI\u00d3N\u00bb title=\u00bb1. ELEMENTOS B\u00c1SICOS DE ORIENTACI\u00d3N\u00bb open=\u00bboff\u00bb use_border_color=\u00bboff\u00bb border_color=\u00bb#ffffff\u00bb border_style=\u00bbsolid\u00bb title_font_size=\u00bb30&#8243; body_font=\u00bbArial||||\u00bb]<\/p>\n<div data-canvas-width=\"131.9669957644453\">\n<div data-canvas-width=\"131.9669957644453\"><strong>MURAL<\/strong>: EL CARGADOR DE FLORES<br \/>\n<strong>ARTISTA<\/strong>: DIEGO RIVERA<br \/>\n<strong>PA\u00cdS<\/strong>: M\u00c9XICO<br \/>\n<strong>FOCO PRINCIPAL<\/strong>: TRABAJO. EXPLOTACI\u00d3N. REALIDAD SOCIAL. MURALISMO MEXICANO.<\/div>\n<\/div>\n<p>[\/et_pb_toggle][et_pb_toggle admin_label=\u00bb2. MATERIAL SUGERIDO PARA EL TRABAJO PREVIO A LA VISITA\u00bb title=\u00bb2. MATERIAL SUGERIDO PARA EL TRABAJO PREVIO A LA VISITA\u00bb open=\u00bboff\u00bb use_border_color=\u00bboff\u00bb border_color=\u00bb#ffffff\u00bb border_style=\u00bbsolid\u00bb title_font_size=\u00bb30&#8243; body_font=\u00bbArial||||\u00bb]<\/p>\n<h3><span style=\"color: #ff6600;\">2.1. EL AUTOR<\/span><\/h3>\n<p>Rivera nace en Guanajuato, M\u00e9xico, en 1886 y conforma junto a David Siqueiros y Jos\u00e9 Orozco la tr\u00edada de los m\u00e1ximos representantes del muralismo mexicano; corriente que apunta a conseguir una mayor gama de posibilidades comunicativas con las masas populares, la ruptura con la tradici\u00f3n academicista y la asimilaci\u00f3n de las corrientes pict\u00f3ricas de la vanguardia europea como el cubismo o el expresionismo y la integraci\u00f3n de la ideolog\u00eda revolucionaria en la pintura, que, seg\u00fan ellos, deb\u00eda expresar art\u00edsticamente los problemas de su tiempo.<br \/>\nIdentificado con los ideales revolucionarios de su patria, Rivera se dedic\u00f3 a estudiar en profundidad el arte maya y azteca, que influir\u00edan de forma significativa en su obra posterior. En colaboraci\u00f3n con otros destacados artistas mexicanos del momento fund\u00f3 el sindicato de pintores del que surgir\u00eda el movimiento muralista mexicano, de profunda ra\u00edz indigenista. Rivera abandona las corrientes art\u00edsticas del momento para crear un estilo nacional que reflejara la historia del pueblo mexicano, desde la \u00e9poca precolombina hasta la Revoluci\u00f3n, con escenas de un realismo vigoroso y popular, y de colores vivos, reflejando as\u00ed su adhesi\u00f3n a la causa socialista en sus murales.<br \/>\nEn 1929 se casa con la tambi\u00e9n artista pl\u00e1stica Frida Kalho, volvi\u00e9ndose la casa de la pareja en centro de singulares tertulias pol\u00edticas y art\u00edsticas. Diego Rivera muere en la ciudad de M\u00e9xico en 1957.<\/p>\n<h3><span style=\"color: #ff6600;\">2.2. EL MURALISMO MEXICANO<\/span><\/h3>\n<p>El Muralismo Mexicano es uno de los g\u00e9neros art\u00edsticos m\u00e1s distintivos de Am\u00e9rica Latina. Tiene su origen en la Revoluci\u00f3n mexicana de 1910, paralelamente al movimiento de transformaci\u00f3n en M\u00e9xico. Sin embargo, no es hasta 1921 cuando inicia formalmente el Movimiento Muralista Mexicano, a\u00f1o en que Jos\u00e9 Vasconcelos, uno de los principales intelectuales mexicanos, asumi\u00f3 funciones como Secretario de Educaci\u00f3n P\u00fablica bajo el Gobierno del Presidente \u00c1lvaro Obreg\u00f3n, quien comision\u00f3 a distintos artistas a pintar una serie de murales en las paredes de la Secretar\u00eda Nacional y la Escuela Nacional Preparatoria. A partir de ese momento, la Escuela Muralista Mexicana comienza adquirir prestigio internacional no s\u00f3lo por ser una corriente art\u00edstica, sino por ser un movimiento social y pol\u00edtico de resistencia e identidad, con im\u00e1genes a trav\u00e9s de la diversidad de sus componentes estil\u00edsticos que retratan temas como la revoluci\u00f3n, la lucha de clases y el hombre ind\u00edgena. Entre sus miembros se destacan David Alfaro Siqueiros, Jos\u00e9 Clemente Orozco, Diego Rivera y Rufino Tamayo<\/p>\n<p style=\"text-align: right;\"><strong>FUENTE: Consulado General de M\u00e9xico.<\/strong><\/p>\n<p>[\/et_pb_toggle][et_pb_toggle admin_label=\u00bb3. ACTIVIDADES SUGERIDAS PARA DESPU\u00c9S DE LA VISITA\u00bb title=\u00bb3. ACTIVIDADES SUGERIDAS PARA DESPU\u00c9S DE LA VISITA\u00bb open=\u00bboff\u00bb use_border_color=\u00bboff\u00bb border_color=\u00bb#ffffff\u00bb border_style=\u00bbsolid\u00bb title_font_size=\u00bb30&#8243; body_font=\u00bbArial||||\u00bb]<\/p>\n<h3 style=\"text-align: left;\" data-canvas-width=\"643.3663848209239\">3.1. PARA EL \u00c1REA DE SOCIALES<\/h3>\n<h4 style=\"text-align: left;\" data-canvas-width=\"643.3663848209239\">3.1.1 REFLEXIONES SOBRE EL MATERIAL TRABAJADO CON ANTECEDENCIA<\/h4>\n<ul>\n<li style=\"text-align: left;\" data-canvas-width=\"643.3663848209239\">\u00bfCu\u00e1l fue el objetivo del movimiento muralista mexicano?<\/li>\n<li style=\"text-align: left;\" data-canvas-width=\"643.3663848209239\">\u00bfPor qu\u00e9 el movimiento eligi\u00f3 el mural como m\u00e9todo de comunicaci\u00f3n?<\/li>\n<li style=\"text-align: left;\" data-canvas-width=\"643.3663848209239\">\u00bfPiensas que existe un punto de contacto entre este movimiento y la experiencia de los murales en tu barrio? \u00bfCu\u00e1les son las diferencias?<\/li>\n<\/ul>\n<h4 style=\"text-align: left;\" data-canvas-width=\"643.3663848209239\">3.1.2 EL MUNDO DEL TRABAJO<\/h4>\n<ul>\n<li style=\"text-align: left;\" data-canvas-width=\"643.3663848209239\">Analizar y discutir los textos de la Constituci\u00f3n Nacional referentes a derechos y garant\u00edas de los trabajadores y trabajadoras:<\/li>\n<\/ul>\n<div style=\"text-align: left; padding-left: 60px;\" data-canvas-width=\"643.3663848209239\"><strong>Art. 14<\/strong>.\u00a0&#8211; Todos los habitantes de la Naci\u00f3n gozan de los siguientes derechos conforme a las leyes que reglamenten su ejercicio; a saber: de trabajar y ejercer toda industria l\u00edcita; de navegar y comerciar; de peticionar a las autoridades; de entrar, permanecer, transitar y salir del territorio argentino; de publicar sus ideas por la prensa sin censura previa; de usar y disponer de su propiedad; de asociarse con fines \u00fatiles;de profesar libremente su culto; de ense\u00f1ar y aprender.<\/div>\n<div style=\"text-align: left; padding-left: 60px;\" data-canvas-width=\"643.3663848209239\"><strong>Art. 14 bis<\/strong>.- El trabajo en sus diversas formas gozar\u00e1 de la protecci\u00f3n de las leyes, las que asegurar\u00e1n al trabajador: condiciones dignas y equitativas de labor; jornada limitada; descanso y vacaciones pagados; retribuci\u00f3n justa; salario m\u00ednimo vital m\u00f3vil; igual remuneraci\u00f3n por igual tarea; participaci\u00f3n en las ganancias de las empresas, con control de la producci\u00f3n y colaboraci\u00f3n en la direcci\u00f3n; protecci\u00f3n contra el despido arbitrario; estabilidad del empleado p\u00fablico; organizaci\u00f3n sindical libre y democr\u00e1tica, reconocida por la simple inscripci\u00f3n en un registro especial. Queda garantizado a los gremios: concertar convenios colectivos de trabajo; recurrir a la conciliaci\u00f3n y al arbitraje; el derecho de huelga. Los representantes gremiales gozar\u00e1n de las garant\u00edas necesarias para el cumplimiento de su gesti\u00f3n sindical y las relacionadas con la estabilidad de su empleo. El Estado otorgar\u00e1 los beneficios de la seguridad social, que tendr\u00e1 car\u00e1cter de integral e irrenunciable. En especial, la ley establecer\u00e1: el seguro social obligatorio, que estar\u00e1 a cargo de entidades nacionales o provinciales con autonom\u00eda financiera y econ\u00f3mica, administradas por los interesados con participaci\u00f3n del Estado, sin que pueda existir superposici\u00f3n de aportes; jubilaciones y pensiones m\u00f3viles; la protecci\u00f3n integral de la familia; la defensa del bien de familia; la compensaci\u00f3n econ\u00f3mica familiar y el acceso a una vivienda digna.<\/div>\n<div style=\"text-align: left; padding-left: 60px;\" data-canvas-width=\"643.3663848209239\"><strong>Art. 15.<\/strong>&#8211; En la Naci\u00f3n Argentina no hay esclavos: los pocos que hoy existen quedan libres desde la jura de esta Constituci\u00f3n; y una ley especial reglar\u00e1 las indemnizaciones a que d\u00e9 lugar esta declaraci\u00f3n. Todo contrato de compra y venta de personas es un crimen de que ser\u00e1n responsables los que lo celebrasen, y el escribano o funcionario que lo autorice. Y los esclavos que de cualquier modo se introduzcan quedan libres por el solo hecho de pisar el territorio de la Rep\u00fablica.<\/div>\n<div style=\"text-align: left;\" data-canvas-width=\"643.3663848209239\"><\/div>\n<h4 style=\"text-align: left;\" data-canvas-width=\"643.3663848209239\">\u00a03.1.3 EL TRABAJO ESCLAVO<\/h4>\n<ul>\n<li style=\"text-align: left;\" data-canvas-width=\"643.3663848209239\">\u00a0Reflexionar y debatir en clase el art\u00edculo 15 de la constituci\u00f3n nacional a la luz de los textos de los siguientes notas del diario p\u00e1gina12.<\/li>\n<li style=\"text-align: left;\" data-canvas-width=\"643.3663848209239\">\u00bfExiste hoy esclavitud?<\/li>\n<\/ul>\n<div style=\"text-align: left; padding-left: 60px;\" data-canvas-width=\"643.3663848209239\"><strong>Los responsables de las tres empresas de indumentaria deber\u00e1n dar explicaciones por tercerizar su producci\u00f3n en un taller donde trabajaban personas extranjeras sin documentos y en p\u00e9simas condiciones. Uno de los imputados es Daniel Awada, cu\u00f1ado de Macri.<\/strong><br \/>\n\u201cNo pod\u00edamos salir del lugar; Marcos nos lo ten\u00eda prohibido. S\u00f3lo pod\u00edan salir, en muy pocas ocasiones, las personas que ten\u00edamos documentos de identidad y los que no, ten\u00edan prohibido salir.\u201d Como esclavos. As\u00ed viv\u00edan los empleados de un taller textil de la ciudad de Buenos Aires donde se fabricaban prendas de las marcas de primera l\u00ednea Kosiuko, Cheeky y Portsaid, seg\u00fan declar\u00f3 en la Justicia una de las mujeres explotadas laboralmente en el lugar y corrobor\u00f3 la investigaci\u00f3n del fiscal que act\u00faa en el caso. Los directivos de las tres firmas fueron citados a declaraci\u00f3n indagatoria y deber\u00e1n presentarse en tribunales pr\u00f3ximamente. Uno de los imputados es Daniel Awada, cu\u00f1ado de Mauricio Macri y presidente de Cheeky. Est\u00e1n acusados de contratar al taller clandestino y colaborar as\u00ed con la reducci\u00f3n a la servidumbre, entre 2007 y 2011, de al menos quince bolivianos \u2013cuya condici\u00f3n migratoria era irregular\u2013, que \u201ctrabajaban a destajo en jornada de todo el d\u00eda por un salario paup\u00e9rrimo, moraban con sus hijos menores, com\u00edan y dorm\u00edan en un contexto de suma precariedad, insalubridad, hacinamiento y encierro controlado\u201d y a la vez eran sometidos, mediante gritos y maltratos, a \u201ccondiciones laborales infrahumanas\u201d.Hasta ahora la Justicia no avanzaba en la cadena de explotaci\u00f3n hacia los due\u00f1os de las marcas que contratan trabajo en talleres clandestinos y centraba su lupa en los encargados directos de la explotaci\u00f3n. Varios fiscales ven\u00edan haciendo pedidos para sentar en el banquillo de los acusados a los directivos de grandes firmas de ropa, pero los jueces rechazaban los planteos. Reci\u00e9n en diciembre, el titular del Juzgado Nacional en lo Criminal y Correccional Federal N\u00ba 4, Ariel Lijo, confirm\u00f3 la citaci\u00f3n de nueve directivos y socios de empresas que comercializan distintas marcas, entre ellas Narrow, de jeans y ropa juvenil.<br \/>\nLa medida alcanza a An\u00edbal Marcelo Terra e Ingrid Georgina Kern Dornfeld, presidente y vicepresidente de Kowsef SA \u2013cuyo nombre de fantas\u00eda es Kosiuko\u2013; Daniel Awada y Patricia Norma Fraccione, presidentey vicepresidenta de Cheek SA \u2013cuyas marcas son Como Quieres que te Quiera y Cheeky SA o Cheeky Child SRL\u2013, y Sergio Jaime Said y Victoria Papu de Said, presidente y vicepresidenta de la sociedad denominada Mazalosa SA, conocida por el p\u00fablico con el nombre de Portsaid. De acuerdo con la investigaci\u00f3n judicial, las firmas de indumentaria \u201caportaban los moldes de las prendas, los cortes de las telas y los g\u00e9neros mismos, adem\u00e1s de botones, cintas y etiquetas con la marca, log\u00edstica que consist\u00eda tambi\u00e9n en el traslado de los materiales al taller y luego su retiro una vez realizados con destino a las sociedades en cuesti\u00f3n -todo ello en manos de los fleteros Boris y de Enrique Markus, quienes fueron sobrese\u00eddos en la misma causa por entender el juez federal entonces interviniente que eran s\u00f3lo transportistas tercerizados de la mercader\u00eda-\u201d. Para el fiscal, no hay dudas de que los directivos de las marcas ten\u00edan conocimiento \u201cde la irregular situaci\u00f3n laboral, migratoria y habitacional en las que se encontraban los empleados\u201d del taller de costura, donde fabricaban las prendas y que estaba a nombre de Rocy Mari L\u00f3pez Cisneros y de su pareja, Marco Antonio C\u00e1ceres Flores. Funcionaba en la calle Pola 1995\/1997, en el barrio porte\u00f1o de Mataderos. Ese domicilio, a su vez, posee una conexi\u00f3n interna con otro domicilio, de la calle Garz\u00f3n 5611.<br \/>\nEn el pedido de indagatoria, Medrea sostuvo que \u201cel producido por el taller, luego de su terminaci\u00f3n y de la verificaci\u00f3n de la calidad de las prendas, era comercializado en los locales de tales marcas\u201d. Entre otras pruebas, agreg\u00f3 facturas, remitos, notas de cr\u00e9dito secuestradas durante un allanamiento, \u201cdemostrativos de la asiduidad en el intercambio comercial\u201d. Un allanamiento fue realizado el 3 de octubre de 2011 por personal del Departamento de Asuntos Extranjeros de la Polic\u00eda Federal Argentina, que constat\u00f3 la presencia de quince empleados, siete de ellos en condiciones migratorias irregulares. Adem\u00e1s, mientras se llevaba a cabo el operativo, se presentaron L\u00f3pez Cisneros junto a C\u00e1ceres Flores, quienes se identificaron como los due\u00f1os del negocio, y quedaron detenidos.<br \/>\nEn otro procedimiento efectuado en la calle Rondeau 2583\/5, piso 1\u00ba, de la localidad de San Mart\u00edn \u2013provincia de Buenos Aires\u2013, fueron secuestrados documentos de la firma Cheeky\u2013notas de d\u00e9bito, facturas A y \u00f3rdenes de pago con membrete Cheeky Baby &amp; Kinds\u2013, adem\u00e1s de prendas de vestir de la firma mencionada, de Portsaid y de Como Quieres que te Quiera, y cartones con el logotipo de Kosiuko y etiquetas de Cheeky y Kosiuko.<br \/>\nLa causa se inici\u00f3 a partir de dos denuncias de funcionarios del Gobierno de la Ciudad. El propio Ejecutivo porte\u00f1o inform\u00f3 en la causa judicial que el taller en cuesti\u00f3n, donde se presume fabricaba prendas la firma de la familia de la esposa de Macri, no registraba constancias de habilitaci\u00f3n.<br \/>\nUna empleada que declar\u00f3 en la causa cont\u00f3 que el sueldo se pagaba por prenda confeccionada y que muchos de los trabajadores eran indocumentados y tambi\u00e9n hab\u00eda menores de edad. \u201cNo pod\u00edamos salir del lugar; Marcos nos lo ten\u00eda prohibido. S\u00f3lo pod\u00edan salir, en muy pocas ocasiones, las personas que ten\u00edamos documentos de identidad y los que no, ten\u00edan prohibido salir\u201d, describi\u00f3. Marcos C\u00e1ceres Flores era uno de los due\u00f1os del taller. \u201cAdem\u00e1s, nos dec\u00edan que tuvi\u00e9semos cuidado con la polic\u00eda. Ten\u00edamos que dar un motivo fundado para poder salir, no pod\u00edamos hacerlo libremente\u201d, agreg\u00f3. Tambi\u00e9n dijo que trabajaba \u201cen negro\u201d y que aunque ten\u00eda una hernia, nunca le dieron d\u00edas de reposo ni redujeron su trabajo: \u201cNo me dieron ni un centavo, m\u00e1s a\u00fan cuando no ten\u00eda ning\u00fan beneficio social\u201d, detall\u00f3. Otra de las personas explotadas dijo que \u201cMarcos\u201d(C\u00e1ceres) construy\u00f3 varias habitaciones, en las cuales alojaba a sus empleados. Al momento de cobrar sus respectivos sueldos \u201creciben descuentos en concepto de alquiler\u201d por dormir ah\u00ed. Es decir, los obligaban al encierro y les cobraban el alquiler.<\/div>\n<div style=\"text-align: right; padding-left: 60px;\" data-canvas-width=\"643.3663848209239\">\n<p style=\"padding-left: 60px;\"><strong>FUENTE: P\u00e1gina12, viernes 28 de febrero de 2014.<\/strong><\/p>\n<\/div>\n<div style=\"text-align: left;\" data-canvas-width=\"643.3663848209239\"><\/div>\n<div style=\"text-align: left; padding-left: 60px;\" data-canvas-width=\"643.3663848209239\"><strong>\u00a0<\/strong><\/div>\n<div style=\"text-align: left; padding-left: 60px;\" data-canvas-width=\"643.3663848209239\"><strong>Los operativos del Renatea se hicieron por denuncias de trabajadores. Uno de ellos, Ram\u00f3n Pi\u00f1eiro, indic\u00f3 que dej\u00f3 de trabajar en el campo del ex gobernador de Misiones \u201cpor las condiciones en que nos ten\u00edan\u201d.<\/strong><br \/>\nEl ex gobernador de Misiones Ram\u00f3n Puerta ser\u00e1 demandado penalmente por el delito de trata de persona (trata laboral) luego de que el Renatea encontrara a 32 peones rurales en condiciones infrahumanas en uno de sus campos, la Estancia I Pora, ubicada en el Departamento Garupa, Misiones.\u00a0Otros 24 peones que trabajan en el mismo establecimiento, pero no viv\u00edan ah\u00ed, tampoco estaban registrados. Puerta utiliz\u00f3 la figura de los contratistas para conseguir peones rurales, pero seg\u00fan la nueva ley de trabajo agrario, el principal responsable por la situaci\u00f3n de los trabajadores es el due\u00f1o de la estancia. Esta normativa fue sancionada en diciembre de 2011 cuando Puerta todav\u00eda era diputado nacional, aunque estuvo ausente a la hora de votar. El escenario encontrado por los inspectores del Renatea y otras autoridades de la provincia era desolador: carpas que se ven\u00edan abajo, colchones llenos de bichos, comida en mal estado y sin agua potable para beber. La denuncia fue realizada por uno de los trabajadores explotados, Ram\u00f3n Pi\u00f1eiro, quien tambi\u00e9n acus\u00f3 al gremio de la Uatre por la desprotecci\u00f3n. Adem\u00e1s de su carrera pol\u00edtica, Ram\u00f3n Puerta es un importante empresario yerbatero. Seg\u00fan los registros oficiales a los que accedi\u00f3 P\u00e1gina\/12, posee al menos cuatro estancias: Yohasa (1480 hect\u00e1reas) y Yerbal el 17 (110 hect\u00e1reas), ubicadas en Corrientes, y Chacra Cruce Pinal (46 hect\u00e1reas) y Estancia I Pora (1004 hect\u00e1reas), en Misiones.<br \/>\nLa Ley 26.727 modific\u00f3 los mecanismos de contrataci\u00f3n para los peones rurales, otorg\u00e1ndoles mayores derechos a los trabajadores y m\u00e1s obligaciones a los empresarios. El argumento para estos cambios fue que eran mecanismos de contrataci\u00f3n que terminaban avalando situaciones de extrema precariedad, rozando lo inhumano. Sin embargo, los empresarios contin\u00faan recurriendo a estas pr\u00e1cticas ante el desconocimiento de los propios peones. Pero en esta oportunidad, Puerta fue denunciado por uno de los trabajadores explotados, Ram\u00f3n Pi\u00f1eiro, quien habl\u00f3 con P\u00e1gina\/12. \u201cEstuve tarefeando una semana en el campo de Puerta pero me fui por las condiciones en las que est \u00e1bamos. Te llevaban al yerbal y te tiraban ah\u00ed, en carpas, sin agua. Era imposible trabajar, era muy poco lo que te pagaban, hab\u00eda menores que trabajaban como cualquier obrero. Algunos creen que termin\u00f3 la esclavitud, pero no es as\u00ed\u201d, denunci\u00f3 Pi\u00f1eiro.<br \/>\nLa inspecci\u00f3n en el campo I Pora arroj\u00f3 que en el lugar hab\u00eda tres cuadrillas con trabajadores precarizados y bajo condiciones de vida paup\u00e9rrimas. Una de esas era manejada por H\u00e9ctor Luis D\u00edaz, donde fueron hallados 19 trabajadores, de los cuales 17 no estaban registrados. El acta labrada luego dela inspecci\u00f3n no dej\u00f3 lugar a dudas de la situaci\u00f3n de los peones: viv\u00edan en carpas de lonas negras, sin agua, sin sanitarios, ni elementos de seguridad correspondientes a su labor. Hab\u00eda m\u00e1s de 20 carpas, por lo que las autoridades asumen que habr\u00eda m\u00e1s trabajadores en esa situaci\u00f3n que prefirieron ocultarse tras el operativo. Uno de los trabajadores era un menor de 14 a\u00f1os.<br \/>\n\u201cNos ten\u00edamos que llevar nuestra propia comida, ten\u00edamos carne en mal estado y algunos compa\u00f1eros est\u00e1n infectados por picaduras de bichos. Muchas veces trabaj\u00e9 en ese establecimiento y no ha cambiado nada. Muchos s\u00ed cambiaron, pero el de Puerta sigue igual\u201d, afirm\u00f3 Pi\u00f1eiro.<br \/>\nLa segunda cuadrilla estaba manejada por Domingo Castillo. En este caso se encontraron 15 peones en una situaci\u00f3n paup\u00e9rrima. Luego de la fiscalizaci\u00f3n, los trabajadores solicitaron ser rescatados de ese lugar. Hab\u00edan sido llevados con la promesa de salir los fines de semana, condici\u00f3n que no se cumpli\u00f3. Y la tercera cuadrilla, manejada por Ra\u00fal Rivas, contaba con 27 peones precarizados.<br \/>\nPuerta est\u00e1 de viaje por Sud\u00e1frica y no atendi\u00f3 el llamado de P\u00e1gina\/12, aunque s\u00ed realiz\u00f3 declaraciones al sitio Misiones on line, donde asever\u00f3 que no tiene trabajadores informales en la Estancia I Pora. Con esas palabras, Puerta busc\u00f3 desligarse de cualquier responsabilidad sobre los trabajadores precarizados.Seg\u00fan la Ley 26.727, en su art\u00edculo 12 se establecen las pautas para las subcontrataciones.<br \/>\n\u201cQuienes contraten o subcontraten con terceros la realizaci\u00f3n de trabajos o servicios propios de actividades agrarias, o cedan, total o parcialmente, a terceros el establecimiento o explotac i\u00f3n que se encontrare a su nombre, para la realizaci\u00f3n de dichas actividades, deber\u00e1n exigir de aqu\u00e9llos el adecuado cumplimiento de las normas relativas al trabajo y de las obligaciones derivadas de los sistemas de la seguridad social, siendo en todos los casos solidariamente responsables de las obligaciones emergentes de la relaci\u00f3n laboral y de su extinci\u00f3n, cualquiera sea el acto o estipulaci\u00f3n que al efecto hayan concertado\u201d, puede leerse en la normativa.<br \/>\n\u201cCuando se contraten o subcontraten, cualquiera sea el acto que le d\u00e9 origen, obras, trabajo o servicioscorrespondientes a la actividad normal y espec\u00edfica propia del establecimiento, se considerar\u00e1 en todos los casos que la relaci\u00f3n de trabajo del personal afectado a tal contrataci\u00f3n o subcontrataci\u00f3n est\u00e1 constituida con el principal\u201d, agrega la misma normativa. En el momento de su sanci\u00f3n, Puerta era diputado, pero estuvo ausente a la hora de votar.<br \/>\nComo la responsabilidad recae sobre el due\u00f1o del campo, la denuncia penal por trata laboral y trabajo infantil ser\u00e1 formalizada hoy contra Ram\u00f3n Puerta, actual aliado pol\u00edtico de Sergio Massa.<br \/>\n\u201cNos pagaban menos de lo que nos hab\u00edan prometido. Encima, nos hac\u00edan el descuento del sindicato (Uatre), del 2 por ciento. El sindicato (conducido por Ger\u00f3nimo \u2018 Momo\u2019 Venegas) nunca hizo nada por los tareferos. Nosotros queremos que los empresarios capitalistas como Puerta hagan valer el derecho de los trabajadores\u201d, concluy\u00f3 Pi\u00f1eiro.<\/div>\n<div style=\"text-align: right;\" data-canvas-width=\"643.3663848209239\"><strong>FUENTE: P\u00e1gina12, lunes 3 de febrero de 2014.<\/strong><\/div>\n<div style=\"text-align: right;\" data-canvas-width=\"643.3663848209239\"><\/div>\n<div style=\"text-align: right;\" data-canvas-width=\"643.3663848209239\"><\/div>\n<ul>\n<li style=\"text-align: left;\" data-canvas-width=\"643.3663848209239\">De los art\u00edculos arriba extractados \u00bfte parece que existe alguna vinculaci\u00f3n entre trabajo esclavo y pol\u00edtica? \u00bfPor qu\u00e9 piensas que esto ocurre? \u00bfCu\u00e1l es el papel que jug\u00f3 el sindicato de los peones rurales (UATRE) y cu\u00e1l es el que deber\u00eda jugar?<\/li>\n<\/ul>\n<div style=\"text-align: left;\" data-canvas-width=\"643.3663848209239\"><\/div>\n<h4 style=\"text-align: left;\" data-canvas-width=\"643.3663848209239\">3.1.4 EL TRABAJO INFANTIL<\/h4>\n<ul>\n<li style=\"text-align: left;\" data-canvas-width=\"643.3663848209239\">Despu\u00e9s de asistir el film documental de Eugenio Polgosvsky \u201cLOS HEREDEROS\u201d (ver videoteca) abrir un debate en clase \u00bfAlgunas de las im\u00e1genes tienen reminiscencias al cuadro Diego Rivera? \u00bfQu\u00e9 situaciones te impactaron m\u00e1s? \u00bfEs justo que esto suceda? \u00bfPor qu\u00e9 crees que esto aun sucede?<\/li>\n<li style=\"text-align: left;\" data-canvas-width=\"643.3663848209239\">Reflexiona sobre las siguientes tira de Mafalda.<\/li>\n<\/ul>\n<div style=\"text-align: left;\" data-canvas-width=\"643.3663848209239\"><img loading=\"lazy\" class=\"aligncenter size-full wp-image-336\" src=\"https:\/\/www.lacasaclaypole.org.ar\/primerafuncion\/wp-content\/uploads\/2016\/06\/1-4.png\" alt=\"1\" width=\"653\" height=\"196\" srcset=\"https:\/\/www.lacasaclaypole.org.ar\/primerafuncion\/wp-content\/uploads\/2016\/06\/1-4.png 653w, https:\/\/www.lacasaclaypole.org.ar\/primerafuncion\/wp-content\/uploads\/2016\/06\/1-4-300x90.png 300w\" sizes=\"(max-width: 653px) 100vw, 653px\" \/> <img loading=\"lazy\" class=\"aligncenter size-full wp-image-337\" src=\"https:\/\/www.lacasaclaypole.org.ar\/primerafuncion\/wp-content\/uploads\/2016\/06\/2-4.png\" alt=\"2\" width=\"638\" height=\"183\" srcset=\"https:\/\/www.lacasaclaypole.org.ar\/primerafuncion\/wp-content\/uploads\/2016\/06\/2-4.png 638w, https:\/\/www.lacasaclaypole.org.ar\/primerafuncion\/wp-content\/uploads\/2016\/06\/2-4-300x86.png 300w\" sizes=\"(max-width: 638px) 100vw, 638px\" \/><\/div>\n<div style=\"text-align: left;\" data-canvas-width=\"643.3663848209239\"><\/div>\n<div style=\"text-align: left;\" data-canvas-width=\"643.3663848209239\"><\/div>\n<div style=\"text-align: left;\" data-canvas-width=\"643.3663848209239\"><\/div>\n<h3 style=\"text-align: left;\" data-canvas-width=\"643.3663848209239\">3.2 PARA EL \u00c1REA DE PL\u00c1STICA<\/h3>\n<ul>\n<li style=\"text-align: left;\" data-canvas-width=\"643.3663848209239\">Asistir en clase el video del Canal Encuentro \u201cRESTAURADORES DE MURALES\u201d (ver videoteca).\n<ul>\n<li style=\"text-align: left;\" data-canvas-width=\"643.3663848209239\">\u00bfQui\u00e9nes se encargan de la restauraci\u00f3n y preservaci\u00f3n del patrimonio cultural?<\/li>\n<li style=\"text-align: left;\" data-canvas-width=\"643.3663848209239\">\u00bfQu\u00e9 caracter\u00edsticas tiene su trabajo?<\/li>\n<li style=\"text-align: left;\" data-canvas-width=\"643.3663848209239\">Observen y discutan qu\u00e9 dificultades deben sortear y resolver los trabajadores que realizan las tareas de restauraci\u00f3n de obras de arte.<\/li>\n<li style=\"text-align: left;\" data-canvas-width=\"643.3663848209239\">Registren los elementos y herramientas con los que estos profesionales realizan la tarea.<\/li>\n<li style=\"text-align: left;\" data-canvas-width=\"643.3663848209239\">Elijan alguna de las an\u00e9cdotas o explicaciones que aparecen en el documental y escr\u00edbanlas para no olvidarlas.<\/li>\n<\/ul>\n<\/li>\n<li style=\"text-align: left;\" data-canvas-width=\"643.3663848209239\">Si el video anterior le interes\u00f3 al grupo, puede verse tambi\u00e9n: \u201c\u201cRESTAURADORES\u201d(ver referencias).<\/li>\n<\/ul>\n<div style=\"text-align: left;\" data-canvas-width=\"643.3663848209239\"><\/div>\n<h3 style=\"text-align: left;\" data-canvas-width=\"643.3663848209239\"><\/h3>\n<h3 style=\"text-align: left;\" data-canvas-width=\"643.3663848209239\">3.3 PARA LA ESCUELA PRIMARIA Y LOS NIVELES INICIALES<\/h3>\n<ul>\n<li style=\"text-align: left;\" data-canvas-width=\"643.3663848209239\">\u00bfQue situaci\u00f3n retrata el mural de Rivera? \u00bfTe parece un trabajo f\u00e1cil? \u00bfPor qu\u00e9?<\/li>\n<li style=\"text-align: left;\" data-canvas-width=\"643.3663848209239\">Realizar una lista de los trabajos m\u00e1s cansadores. Clasificar cuales de se realizan en el campo y cuales en la ciudad.<\/li>\n<li style=\"text-align: left;\" data-canvas-width=\"643.3663848209239\">Para pensar: \u00bfLos trabajos m\u00e1s duros y cansadores ser\u00e1n los mejores pagos? \u00bfPor qu\u00e9?<\/li>\n<li style=\"text-align: left;\" data-canvas-width=\"643.3663848209239\">\u00bfCu\u00e1les de esos trabajos te gustar\u00eda hacer y cuales no?<\/li>\n<li style=\"text-align: left;\" data-canvas-width=\"643.3663848209239\">Despu\u00e9s de ver el video \u201cZamba\u00a0&#8211; Excursi\u00f3n al Museo de Bellas Artes\u00a0&#8211; Diego Rivera\u201d (ver videoteca), responder:\n<ul>\n<li style=\"text-align: left;\" data-canvas-width=\"643.3663848209239\">\u00bfQu\u00e9 es un mural?<\/li>\n<li style=\"text-align: left;\" data-canvas-width=\"643.3663848209239\">\u00bfQu\u00e9 es el muralismo?<\/li>\n<li style=\"text-align: left;\" data-canvas-width=\"643.3663848209239\">\u00bfCu\u00e1l era la t\u00e9cnica utilizada por Diego Rivera?<\/li>\n<\/ul>\n<\/li>\n<li style=\"text-align: left;\" data-canvas-width=\"643.3663848209239\">Haciendo un mural.\n<ul>\n<li style=\"text-align: left;\" data-canvas-width=\"643.3663848209239\">Eleg\u00edr un oficio y realizar un boceto de esa actividad con la cu\u00e1l pintar\u00edas un mural. Organizar una exposici\u00f3n con todos los bocetos y votarlos entre todos los alumnos, para saber cu\u00e1l ser\u00e1 el motivo elegido para nuestro mural.<\/li>\n<li style=\"text-align: left;\" data-canvas-width=\"643.3663848209239\">Verificar en que pared podremos realizar nuestro mural y \u00a1manos a la obra! (para t\u00e9cnicas de organizaci\u00f3n de murales en el escuela puede consultarse COFFEY, A (2001): Murales Exteriores \u201cDirigidos\u201d en las Escuelas -en anexo-).<\/li>\n<\/ul>\n<\/li>\n<li>Concurso de murales\n<ul>\n<li style=\"text-align: left;\" data-canvas-width=\"643.3663848209239\">Verificar la posibilidad de cortar una calle del barrio, frente a la escuela o frente a la casa de cultura. Organizar una competencia de murales interescolares o entre niveles de una misma escuela pintados sobre el asfalto de la calle, asignando a cada uno un sector espec\u00edfico de la misma.<\/li>\n<\/ul>\n<\/li>\n<\/ul>\n<p>[\/et_pb_toggle][et_pb_toggle admin_label=\u00bb4. MATERIAL DE APOYO PARA ALUMNOS, DOCENTES Y VECINOS \u00bb title=\u00bb4. MATERIAL DE APOYO PARA ALUMNOS, DOCENTES Y VECINOS \u00bb open=\u00bboff\u00bb use_border_color=\u00bboff\u00bb border_color=\u00bb#ffffff\u00bb border_style=\u00bbsolid\u00bb title_font_size=\u00bb30&#8243; body_font=\u00bbArial||||\u00bb]<\/p>\n<p>COFFEY, A (2001): Murales Exteriores \u201cDirigidos\u201d en las Escuelas. (en anexo).<br \/>\nIGLESIAS, S. (2006): Bialet Mass\u00e9, un siglo despu\u00e9s. Todo lo que hoy nos pasa estaba escrito (film)<br \/>\nMINISTERIO DE EDUCACI\u00d3N. CANAL ENCUENTRO: Restauradores (Video). disponible en: http:\/\/www.encuentro.gov.ar\/sitios\/encuentro\/programas\/ver?rec_id=103063.. (VER VIDEOTECA)<br \/>\nMINISTERIO DE EDUCACI\u00d3N. CANAL ENCUENTRO: Restauradores de Murales (Video). disponible en: http:\/\/www.encuentro.gov.ar\/sitios\/encuentro\/programas\/ver?rec_id=103057. (VER VIDEOTECA)<br \/>\nMINISTERIO DE EDUCACI\u00d3N. CANAL PAKAPAKA: Zamba &#8211; Excursi\u00f3n al Museo de Bellas Artes &#8211; Diego Rivera (video). Disponible en https:\/\/youtu.be\/YXYiv7NlasQ (en anexo). (VER VIDEOTECA)<br \/>\nPOLGOSVKY, E. (2008): Los herederos (film) &#8211; en anexo. Disponible en l\u00ednea en https:\/\/www.youtube.com\/watch?v=qkUcpIWFxJY. (VER VIDEOTECA)<\/p>\n<p>[\/et_pb_toggle][\/et_pb_column][\/et_pb_row][\/et_pb_section]<\/p>\n","protected":false},"excerpt":{"rendered":"<p>[et_pb_section admin_label=\u00bbsection\u00bb transparent_background=\u00bboff\u00bb background_color=\u00bb#383838&#8243; allow_player_pause=\u00bboff\u00bb inner_shadow=\u00bboff\u00bb parallax=\u00bboff\u00bb parallax_method=\u00bboff\u00bb padding_mobile=\u00bboff\u00bb make_fullwidth=\u00bboff\u00bb use_custom_width=\u00bboff\u00bb width_unit=\u00bbon\u00bb make_equal=\u00bboff\u00bb use_custom_gutter=\u00bboff\u00bb][et_pb_row admin_label=\u00bbrow\u00bb][et_pb_column type=\u00bb4_4&#8243;][et_pb_text admin_label=\u00bbTexto\u00bb background_layout=\u00bbdark\u00bb text_orientation=\u00bbcenter\u00bb use_border_color=\u00bboff\u00bb border_color=\u00bb#ffffff\u00bb border_style=\u00bbsolid\u00bb text_font=\u00bbArial||||\u00bb] Mi estilo naci\u00f3 como un ni\u00f1o, en un instante, con la diferencia de que a ese nacimiento le precedi\u00f3 un embarazo de 35 a\u00f1os. Diego Rivera [\/et_pb_text][\/et_pb_column][\/et_pb_row][et_pb_row admin_label=\u00bbFila\u00bb][et_pb_column type=\u00bb4_4&#8243;][et_pb_toggle admin_label=\u00bb1. ELEMENTOS B\u00c1SICOS [&hellip;]<\/p>\n","protected":false},"author":1,"featured_media":0,"parent":63,"menu_order":0,"comment_status":"closed","ping_status":"closed","template":"","meta":[],"_links":{"self":[{"href":"https:\/\/www.lacasaclaypole.org.ar\/primerafuncion\/wp-json\/wp\/v2\/pages\/242"}],"collection":[{"href":"https:\/\/www.lacasaclaypole.org.ar\/primerafuncion\/wp-json\/wp\/v2\/pages"}],"about":[{"href":"https:\/\/www.lacasaclaypole.org.ar\/primerafuncion\/wp-json\/wp\/v2\/types\/page"}],"author":[{"embeddable":true,"href":"https:\/\/www.lacasaclaypole.org.ar\/primerafuncion\/wp-json\/wp\/v2\/users\/1"}],"replies":[{"embeddable":true,"href":"https:\/\/www.lacasaclaypole.org.ar\/primerafuncion\/wp-json\/wp\/v2\/comments?post=242"}],"version-history":[{"count":10,"href":"https:\/\/www.lacasaclaypole.org.ar\/primerafuncion\/wp-json\/wp\/v2\/pages\/242\/revisions"}],"predecessor-version":[{"id":530,"href":"https:\/\/www.lacasaclaypole.org.ar\/primerafuncion\/wp-json\/wp\/v2\/pages\/242\/revisions\/530"}],"up":[{"embeddable":true,"href":"https:\/\/www.lacasaclaypole.org.ar\/primerafuncion\/wp-json\/wp\/v2\/pages\/63"}],"wp:attachment":[{"href":"https:\/\/www.lacasaclaypole.org.ar\/primerafuncion\/wp-json\/wp\/v2\/media?parent=242"}],"curies":[{"name":"wp","href":"https:\/\/api.w.org\/{rel}","templated":true}]}}