{"id":1190,"date":"2018-08-16T16:15:50","date_gmt":"2018-08-16T16:15:50","guid":{"rendered":"http:\/\/www.hecultura.com\/primerafuncion\/?page_id=1190"},"modified":"2018-08-16T18:53:51","modified_gmt":"2018-08-16T18:53:51","slug":"de-las-nubes","status":"publish","type":"page","link":"https:\/\/www.lacasaclaypole.org.ar\/primerafuncion\/de-las-nubes\/","title":{"rendered":"NUESTRA SE\u00d1ORA DE LAS NUBES"},"content":{"rendered":"<p>[et_pb_section bb_built=\u00bb1&#8243; admin_label=\u00bbsection\u00bb background_color=\u00bb#383838&#8243; custom_padding_last_edited=\u00bbon|desktop\u00bb _builder_version=\u00bb3.0.47&#8243; custom_padding_tablet=\u00bb50px|0|50px|0&#8243; transparent_background=\u00bboff\u00bb padding_mobile=\u00bboff\u00bb][et_pb_row admin_label=\u00bbrow\u00bb _builder_version=\u00bb3.0.47&#8243; background_size=\u00bbinitial\u00bb background_position=\u00bbtop_left\u00bb background_repeat=\u00bbrepeat\u00bb][et_pb_column type=\u00bb1_3&#8243;][\/et_pb_column][et_pb_column type=\u00bb2_3&#8243;][et_pb_text background_layout=\u00bbdark\u00bb _builder_version=\u00bb3.0.105&#8243; text_font_size=\u00bb14px\u00bb text_line_height=\u00bb1.5em\u00bb header_text_align=\u00bbright\u00bb background_size=\u00bbinitial\u00bb background_position=\u00bbtop_left\u00bb background_repeat=\u00bbrepeat\u00bb text_orientation=\u00bbcenter\u00bb module_alignment=\u00bbcenter\u00bb use_border_color=\u00bboff\u00bb]<\/p>\n<p style=\"text-align: right;\">El exilio comienza cuando comenzamos a matar las cosas que amamos<br \/>\npero no las matamos de una vez, tal vez en a\u00f1os&#8230;<\/p>\n<p style=\"text-align: right;\"><strong>Ar\u00edstides Vargas<\/strong><\/p>\n<p>[\/et_pb_text][\/et_pb_column][\/et_pb_row][et_pb_row admin_label=\u00bbrow\u00bb _builder_version=\u00bb3.0.47&#8243; background_size=\u00bbinitial\u00bb background_position=\u00bbtop_left\u00bb background_repeat=\u00bbrepeat\u00bb][et_pb_column type=\u00bb1_4&#8243;][\/et_pb_column][et_pb_column type=\u00bb1_2&#8243;][et_pb_video src=\u00bbhttps:\/\/youtu.be\/ebYMkH0Gd3M\u00bb _builder_version=\u00bb3.0.105&#8243;]<\/p>\n<p>&nbsp;<\/p>\n<p>[\/et_pb_video][\/et_pb_column][et_pb_column type=\u00bb1_4&#8243;][\/et_pb_column][\/et_pb_row][et_pb_row _builder_version=\u00bb3.0.47&#8243; background_size=\u00bbinitial\u00bb background_position=\u00bbtop_left\u00bb background_repeat=\u00bbrepeat\u00bb][et_pb_column type=\u00bb4_4&#8243;][et_pb_toggle admin_label=\u00bb1. ELEMENTOS B\u00c1SICOS DE ORIENTACI\u00d3N\u00bb title=\u00bb1. ELEMENTOS B\u00c1SICOS DE ORIENTACI\u00d3N\u00bb _builder_version=\u00bb3.0.105&#8243; title_font_size=\u00bb30&#8243; body_line_height=\u00bb1.5em\u00bb background_size=\u00bbinitial\u00bb background_position=\u00bbtop_left\u00bb background_repeat=\u00bbrepeat\u00bb text_orientation=\u00bbjustified\u00bb use_border_color=\u00bboff\u00bb open=\u00bboff\u00bb]<\/p>\n<p><strong>T\u00edtulo<\/strong>: NUESTRA SE\u00d1ORA DE LAS NUBES<\/p>\n<p><strong>G\u00e9nero<\/strong>: Absurdo<\/p>\n<p><strong>Autor<\/strong>: Ar\u00edstides Vargas<\/p>\n<p><strong>Direcci\u00f3n<\/strong>: Emilio Hugo Alba<\/p>\n<p><strong>Compa\u00f1\u00eda<\/strong>: Vamos Teatro<\/p>\n<p><strong>Sinopsis<\/strong>:<\/p>\n<p>La obra tiene dos personajes protag\u00f3nicos: Oscar y Bruna que se encuentran por azar en un\u00a0lugar que no es el suyo, en una tierra extra\u00f1a, y entablan una relaci\u00f3n de amistad al\u00a0reconocerse originarios de un mismo pueblo: Nuestra Se\u00f1ora de las Nubes.<\/p>\n<p>En el desarrollo de la obra van apareciendo los distintos personajes que pueblan Nuestra\u00a0Se\u00f1ora de las Nubes: Los que ostentan el poder, la abuela que guarda la memoria del\u00a0pueblo, la historia de amor entre un so\u00f1ador y su mujer, los vagos que apostados en una\u00a0esquina se dedican a decir piropos a las mujeres; ese paisaje humano identificable en\u00a0cualquier pueblo de cualquier lugar va siendo descrito por autor y actores con dosis de\u00a0ternura, de picaresca , a veces con tintes de drama.<\/p>\n<p>Paralelamente Oscar y Bruna, van descubriendo los dolores comunes y la com\u00fan soledad\u00a0del que, por las circunstancias que sea, est\u00e1 lejos de la propia tierra.<\/p>\n<p><strong>Publico Sugerido<\/strong>: Secundaria (\u00faltimos a\u00f1os) \/ Terciario \/ Educaci\u00f3n de Adultos<\/p>\n<p>[\/et_pb_toggle][et_pb_toggle admin_label=\u00bb2. MATERIAL SUGERIDO PARA EL TRABAJO PREVIO A LA VISITA\u00bb title=\u00bb2. MATERIAL SUGERIDO PARA EL TRABAJO PREVIO A LA FUNCI\u00d3N\u00bb _builder_version=\u00bb3.0.105&#8243; title_font_size=\u00bb30&#8243; body_line_height=\u00bb1.5em\u00bb background_size=\u00bbinitial\u00bb background_position=\u00bbtop_left\u00bb background_repeat=\u00bbrepeat\u00bb text_orientation=\u00bbjustified\u00bb use_border_color=\u00bboff\u00bb open=\u00bboff\u00bb]<\/p>\n<p>\u00bfQu\u00e9 es en el teatro el g\u00e9nero del ABSURDO?<\/p>\n<p>Buscar otros tipos de g\u00e9neros teatrales. \u00bfCu\u00e1les son sus caracter\u00edsticas?<\/p>\n<p>Investigar la biograf\u00eda de Ar\u00edstides Vargas<\/p>\n<p>[\/et_pb_toggle][et_pb_toggle admin_label=\u00bb3. ACTIVIDADES SUGERIDAS PARA DESPU\u00c9S DE LA VISITA\u00bb title=\u00bb3. ACTIVIDADES SUGERIDAS PARA DESPU\u00c9S DE LA FUNCI\u00d3N\u00bb _builder_version=\u00bb3.0.105&#8243; title_font_size=\u00bb30&#8243; body_line_height=\u00bb1.5em\u00bb background_size=\u00bbinitial\u00bb background_position=\u00bbtop_left\u00bb background_repeat=\u00bbrepeat\u00bb text_orientation=\u00bbjustified\u00bb use_border_color=\u00bboff\u00bb open=\u00bboff\u00bb]<\/p>\n<p><strong>ACTIVIDAD<\/strong>: AN\u00c1LISIS DE LA OBRA<\/p>\n<p>(i) Analizar el siguiente dialogo entre los protagonistas<\/p>\n<p style=\"padding-left: 30px;\"><strong>BRUNA<\/strong>: Me parece haber visto su cara en otro lado.<\/p>\n<p style=\"padding-left: 30px;\"><strong>OSCAR<\/strong>: Imposible, mi cara siempre anda conmigo.<\/p>\n<p style=\"padding-left: 30px;\"><strong>BRUNA<\/strong>: \u00bfQu\u00e9 hace?<\/p>\n<p style=\"padding-left: 30px;\"><strong>OSCAR<\/strong>: Miro los p\u00e1jaros.<\/p>\n<p style=\"padding-left: 30px;\"><strong>BRUNA<\/strong>: Empajaritado.<\/p>\n<p style=\"padding-left: 30px;\"><strong>OSCAR<\/strong>: \u00bfC\u00f3mo?<\/p>\n<p style=\"padding-left: 30px;\"><strong>BRUNA<\/strong>: Nada, que en mi pa\u00eds los p\u00e1jaros enloquecen a las seis de la ma\u00f1ana como si un maestro de canto neur\u00f3tico por el silencio les tirara de las colas.<\/p>\n<p style=\"padding-left: 30px;\"><strong>OSCAR<\/strong>: En el m\u00edo, sin embargo los maridos golpean a sus esposas.<\/p>\n<p style=\"padding-left: 30px;\"><strong>BRUNA<\/strong>: En el m\u00edo tambi\u00e9n y cada cuarenta pu\u00f1etazos tienen una gentileza: llevan a sus esposas al cine a ver pel\u00edculas mudas en blanco y negro.<\/p>\n<p>Hacer una puesta en com\u00fan en el curso: \u00bfestas ideas son habituales? \u00bfhay mucha gente que piensa de esta manera? \u00bfEs habitual que los hombres golpeen a sus esposas?<\/p>\n<p>Buscar datos del pa\u00eds sobre violencia de g\u00e9nero y debatirlos en el aula. Convocar especialistas en el tema y organizar una charla-debate.<\/p>\n<p>Debatir en el aula: \u00bfqu\u00e9 sensaciones provoca la obra? (pena, alegr\u00eda, contradicci\u00f3n, l\u00e1stima, nostalgia, angustia, etc.) \u00bfen que momentos?<\/p>\n<p>&nbsp;<\/p>\n<p><strong>ACTIVIDAD: VIOLENCIA DE G\u00c9NERO<\/strong><\/p>\n<p>Analizar y debatir en el aula las siguientes frases:<\/p>\n<ul>\n<li>\u201cMi novio no es agresivo, solo tiene mal car\u00e1cter\u201d<\/li>\n<li>\u201cMe cuida mucho, por eso no me deja salir sola\u201d<\/li>\n<li>\u201cEl termina el d\u00eda cansado y eso lo pone nervioso\u201d<\/li>\n<li>\u201cMe critica todo el tiempo porque quiere que sea mejor\u201d<\/li>\n<\/ul>\n<p>&nbsp;<\/p>\n<p><strong>ACTIVIDAD<\/strong>: AN\u00c1LISIS DE LA OBRA<\/p>\n<p>(ii) Analizar el siguiente dialogo entre los protagonistas<\/p>\n<p style=\"padding-left: 30px;\"><strong>BRUNA<\/strong>: Estoy harta de quedarme en silencio.<\/p>\n<p style=\"padding-left: 30px;\"><strong>OSCAR<\/strong>: Yo tambi\u00e9n.<\/p>\n<p style=\"padding-left: 30px;\"><strong>BRUNA<\/strong>: Pobres de nosotros que no levantamos la voz porque somos extranjeros.<\/p>\n<p style=\"padding-left: 30px;\"><strong>OSCAR<\/strong>: Tampoco hay que andar por el mundo a los gritos.<\/p>\n<p style=\"padding-left: 30px;\"><strong>BRUNA<\/strong>: Pero tampoco hay que sumirse en el silencio de los tontos.<\/p>\n<p style=\"padding-left: 30px;\"><strong>OSCAR<\/strong>: Yo no me quedo callado, aun cuando las leyes de un pa\u00eds proh\u00edben a los extranjeros opiniones pol\u00edticas, aunque meta la pata al decir la verdad cuando lo que tengo que hacer es callarme o mentir, yo no hago silencio.<\/p>\n<p style=\"padding-left: 30px;\"><strong>BRUNA<\/strong>: Hace usted muy bien, porque el silencio es la casa de los que no tienen casa y nada que contar porque no cuentan para nada.<\/p>\n<p>\u00bfQu\u00e9 pensamos del silencio? \u00bfLas leyes de un pa\u00eds pueden prohibir opiniones pol\u00edticas? \u00bfEn qu\u00e9 casos?<\/p>\n<p>DEBATIR: El Silencio es Salud<\/p>\n<p>En la Navidad de 1974, con la excusa de una campa\u00f1a contra los ruidos molestos, Jos\u00e9 Lopez Rega, a la saz\u00f3n hombre fuerte del gobierno de Isabelita, sentenci\u00f3 las opiniones de disidentes, periodistas, artistas, intelectuales, obreros y dirigentes pol\u00edticos que osaran denunciar al terrorismo de Estado que instalaba la Triple A, con esta nefasta frase, como una previa de lo que vendr\u00eda a partir del 24 de marzo del 76.<\/p>\n<p>&nbsp;<\/p>\n<p><strong>ACTIVIDAD: EXTRANJEROS<\/strong><\/p>\n<p>(Extra\u00eddo del portal EducAr)<\/p>\n<p>En los \u00faltimos a\u00f1os se descubrieron muchos talleres clandestinos en Argentina, y las v\u00edctimas son, por lo general, inmigrantes de otros pa\u00edses latinoamericanos. Por eso la propuesta es trabajar los or\u00edgenes hist\u00f3ricos de esta situaci\u00f3n.<\/p>\n<p><strong>Parte I<\/strong><\/p>\n<ol>\n<li>Se sugiere dividir a los alumnos en grupos y que a cada uno se le asigne un pa\u00eds latinoamericano del cual es frecuente la inmigraci\u00f3n en las \u00faltimas d\u00e9cadas, por ejemplo, Bolivia, Per\u00fa o Paraguay. Cada grupo puede investigar acerca de los factores de expulsi\u00f3n, es decir, las razones por las cuales esta poblaci\u00f3n se ve obligada a irse de su lugar de origen y buscar mejores posibilidades de vida en otro pa\u00eds.<\/li>\n<li>Luego, se puede realiazar una puesta en com\u00fan, en la cual cada grupo exponga los resultados de su investigaci\u00f3n. Y a continuaci\u00f3n, que se elabore un texto que sintetice lo presentado.Un acercamiento interesante es analizar cu\u00e1les son los factores de atracci\u00f3n:<\/li>\n<\/ol>\n<p><strong>*\u00a0<\/strong>Por qu\u00e9 la Argentina es uno de los lugares elegidos por los inmigrantes.<br \/>\n<strong>*\u00a0<\/strong>Qu\u00e9 zonas del pa\u00eds prefieren.<br \/>\n<strong>*\u00a0<\/strong>Por qu\u00e9 razones son sus lugares de asentamiento.<\/p>\n<ol start=\"3\">\n<li>A partir de informaciones period\u00edsticas y de bibliograf\u00eda, se puede profundizar en las condiciones de vida y de trabajo de esta poblaci\u00f3n:<\/li>\n<\/ol>\n<p><strong>*<\/strong>\u00a0D\u00f3nde viven.<br \/>\n<strong>*<\/strong>\u00a0C\u00f3mo viven.<br \/>\n<strong>*<\/strong>\u00a0Qu\u00e9 trabajos realizan.<br \/>\n<strong>*<\/strong>\u00a0En qu\u00e9 condiciones trabajan.<\/p>\n<p>Tambi\u00e9n se puede sugerir que los alumnos comparen estas inmigraciones con la inmigraci\u00f3n europea de principios de siglo XX. Los alumnos pueden aportar algunas historias familiares para ambos casos.<\/p>\n<p><strong>Parte II<\/strong><\/p>\n<p>La inmigraci\u00f3n a veces genera im\u00e1genes y sensaciones contradictorias en la sociedad que la recibe. La incorporaci\u00f3n de una poblaci\u00f3n de diferentes or\u00edgenes y con otros h\u00e1bitos, pautas culturales y formas de pensar en ocasiones genera prejuicios o reacciones de rechazo.<\/p>\n<p>En la Argentina de principios del siglo XX se consideraba que los inmigrantes tra\u00edan ideolog\u00edas que pod\u00edan cuestionar el sistema econ\u00f3mico y que pod\u00edan hacer perder la nacionalidad argentina. El Estado argentino no fren\u00f3 la inmigraci\u00f3n europea pero trat\u00f3 de limitar aquellas posibilidades que consideraba peligrosas.<\/p>\n<ol>\n<li>Para analizar este aspecto incluimos algunos art\u00edculos de la ley de Residencia de 1902:<\/li>\n<\/ol>\n<p><strong>Art. 1.<\/strong>\u00a0El Poder Ejecutivo podr\u00e1 ordenar la salida del territorio de la Naci\u00f3n a todo extranjero que haya sido condenado o sea perseguido por los tribunales extranjeros por cr\u00edmenes o delitos comunes.<\/p>\n<p><strong>Art. 2.<\/strong>\u00a0El Poder Ejecutivo podr\u00e1 ordenar la salida del territorio de la Naci\u00f3n a todo extranjero cuya conducta comprometa la seguridad nacional o perturbe el orden p\u00fablico.<\/p>\n<p><strong>Art. 3.<\/strong>\u00a0El Poder Ejecutivo podr\u00e1 impedir la entrada al territorio de la Rep\u00fablica a todo extranjero cuyos antecedentes autoricen a incluirlo entre a aquellos a que se refieren los art\u00edculos anteriores<\/p>\n<p>Se sugieren algunas preguntas que pueden acompa\u00f1ar esta lectura:<\/p>\n<ul>\n<li><strong>*<\/strong>\u00a0\u00bfEn qu\u00e9 contexto se redact\u00f3 esta ley?<\/li>\n<li><strong>*<\/strong>\u00a0\u00bfQu\u00e9 quiere decir \u00abcuya conducta comprometa la seguridad nacional o perturbe el orden p\u00fablico\u00bb?<\/li>\n<li><strong>*\u00a0<\/strong>\u00bfA qu\u00e9 conductas puede referirse esta ley?<\/li>\n<li><strong>*<\/strong>\u00a0\u00bfLa actitud del estado frente a los inmigrantes en la actualidad coincide con la planteada en la ley de 1902?<\/li>\n<li><strong>*<\/strong>\u00a0\u00bfExiste en la actualidad, por parte de la sociedad, desconfianza hacia los extranjeros?<\/li>\n<\/ul>\n<p>Para cerrar esta actividad, se propone escuchar la canci\u00f3n\u00a0<a href=\"http:\/\/www.rock.com.ar\/letras\/2\/2666.shtml\">\u00abDe igual a igual\u00bb<\/a>, de Le\u00f3n Gieco. Se sugiere prestar especial atenci\u00f3n a los aspectos que tienen que ver con las actitudes que se tienen en Argentina y el mundo respecto a los inmigrantes.<\/p>\n<p>Visitar el mural \u201dEl Cargador de Flores\u201d en el Espacio de Deabte y Cultura LA CASA (www.lacasaclaypole.org.ar\/murales\/los-murales\/diego-rivera) y analizar las actividades del \u00edtem 3.1.2 \u201cEl Mundo del Trabajo\u201d<\/p>\n<p>&nbsp;<\/p>\n<p><strong>ACTIVIDAD: MEME Y LA ABUELA<\/strong><\/p>\n<p>?Qu\u00e9 generaron en vos los personajes de Meme y de la Abuela? \u00bfQu\u00e9 reclaman?<\/p>\n<p>Informarse y debatir:<\/p>\n<p>\u00bfCual\u00e9s son los pueblos originarios que reclaman derechos en Am\u00e9rica? \u00bfQu\u00e9 derechos reclaman? Analizar y debatir.<\/p>\n<p>Trabajar en base a \u201cEL DERECHO DE LOS PUEBLOS ORIGINARIOS EN AM\u00c9RICA\u201d (disponible en el material de apoyo)<\/p>\n<p><strong>\u00a0<\/strong><\/p>\n<p>&nbsp;<\/p>\n<p><strong>ACTIVIDAD: AN\u00c1LISIS DE CONTEXTO<\/strong><\/p>\n<p>Analizar el siguiente dialogo entre los personajes Alicia y Federico:<\/p>\n<p style=\"padding-left: 30px;\"><strong>ALICIA<\/strong>: Supongamos que ellos llegan y derriban las puertas&#8230;<\/p>\n<p style=\"padding-left: 30px;\"><strong>FEDERICO<\/strong>: Supongamos que tenemos un minuto para huir.<\/p>\n<p style=\"padding-left: 30px;\"><strong>ALICIA<\/strong>: Supongamos que la puerta est\u00e1 trabada y ganamos un minuto para huir. FEDERICO: Supongamos que estamos dormidos.<\/p>\n<p style=\"padding-left: 30px;\"><strong>ALICIA<\/strong>: Supongamos que despertamos s\u00fabitamente y que tu logras huir y ganas la calle, y yo miro tu imagen, c\u00f3mo se aleja, y es lo \u00faltimo que veo de este mundo&#8230;<\/p>\n<p style=\"padding-left: 30px;\"><strong>FEDERICO<\/strong>: Supongamos que eres t\u00fa la que logras huir y ganas la calle y yo miro tu imagen, c\u00f3mo se aleja, y es lo \u00faltimo que veo de este mundo&#8230;<\/p>\n<p style=\"padding-left: 30px;\"><strong>ALICIA<\/strong>: Supongamos que los dos logramos huir&#8230;<\/p>\n<p style=\"padding-left: 30px;\"><strong>FEDERICO<\/strong>: Supongamos que logramos huir los dos y ellos quedan solos en esta habitaci\u00f3n, junto a nuestros libros llenos de buenas intenciones&#8230;<\/p>\n<p style=\"padding-left: 30px;\"><strong>ALICIA<\/strong>: Supongamos que ellos llenos de rabia queman nuestros libros y nuestras buenas intenciones&#8230;<\/p>\n<p style=\"padding-left: 30px;\"><strong>FEDERICO<\/strong>: Supongamos que ninguno de los dos escapa.<\/p>\n<p style=\"padding-left: 30px;\"><strong>ALICIA<\/strong>: Supongamos que caemos abrazados porque nos am\u00e1bamos tanto.<\/p>\n<p style=\"padding-left: 30px;\"><strong>FEDERICO<\/strong>: Supongamos que abrazados nos derriban.<\/p>\n<p style=\"padding-left: 30px;\"><strong>ALICIA<\/strong>: Supongamos que nos hacen desaparecer.<\/p>\n<p style=\"padding-left: 30px;\"><strong>FEDERICO<\/strong>: Supongamos que completamente desaparecemos.<\/p>\n<p style=\"padding-left: 30px;\"><strong>ALICIA<\/strong>: Supongamos que est\u00e1bamos equivocados, porque cre\u00edamos que \u00e9ramos los \u00fanicos que no pod\u00edamos morir.<\/p>\n<p style=\"padding-left: 30px;\"><strong>FEDERICO<\/strong>: Supongamos que todo fue una gran equivocaci\u00f3n, porque ciertamente pod\u00edamos morir como morimos.<\/p>\n<p style=\"padding-left: 30px;\"><strong>ALICIA<\/strong>: Supongamos que comenzamos todo de nuevo.<\/p>\n<p style=\"padding-left: 30px;\"><strong>FEDERICO<\/strong>: Supongamos que nos volvemos a equivocar.<\/p>\n<p style=\"padding-left: 30px;\"><strong>ALICIA<\/strong>: Supongamos que no tenemos tiempo porque nos vuelven a matar.<\/p>\n<p style=\"padding-left: 30px;\"><strong>FEDERICO<\/strong>: Supongamos que otros equivocados recogen nuestras equivocaciones y por equivocaci\u00f3n, hacen un mundo mejor.<\/p>\n<p style=\"padding-left: 30px;\"><strong>ALICIA<\/strong>: Supongamos&#8230; que no es as\u00ed y que nos ahogamos en nuestras equivocaciones.<\/p>\n<p style=\"padding-left: 30px;\"><strong>FEDERICO<\/strong>: Supongamos&#8230; que desde la orilla nos miran con rabia y sin indulgencia.<\/p>\n<p style=\"padding-left: 30px;\"><strong>ALICIA<\/strong>: Supongamos que nos olvidan.<\/p>\n<p style=\"padding-left: 30px;\"><strong>FEDERICO<\/strong>: Supongamos que no nos olvidan.<\/p>\n<p style=\"padding-left: 30px;\"><strong>ALICIA<\/strong>: Supongamos&#8230;<\/p>\n<p style=\"padding-left: 30px;\"><strong>FEDERICO<\/strong>: Supongamos.<\/p>\n<p>\u00bfA quienes se refiere Alicia cuando dice \u201cSupongamos que ellos llegan y derriban las puertas&#8230;\u201d? \u00bfA que per\u00edodo de la historia argentina reciente?<\/p>\n<p>Sit\u00faa la \u00e9poca en que ese acto transcurre. \u00bfEn que a\u00f1os aproximadamente?<\/p>\n<p>Reflexionar acerca de las siguientes preguntas:<\/p>\n<p>\u00bfC\u00f3mo fue posible la vida cotidiana en el medio del terror? \u00bfTodos los sectores sociales vivieron el per\u00edodo de la misma manera? \u00bfEn todas las localidades se viv\u00f3 la dictadura con la misma intensidad?\u00bfQu\u00e9 sectores apoyaron al gobierno de facto? \u00bfQui\u00e9nes lo resistieron y de qu\u00e9 maneras? \u00bfQu\u00e9 sucedi\u00f3 en las distintas regiones del pa\u00eds? \u00bfQu\u00e9 ocurri\u00f3, espec\u00edficamente, en el campo de la educaci\u00f3n, la cultura y los medios de comunicaci\u00f3n?<\/p>\n<p><strong>Para el debate<\/strong><\/p>\n<p>Durante la dictadura, los medios de comunicaci\u00f3n masivos impusieron la frase \u201clos argentinos somos derechos y humanos\u201d que intentaba contrarrestar las denuncias de las violaciones a los Derechos Humanos, que ten\u00edan ya mucha repercusi\u00f3n en el exterior, en v\u00edsperas de la visita al pa\u00eds de la Comisi\u00f3n Interamericana de Derechos Humanos (CIDH) de la OEA<\/p>\n<p>Discutir en clase<\/p>\n<ul>\n<li>\u00bfQu\u00e9 les parece esta frase?<\/li>\n<li>\u00bfQu\u00e9 creen que pensaba la mayor\u00eda de la poblaci\u00f3n sobre esto?<\/li>\n<li>\u00bfQu\u00e9 relaci\u00f3n pueden establecer con la desaparici\u00f3n forzada de personas que ocurr\u00eda en ese momento?<\/li>\n<\/ul>\n<p>De la misma forma se generalizaron frases como \u201cpor algo ser\u00e1\u201d y \u201cno te metas\u201d<\/p>\n<ul>\n<li>\u00bfQui\u00e9nes y cu\u00e1ndo las utilizaban?<\/li>\n<li>\u00bfPara referirse a qui\u00e9nes? \u00bfQu\u00e9 les parece que implica?<\/li>\n<li>\u00bfSe trata de expresiones que se utilizan hoy?<\/li>\n<\/ul>\n<p>\u00bfEn qu\u00e9 situaciones y para referirse a qui\u00e9nes?<\/p>\n<p>[\/et_pb_toggle][et_pb_toggle admin_label=\u00bb4. MATERIAL DE APOYO PARA ALUMNOS, DOCENTES Y VECINOS \u00bb title=\u00bb4. MATERIAL DE APOYO PARA ALUMNOS Y DOCENTES\u00bb _builder_version=\u00bb3.0.105&#8243; title_font_size=\u00bb30&#8243; body_line_height=\u00bb1.5em\u00bb text_orientation=\u00bbjustified\u00bb use_border_color=\u00bboff\u00bb open=\u00bboff\u00bb]<\/p>\n<p><strong>El texto de la obra<\/strong><\/p>\n<p>Nuestra Se\u00f1ora de las Nubes de Ar\u00edstides Vargas.<\/p>\n<p>&nbsp;<\/p>\n<p><strong>En la Videoteca<\/strong><\/p>\n<p>Entrevista con Emilio Hugo Alba y Valentina Caffera<\/p>\n<p>[\/et_pb_toggle][\/et_pb_column][\/et_pb_row][\/et_pb_section]<\/p>\n","protected":false},"excerpt":{"rendered":"<p>[et_pb_section bb_built=\u00bb1&#8243; admin_label=\u00bbsection\u00bb background_color=\u00bb#383838&#8243; custom_padding_last_edited=\u00bbon|desktop\u00bb _builder_version=\u00bb3.0.47&#8243; custom_padding_tablet=\u00bb50px|0|50px|0&#8243; transparent_background=\u00bboff\u00bb padding_mobile=\u00bboff\u00bb][et_pb_row admin_label=\u00bbrow\u00bb _builder_version=\u00bb3.0.47&#8243; background_size=\u00bbinitial\u00bb background_position=\u00bbtop_left\u00bb background_repeat=\u00bbrepeat\u00bb][et_pb_column type=\u00bb1_3&#8243;][\/et_pb_column][et_pb_column type=\u00bb2_3&#8243;][et_pb_text background_layout=\u00bbdark\u00bb _builder_version=\u00bb3.0.105&#8243; text_font_size=\u00bb14px\u00bb text_line_height=\u00bb1.5em\u00bb header_text_align=\u00bbright\u00bb background_size=\u00bbinitial\u00bb background_position=\u00bbtop_left\u00bb background_repeat=\u00bbrepeat\u00bb text_orientation=\u00bbcenter\u00bb module_alignment=\u00bbcenter\u00bb use_border_color=\u00bboff\u00bb] El exilio comienza cuando comenzamos a matar las cosas que amamos pero no las matamos de una vez, tal vez en a\u00f1os&#8230; Ar\u00edstides Vargas [\/et_pb_text][\/et_pb_column][\/et_pb_row][et_pb_row admin_label=\u00bbrow\u00bb _builder_version=\u00bb3.0.47&#8243; background_size=\u00bbinitial\u00bb [&hellip;]<\/p>\n","protected":false},"author":2,"featured_media":0,"parent":0,"menu_order":0,"comment_status":"closed","ping_status":"closed","template":"","meta":[],"_links":{"self":[{"href":"https:\/\/www.lacasaclaypole.org.ar\/primerafuncion\/wp-json\/wp\/v2\/pages\/1190"}],"collection":[{"href":"https:\/\/www.lacasaclaypole.org.ar\/primerafuncion\/wp-json\/wp\/v2\/pages"}],"about":[{"href":"https:\/\/www.lacasaclaypole.org.ar\/primerafuncion\/wp-json\/wp\/v2\/types\/page"}],"author":[{"embeddable":true,"href":"https:\/\/www.lacasaclaypole.org.ar\/primerafuncion\/wp-json\/wp\/v2\/users\/2"}],"replies":[{"embeddable":true,"href":"https:\/\/www.lacasaclaypole.org.ar\/primerafuncion\/wp-json\/wp\/v2\/comments?post=1190"}],"version-history":[{"count":6,"href":"https:\/\/www.lacasaclaypole.org.ar\/primerafuncion\/wp-json\/wp\/v2\/pages\/1190\/revisions"}],"predecessor-version":[{"id":1197,"href":"https:\/\/www.lacasaclaypole.org.ar\/primerafuncion\/wp-json\/wp\/v2\/pages\/1190\/revisions\/1197"}],"wp:attachment":[{"href":"https:\/\/www.lacasaclaypole.org.ar\/primerafuncion\/wp-json\/wp\/v2\/media?parent=1190"}],"curies":[{"name":"wp","href":"https:\/\/api.w.org\/{rel}","templated":true}]}}