{"id":44,"date":"2016-07-26T15:03:45","date_gmt":"2016-07-26T15:03:45","guid":{"rendered":"http:\/\/www.hecultura.com\/fecic\/?page_id=44"},"modified":"2025-11-11T02:21:31","modified_gmt":"2025-11-11T02:21:31","slug":"seleccionados","status":"publish","type":"page","link":"https:\/\/www.lacasaclaypole.org.ar\/fecic\/seleccionados\/","title":{"rendered":"Seleccionados"},"content":{"rendered":"<p>[et_pb_section fb_built=\u00bb1&#8243; fullwidth=\u00bbon\u00bb custom_padding_last_edited=\u00bbon|desktop\u00bb admin_label=\u00bbSecci\u00f3n\u00bb _builder_version=\u00bb3.22&#8243; background_color=\u00bb#ffffff\u00bb custom_padding_tablet=\u00bb50px|0|50px|0&#8243; custom_padding_phone=\u00bb\u00bb transparent_background=\u00bboff\u00bb padding_mobile=\u00bboff\u00bb make_fullwidth=\u00bboff\u00bb use_custom_width=\u00bboff\u00bb width_unit=\u00bbon\u00bb global_colors_info=\u00bb{}\u00bb][et_pb_fullwidth_header title=\u00bbSelecci\u00f3n\u00bb subhead=\u00bbFESTIVAL DE CINE INDEPENDIENTE DE CLAYPOLE XI EDICI\u00d3N\u00bb background_overlay_color=\u00bbrgba(0,0,0,0)\u00bb content_max_width=\u00bbnone\u00bb admin_label=\u00bbT\u00edtulo de anchura completa\u00bb _builder_version=\u00bb4.10.4&#8243; background_color=\u00bbrgba(255, 255, 255, 0)\u00bb background_image=\u00bbhttps:\/\/www.lacasaclaypole.org.ar\/fecic\/wp-content\/uploads\/2025\/08\/banner-solapas.jpg\u00bb min_height=\u00bb263.8px\u00bb background_url=\u00bbhttps:\/\/www.lacasaclaypole.org.ar\/fecic\/wp-content\/uploads\/2021\/08\/BANNER-PEQUEN\u0303O.jpg\u00bb button_one_letter_spacing_hover=\u00bb0&#8243; button_two_letter_spacing_hover=\u00bb0&#8243; global_colors_info=\u00bb{}\u00bb button_one_text_size__hover_enabled=\u00bboff\u00bb button_two_text_size__hover_enabled=\u00bboff\u00bb button_one_text_color__hover_enabled=\u00bboff\u00bb button_two_text_color__hover_enabled=\u00bboff\u00bb button_one_border_width__hover_enabled=\u00bboff\u00bb button_two_border_width__hover_enabled=\u00bboff\u00bb button_one_border_color__hover_enabled=\u00bboff\u00bb button_two_border_color__hover_enabled=\u00bboff\u00bb button_one_border_radius__hover_enabled=\u00bboff\u00bb button_two_border_radius__hover_enabled=\u00bboff\u00bb button_one_letter_spacing__hover_enabled=\u00bbon\u00bb button_one_letter_spacing__hover=\u00bb0&#8243; button_two_letter_spacing__hover_enabled=\u00bbon\u00bb button_two_letter_spacing__hover=\u00bb0&#8243; button_one_bg_color__hover_enabled=\u00bboff\u00bb button_two_bg_color__hover_enabled=\u00bboff\u00bb][\/et_pb_fullwidth_header][\/et_pb_section][et_pb_section fb_built=\u00bb1&#8243; custom_padding_last_edited=\u00bbon|desktop\u00bb admin_label=\u00bbsection\u00bb _builder_version=\u00bb4.10.4&#8243; background_color=\u00bb#eae5e5&#8243; custom_padding_tablet=\u00bb50px|0|50px|0&#8243; custom_padding_phone=\u00bb\u00bb transparent_background=\u00bboff\u00bb padding_mobile=\u00bboff\u00bb make_fullwidth=\u00bboff\u00bb use_custom_width=\u00bboff\u00bb width_unit=\u00bbon\u00bb global_colors_info=\u00bb{}\u00bb][et_pb_row admin_label=\u00bbrow\u00bb _builder_version=\u00bb3.25&#8243; background_size=\u00bbinitial\u00bb background_position=\u00bbtop_left\u00bb background_repeat=\u00bbrepeat\u00bb global_colors_info=\u00bb{}\u00bb][et_pb_column type=\u00bb4_4&#8243; _builder_version=\u00bb3.25&#8243; custom_padding=\u00bb|||\u00bb global_colors_info=\u00bb{}\u00bb custom_padding__hover=\u00bb|||\u00bb][et_pb_text admin_label=\u00bbCATEGORIA 1&#8243; _builder_version=\u00bb4.10.4&#8243; background_size=\u00bbinitial\u00bb background_position=\u00bbtop_left\u00bb background_repeat=\u00bbrepeat\u00bb use_border_color=\u00bboff\u00bb border_color=\u00bb#ffffff\u00bb border_style=\u00bbsolid\u00bb global_colors_info=\u00bb{}\u00bb]<\/p>\n<h1>CATEGOR\u00cdA ANIMACI\u00d3N INFANTIL<\/h1>\n<p>[\/et_pb_text][\/et_pb_column][\/et_pb_row][et_pb_row column_structure=\u00bb1_3,2_3&#8243; padding_mobile=\u00bboff\u00bb column_padding_mobile=\u00bbon\u00bb admin_label=\u00bbFila\u00bb _builder_version=\u00bb3.25&#8243; background_size=\u00bbinitial\u00bb background_position=\u00bbtop_left\u00bb background_repeat=\u00bbrepeat\u00bb custom_css_main_element=\u00bbbox-shadow: 0 0 20px rgba(0,0,0,0.1);||padding:20px 40px;\u00bb make_fullwidth=\u00bboff\u00bb use_custom_width=\u00bboff\u00bb width_unit=\u00bbon\u00bb locked=\u00bboff\u00bb global_colors_info=\u00bb{}\u00bb][et_pb_column type=\u00bb1_3&#8243; _builder_version=\u00bb3.25&#8243; custom_padding=\u00bb|||\u00bb global_colors_info=\u00bb{}\u00bb custom_padding__hover=\u00bb|||\u00bb][et_pb_image src=\u00bbhttps:\/\/www.lacasaclaypole.org.ar\/fecic\/wp-content\/uploads\/2025\/11\/anima-01-tinku.jpg\u00bb title_text=\u00bbanima 01 tinku\u00bb align_tablet=\u00bbcenter\u00bb align_phone=\u00bb\u00bb align_last_edited=\u00bbon|desktop\u00bb admin_label=\u00bbImagen\u00bb _builder_version=\u00bb4.10.4&#8243; use_border_color=\u00bboff\u00bb border_color=\u00bb#ffffff\u00bb border_style=\u00bbsolid\u00bb animation=\u00bboff\u00bb sticky=\u00bboff\u00bb always_center_on_mobile=\u00bbon\u00bb global_colors_info=\u00bb{}\u00bb]&nbsp;<br \/>\n[\/et_pb_image][\/et_pb_column][et_pb_column type=\u00bb2_3&#8243; _builder_version=\u00bb3.25&#8243; custom_padding=\u00bb|||\u00bb global_colors_info=\u00bb{}\u00bb custom_padding__hover=\u00bb|||\u00bb][et_pb_text admin_label=\u00bbTexto\u00bb _builder_version=\u00bb4.10.4&#8243; text_text_color=\u00bb#666666&#8243; background_size=\u00bbinitial\u00bb background_position=\u00bbtop_left\u00bb background_repeat=\u00bbrepeat\u00bb hover_enabled=\u00bb0&#8243; use_border_color=\u00bboff\u00bb border_color=\u00bb#ffffff\u00bb border_style=\u00bbsolid\u00bb global_colors_info=\u00bb{}\u00bb sticky_enabled=\u00bb0&#8243;]<\/p>\n<h2>TINKU<\/h2>\n<p>(BOLIVIA)<\/p>\n<p>Un eclipse inicio a este ritual. Sobre un desierto infinito dos pueblos divididos por una herida en la tierra se re\u00fanen para celebrar un m\u00e1gico evento. Tinku. En esta oscuridad del eclipse este ritual requerir\u00e1 el mayor despliegue de fuerza y de valor.<\/p>\n<p>DIRECTOR O COLECTIVO DE DIRECCI\u00d3N<br \/>Rom\u00e1n Nina Nina<\/p>\n<p>PRODUCTOR<br \/>Rom\u00e1n Nina Nina<\/p>\n<p>[\/et_pb_text][\/et_pb_column][\/et_pb_row][et_pb_row column_structure=\u00bb1_3,2_3&#8243; padding_mobile=\u00bboff\u00bb column_padding_mobile=\u00bbon\u00bb admin_label=\u00bbFila\u00bb _builder_version=\u00bb3.25&#8243; background_size=\u00bbinitial\u00bb background_position=\u00bbtop_left\u00bb background_repeat=\u00bbrepeat\u00bb custom_css_main_element=\u00bbbox-shadow: 0 0 20px rgba(0,0,0,0.1);||padding:20px 40px;\u00bb make_fullwidth=\u00bboff\u00bb use_custom_width=\u00bboff\u00bb width_unit=\u00bbon\u00bb locked=\u00bboff\u00bb global_colors_info=\u00bb{}\u00bb][et_pb_column type=\u00bb1_3&#8243; _builder_version=\u00bb3.25&#8243; custom_padding=\u00bb|||\u00bb global_colors_info=\u00bb{}\u00bb custom_padding__hover=\u00bb|||\u00bb][et_pb_image src=\u00bbhttps:\/\/www.lacasaclaypole.org.ar\/fecic\/wp-content\/uploads\/2025\/11\/anima-02-dolores-1.jpg\u00bb title_text=\u00bbanima 02 dolores (1)\u00bb align_tablet=\u00bbcenter\u00bb align_phone=\u00bb\u00bb align_last_edited=\u00bbon|desktop\u00bb admin_label=\u00bbImagen\u00bb _builder_version=\u00bb4.10.4&#8243; use_border_color=\u00bboff\u00bb border_color=\u00bb#ffffff\u00bb border_style=\u00bbsolid\u00bb animation=\u00bboff\u00bb sticky=\u00bboff\u00bb always_center_on_mobile=\u00bbon\u00bb global_colors_info=\u00bb{}\u00bb]&nbsp;<br \/>\n[\/et_pb_image][\/et_pb_column][et_pb_column type=\u00bb2_3&#8243; _builder_version=\u00bb3.25&#8243; custom_padding=\u00bb|||\u00bb global_colors_info=\u00bb{}\u00bb custom_padding__hover=\u00bb|||\u00bb][et_pb_text admin_label=\u00bbTexto\u00bb _builder_version=\u00bb4.10.4&#8243; text_text_color=\u00bb#666666&#8243; background_size=\u00bbinitial\u00bb background_position=\u00bbtop_left\u00bb background_repeat=\u00bbrepeat\u00bb hover_enabled=\u00bb0&#8243; use_border_color=\u00bboff\u00bb border_color=\u00bb#ffffff\u00bb border_style=\u00bbsolid\u00bb global_colors_info=\u00bb{}\u00bb sticky_enabled=\u00bb0&#8243;]<\/p>\n<h2>DOLORES<\/h2>\n<p>(M\u00c9XICO)<\/p>\n<p data-start=\"86\" data-end=\"391\">Dolores es una ni\u00f1a de 7 a\u00f1os que solo quiere jugar, huye de un demonio de fuego y accidentalmente cae en una tumba. All\u00ed se encuentra con dos siniestras calaveras hechas de hojas de ma\u00edz, que quieren que Dolores se quede con ellas, y con un armadillo curioso que intenta sacarla a toda costa.<\/p>\n<p>DIRECTOR O COLECTIVO DE DIRECCI\u00d3N<br \/>Cecilia Andal\u00f3n Delgadillo<\/p>\n<p>PRODUCTOR<br \/>Cecilia Andal\u00f3n Delgadillo, Rafael Ruiz Espejo, Ang\u00e9lica Lares y Carlos Ra\u00fal Mart\u00ednez Barba<\/p>\n<p>[\/et_pb_text][\/et_pb_column][\/et_pb_row][et_pb_row column_structure=\u00bb1_3,2_3&#8243; padding_mobile=\u00bboff\u00bb column_padding_mobile=\u00bbon\u00bb admin_label=\u00bbFila\u00bb _builder_version=\u00bb3.25&#8243; background_size=\u00bbinitial\u00bb background_position=\u00bbtop_left\u00bb background_repeat=\u00bbrepeat\u00bb custom_css_main_element=\u00bbbox-shadow: 0 0 20px rgba(0,0,0,0.1);||padding:20px 40px;\u00bb make_fullwidth=\u00bboff\u00bb use_custom_width=\u00bboff\u00bb width_unit=\u00bbon\u00bb locked=\u00bboff\u00bb global_colors_info=\u00bb{}\u00bb][et_pb_column type=\u00bb1_3&#8243; _builder_version=\u00bb3.25&#8243; custom_padding=\u00bb|||\u00bb global_colors_info=\u00bb{}\u00bb custom_padding__hover=\u00bb|||\u00bb][et_pb_image src=\u00bbhttps:\/\/www.lacasaclaypole.org.ar\/fecic\/wp-content\/uploads\/2025\/11\/anima-03-la-isla-de-la-basura.jpg\u00bb title_text=\u00bbanima 03 la isla de la basura\u00bb align_tablet=\u00bbcenter\u00bb align_phone=\u00bb\u00bb align_last_edited=\u00bbon|desktop\u00bb admin_label=\u00bbImagen\u00bb _builder_version=\u00bb4.10.4&#8243; use_border_color=\u00bboff\u00bb border_color=\u00bb#ffffff\u00bb border_style=\u00bbsolid\u00bb animation=\u00bboff\u00bb sticky=\u00bboff\u00bb always_center_on_mobile=\u00bbon\u00bb global_colors_info=\u00bb{}\u00bb]&nbsp;<br \/>\n[\/et_pb_image][\/et_pb_column][et_pb_column type=\u00bb2_3&#8243; _builder_version=\u00bb3.25&#8243; custom_padding=\u00bb|||\u00bb global_colors_info=\u00bb{}\u00bb custom_padding__hover=\u00bb|||\u00bb][et_pb_text admin_label=\u00bbTexto\u00bb _builder_version=\u00bb4.10.4&#8243; text_text_color=\u00bb#666666&#8243; background_size=\u00bbinitial\u00bb background_position=\u00bbtop_left\u00bb background_repeat=\u00bbrepeat\u00bb hover_enabled=\u00bb0&#8243; use_border_color=\u00bboff\u00bb border_color=\u00bb#ffffff\u00bb border_style=\u00bbsolid\u00bb global_colors_info=\u00bb{}\u00bb sticky_enabled=\u00bb0&#8243;]<\/p>\n<h2>LA ISLA DE LA BASURA<\/h2>\n<p>(ARGENTINA)<\/p>\n<p>La Isla de Basura\u201d cuenta la historia de un hombre que estaba remando en el mar y ve una gran isla de basura llena de pl\u00e1sticos. Visibilizar esta realidad acerca de la creciente aparici\u00f3n de islas de basura en todo el mundo es el eje central de este cortometraje.<\/p>\n<p>DIRECTOR O COLECTIVO DE DIRECCI\u00d3N<br \/>Carolina Feity<\/p>\n<p>PRODUCTOR<br \/>Laura Fernandez &#8211; Hernan Suarez<\/p>\n<p>[\/et_pb_text][\/et_pb_column][\/et_pb_row][et_pb_row column_structure=\u00bb1_3,2_3&#8243; padding_mobile=\u00bboff\u00bb column_padding_mobile=\u00bbon\u00bb admin_label=\u00bbFila\u00bb _builder_version=\u00bb3.25&#8243; background_size=\u00bbinitial\u00bb background_position=\u00bbtop_left\u00bb background_repeat=\u00bbrepeat\u00bb custom_css_main_element=\u00bbbox-shadow: 0 0 20px rgba(0,0,0,0.1);||padding:20px 40px;\u00bb make_fullwidth=\u00bboff\u00bb use_custom_width=\u00bboff\u00bb width_unit=\u00bbon\u00bb locked=\u00bboff\u00bb global_colors_info=\u00bb{}\u00bb][et_pb_column type=\u00bb1_3&#8243; _builder_version=\u00bb3.25&#8243; custom_padding=\u00bb|||\u00bb global_colors_info=\u00bb{}\u00bb custom_padding__hover=\u00bb|||\u00bb][et_pb_image src=\u00bbhttps:\/\/www.lacasaclaypole.org.ar\/fecic\/wp-content\/uploads\/2025\/11\/anima-04-Pioinc.jpg\u00bb title_text=\u00bbanima 04 Pioinc\u00bb align_tablet=\u00bbcenter\u00bb align_phone=\u00bb\u00bb align_last_edited=\u00bbon|desktop\u00bb admin_label=\u00bbImagen\u00bb _builder_version=\u00bb4.10.4&#8243; use_border_color=\u00bboff\u00bb border_color=\u00bb#ffffff\u00bb border_style=\u00bbsolid\u00bb animation=\u00bboff\u00bb sticky=\u00bboff\u00bb always_center_on_mobile=\u00bbon\u00bb global_colors_info=\u00bb{}\u00bb]&nbsp;<br \/>\n[\/et_pb_image][\/et_pb_column][et_pb_column type=\u00bb2_3&#8243; _builder_version=\u00bb3.25&#8243; custom_padding=\u00bb|||\u00bb global_colors_info=\u00bb{}\u00bb custom_padding__hover=\u00bb|||\u00bb][et_pb_text admin_label=\u00bbTexto\u00bb _builder_version=\u00bb4.10.4&#8243; text_text_color=\u00bb#666666&#8243; background_size=\u00bbinitial\u00bb background_position=\u00bbtop_left\u00bb background_repeat=\u00bbrepeat\u00bb hover_enabled=\u00bb0&#8243; use_border_color=\u00bboff\u00bb border_color=\u00bb#ffffff\u00bb border_style=\u00bbsolid\u00bb global_colors_info=\u00bb{}\u00bb sticky_enabled=\u00bb0&#8243;]<\/p>\n<h2>PIOINC<\/h2>\n<p>(BRASIL)<\/p>\n<p>Oinc, un cerdito que siempre jugaba solo. Un d\u00eda, encuentra a Pi, un pajarito reci\u00e9n nacido que estaba perdido y que lo sigue hasta su casa. Los dos se hacen amigos y juegan hasta que Pi tiene hambre. Oinc intentar\u00e1 ayudar a su amigo a volver a casa.<\/p>\n<p>DIRECTOR O COLECTIVO DE DIRECCI\u00d3N<br \/>Alex Ribondi; Ricardo Makoto<\/p>\n<p>PRODUCTOR<br \/>Alex Ribondi; Ricardo Makoto; M\u00e1rcio Lemes; Rafael Rabelo<\/p>\n<p>[\/et_pb_text][\/et_pb_column][\/et_pb_row][et_pb_row column_structure=\u00bb1_3,2_3&#8243; padding_mobile=\u00bboff\u00bb column_padding_mobile=\u00bbon\u00bb admin_label=\u00bbFila\u00bb _builder_version=\u00bb3.25&#8243; background_size=\u00bbinitial\u00bb background_position=\u00bbtop_left\u00bb background_repeat=\u00bbrepeat\u00bb custom_css_main_element=\u00bbbox-shadow: 0 0 20px rgba(0,0,0,0.1);||padding:20px 40px;\u00bb make_fullwidth=\u00bboff\u00bb use_custom_width=\u00bboff\u00bb width_unit=\u00bbon\u00bb locked=\u00bboff\u00bb global_colors_info=\u00bb{}\u00bb][et_pb_column type=\u00bb1_3&#8243; _builder_version=\u00bb3.25&#8243; custom_padding=\u00bb|||\u00bb global_colors_info=\u00bb{}\u00bb custom_padding__hover=\u00bb|||\u00bb][et_pb_image src=\u00bbhttps:\/\/www.lacasaclaypole.org.ar\/fecic\/wp-content\/uploads\/2025\/11\/anima-05-Tsuru.jpg\u00bb title_text=\u00bbanima 05 Tsuru\u00bb align_tablet=\u00bbcenter\u00bb align_phone=\u00bb\u00bb align_last_edited=\u00bbon|desktop\u00bb admin_label=\u00bbImagen\u00bb _builder_version=\u00bb4.10.4&#8243; use_border_color=\u00bboff\u00bb border_color=\u00bb#ffffff\u00bb border_style=\u00bbsolid\u00bb animation=\u00bboff\u00bb sticky=\u00bboff\u00bb always_center_on_mobile=\u00bbon\u00bb global_colors_info=\u00bb{}\u00bb]&nbsp;<br \/>\n[\/et_pb_image][\/et_pb_column][et_pb_column type=\u00bb2_3&#8243; _builder_version=\u00bb3.25&#8243; custom_padding=\u00bb|||\u00bb global_colors_info=\u00bb{}\u00bb custom_padding__hover=\u00bb|||\u00bb][et_pb_text admin_label=\u00bbTexto\u00bb _builder_version=\u00bb4.10.4&#8243; text_text_color=\u00bb#666666&#8243; background_size=\u00bbinitial\u00bb background_position=\u00bbtop_left\u00bb background_repeat=\u00bbrepeat\u00bb hover_enabled=\u00bb0&#8243; use_border_color=\u00bboff\u00bb border_color=\u00bb#ffffff\u00bb border_style=\u00bbsolid\u00bb global_colors_info=\u00bb{}\u00bb sticky_enabled=\u00bb0&#8243;]<\/p>\n<h2>TSURU<\/h2>\n<p>(BRASIL)<\/p>\n<p>TSURU cuenta la historia de un trozo de papel dormido que, tras ser despertado por el batir de las alas de un Tsuru (origami de p\u00e1jaro japon\u00e9s), inicia un desafiante viaje en busca de la transformaci\u00f3n.<\/p>\n<p>DIRECTOR O COLECTIVO DE DIRECCI\u00d3N<br \/>Pedro Anias<\/p>\n<p>PRODUCTOR<br \/>Pedro Anias<\/p>\n<p>[\/et_pb_text][\/et_pb_column][\/et_pb_row][et_pb_row admin_label=\u00bbrow\u00bb _builder_version=\u00bb3.25&#8243; background_size=\u00bbinitial\u00bb background_position=\u00bbtop_left\u00bb background_repeat=\u00bbrepeat\u00bb global_colors_info=\u00bb{}\u00bb][et_pb_column type=\u00bb4_4&#8243; _builder_version=\u00bb3.25&#8243; custom_padding=\u00bb|||\u00bb global_colors_info=\u00bb{}\u00bb custom_padding__hover=\u00bb|||\u00bb][et_pb_text admin_label=\u00bbCATEGORIA 1&#8243; _builder_version=\u00bb4.10.4&#8243; background_size=\u00bbinitial\u00bb background_position=\u00bbtop_left\u00bb background_repeat=\u00bbrepeat\u00bb use_border_color=\u00bboff\u00bb border_color=\u00bb#ffffff\u00bb border_style=\u00bbsolid\u00bb global_colors_info=\u00bb{}\u00bb]<\/p>\n<h1>CATEGOR\u00cdA DOCUMENTAL<\/h1>\n<p>[\/et_pb_text][\/et_pb_column][\/et_pb_row][et_pb_row column_structure=\u00bb1_3,2_3&#8243; padding_mobile=\u00bboff\u00bb column_padding_mobile=\u00bbon\u00bb admin_label=\u00bbFila\u00bb _builder_version=\u00bb3.25&#8243; background_size=\u00bbinitial\u00bb background_position=\u00bbtop_left\u00bb background_repeat=\u00bbrepeat\u00bb custom_margin=\u00bb-32px|auto|41px|auto||\u00bb custom_padding=\u00bb17px||0px|||\u00bb custom_css_main_element=\u00bbbox-shadow: 0 0 20px rgba(0,0,0,0.1);||padding:20px 40px;\u00bb make_fullwidth=\u00bboff\u00bb use_custom_width=\u00bboff\u00bb width_unit=\u00bbon\u00bb locked=\u00bboff\u00bb global_colors_info=\u00bb{}\u00bb][et_pb_column type=\u00bb1_3&#8243; _builder_version=\u00bb3.25&#8243; custom_padding=\u00bb|||\u00bb global_colors_info=\u00bb{}\u00bb custom_padding__hover=\u00bb|||\u00bb][et_pb_image src=\u00bbhttps:\/\/www.lacasaclaypole.org.ar\/fecic\/wp-content\/uploads\/2025\/11\/docu-01-el-ultimo-anzuelo.jpg\u00bb title_text=\u00bbdocu 01 el ultimo anzuelo\u00bb align_tablet=\u00bbcenter\u00bb align_phone=\u00bb\u00bb align_last_edited=\u00bbon|desktop\u00bb admin_label=\u00bbImagen\u00bb _builder_version=\u00bb4.10.4&#8243; use_border_color=\u00bboff\u00bb border_color=\u00bb#ffffff\u00bb border_style=\u00bbsolid\u00bb animation=\u00bboff\u00bb sticky=\u00bboff\u00bb always_center_on_mobile=\u00bbon\u00bb global_colors_info=\u00bb{}\u00bb]&nbsp;<br \/>\n[\/et_pb_image][\/et_pb_column][et_pb_column type=\u00bb2_3&#8243; _builder_version=\u00bb3.25&#8243; custom_padding=\u00bb|||\u00bb global_colors_info=\u00bb{}\u00bb custom_padding__hover=\u00bb|||\u00bb][et_pb_text admin_label=\u00bbTexto\u00bb _builder_version=\u00bb4.10.4&#8243; text_text_color=\u00bb#666666&#8243; background_size=\u00bbinitial\u00bb background_position=\u00bbtop_left\u00bb background_repeat=\u00bbrepeat\u00bb hover_enabled=\u00bb0&#8243; use_border_color=\u00bboff\u00bb border_color=\u00bb#ffffff\u00bb border_style=\u00bbsolid\u00bb global_colors_info=\u00bb{}\u00bb sticky_enabled=\u00bb0&#8243;]<\/p>\n<h2>EL \u00daLTIMO ANZUELO<\/h2>\n<p>(ARGENTINA)<\/p>\n<p>Norma Alonso, perdi\u00f3 a sus hijos a muy temprana edad y se refugi\u00f3 en la pesca. Casada con Roberto Di Batista quien era presidente del Club Pejerrey, en la rivera de Quilmes. Comenzaron a frecuentar ese lugar donde pasaban dia y noche pescando y aliviando el dolor de sus corazones, Norma lleg\u00f3 a convertirse en la mejor pescadora del club, ganando m\u00e1s de doscientos premios. Luego de enviudar, sus compa\u00f1eros y compa\u00f1eras de pesca la iban a buscar para ir al club y eso la ayud\u00f3 a salir a flote. Hoy Norma tiene 88 a\u00f1os, lleva m\u00e1s de 30 sin pescar y decide volver a tirar su ca\u00f1a y contarnos su historia.<\/p>\n<p>DIRECTOR O COLECTIVO DE DIRECCI\u00d3N<br \/>Gonzalo Solari<\/p>\n<p>PRODUCTOR<br \/>Mar\u00eda Victoria Gonzalez, Germ\u00e1n Fern\u00e1ndez, Rita Herrera<\/p>\n<p>[\/et_pb_text][\/et_pb_column][\/et_pb_row][et_pb_row column_structure=\u00bb1_3,2_3&#8243; padding_mobile=\u00bboff\u00bb column_padding_mobile=\u00bbon\u00bb admin_label=\u00bbFila\u00bb _builder_version=\u00bb3.25&#8243; background_size=\u00bbinitial\u00bb background_position=\u00bbtop_left\u00bb background_repeat=\u00bbrepeat\u00bb min_height=\u00bb249.6px\u00bb custom_margin=\u00bb-32px|auto|41px|auto||\u00bb custom_padding=\u00bb17px||3px|||\u00bb custom_css_main_element=\u00bbbox-shadow: 0 0 20px rgba(0,0,0,0.1);||padding:20px 40px;\u00bb make_fullwidth=\u00bboff\u00bb use_custom_width=\u00bboff\u00bb width_unit=\u00bbon\u00bb locked=\u00bboff\u00bb global_colors_info=\u00bb{}\u00bb][et_pb_column type=\u00bb1_3&#8243; _builder_version=\u00bb3.25&#8243; custom_padding=\u00bb|||\u00bb global_colors_info=\u00bb{}\u00bb custom_padding__hover=\u00bb|||\u00bb][et_pb_image src=\u00bbhttps:\/\/www.lacasaclaypole.org.ar\/fecic\/wp-content\/uploads\/2025\/11\/docu-02-A-flor-de-pele.jpg\u00bb title_text=\u00bbdocu 02 A flor de pele\u00bb align_tablet=\u00bbcenter\u00bb align_phone=\u00bb\u00bb align_last_edited=\u00bbon|desktop\u00bb admin_label=\u00bbImagen\u00bb _builder_version=\u00bb4.10.4&#8243; use_border_color=\u00bboff\u00bb border_color=\u00bb#ffffff\u00bb border_style=\u00bbsolid\u00bb animation=\u00bboff\u00bb sticky=\u00bboff\u00bb always_center_on_mobile=\u00bbon\u00bb global_colors_info=\u00bb{}\u00bb]&nbsp;<br \/>\n[\/et_pb_image][\/et_pb_column][et_pb_column type=\u00bb2_3&#8243; _builder_version=\u00bb3.25&#8243; custom_padding=\u00bb|||\u00bb global_colors_info=\u00bb{}\u00bb custom_padding__hover=\u00bb|||\u00bb][et_pb_text admin_label=\u00bbTexto\u00bb _builder_version=\u00bb4.10.4&#8243; text_text_color=\u00bb#666666&#8243; background_size=\u00bbinitial\u00bb background_position=\u00bbtop_left\u00bb background_repeat=\u00bbrepeat\u00bb hover_enabled=\u00bb0&#8243; use_border_color=\u00bboff\u00bb border_color=\u00bb#ffffff\u00bb border_style=\u00bbsolid\u00bb global_colors_info=\u00bb{}\u00bb sticky_enabled=\u00bb0&#8243;]<\/p>\n<h2>\u00c0 FLOR DA PELE\u00a0<\/h2>\n<p>(BRASIL)<\/p>\n<p data-start=\"82\" data-end=\"331\">Documental observacional guiado por las vidas de Laiz y Joselito, ambos negros y albinos. Al relacionar a Laiz, en el esplendor de sus 7 a\u00f1os, con Joselito, de 60, la pel\u00edcula teje y evidencia la compleja red ancestral que une estas dos vidas.<\/p>\n<p>DIRECTOR O COLECTIVO DE DIRECCI\u00d3N<br \/>Danielle Villanova<\/p>\n<p>PRODUCTOR<br \/>L\u00edvia Borges<\/p>\n<p>[\/et_pb_text][\/et_pb_column][\/et_pb_row][et_pb_row column_structure=\u00bb1_3,2_3&#8243; padding_mobile=\u00bboff\u00bb column_padding_mobile=\u00bbon\u00bb admin_label=\u00bbFila\u00bb _builder_version=\u00bb3.25&#8243; background_size=\u00bbinitial\u00bb background_position=\u00bbtop_left\u00bb background_repeat=\u00bbrepeat\u00bb min_height=\u00bb202.8px\u00bb custom_margin=\u00bb-32px|auto|35px|auto||\u00bb custom_padding=\u00bb17px|||||\u00bb custom_css_main_element=\u00bbbox-shadow: 0 0 20px rgba(0,0,0,0.1);||padding:20px 40px;\u00bb make_fullwidth=\u00bboff\u00bb use_custom_width=\u00bboff\u00bb width_unit=\u00bbon\u00bb locked=\u00bboff\u00bb global_colors_info=\u00bb{}\u00bb][et_pb_column type=\u00bb1_3&#8243; _builder_version=\u00bb3.25&#8243; custom_padding=\u00bb|||\u00bb global_colors_info=\u00bb{}\u00bb custom_padding__hover=\u00bb|||\u00bb][et_pb_image src=\u00bbhttps:\/\/www.lacasaclaypole.org.ar\/fecic\/wp-content\/uploads\/2025\/11\/docu-03-un-an\u0303o-sin-luz.jpg\u00bb title_text=\u00bbdocu 03 un an\u0303o sin luz\u00bb align_tablet=\u00bbcenter\u00bb align_phone=\u00bb\u00bb align_last_edited=\u00bbon|desktop\u00bb admin_label=\u00bbImagen\u00bb _builder_version=\u00bb4.10.4&#8243; use_border_color=\u00bboff\u00bb border_color=\u00bb#ffffff\u00bb border_style=\u00bbsolid\u00bb animation=\u00bboff\u00bb sticky=\u00bboff\u00bb always_center_on_mobile=\u00bbon\u00bb global_colors_info=\u00bb{}\u00bb]&nbsp;<br \/>\n[\/et_pb_image][\/et_pb_column][et_pb_column type=\u00bb2_3&#8243; _builder_version=\u00bb3.25&#8243; custom_padding=\u00bb|||\u00bb global_colors_info=\u00bb{}\u00bb custom_padding__hover=\u00bb|||\u00bb][et_pb_text admin_label=\u00bbTexto\u00bb _builder_version=\u00bb4.10.4&#8243; text_text_color=\u00bb#666666&#8243; background_size=\u00bbinitial\u00bb background_position=\u00bbtop_left\u00bb background_repeat=\u00bbrepeat\u00bb use_border_color=\u00bboff\u00bb border_color=\u00bb#ffffff\u00bb border_style=\u00bbsolid\u00bb global_colors_info=\u00bb{}\u00bb]<\/p>\n<h2>UN A\u00d1O SIN LUZ<\/h2>\n<p>(ARGENTINA)<\/p>\n<p>Cortometraje documental experimental que reconstruye experiencias de prisioneros sometidos a largos periodos de aislamiento en solitario en una c\u00e1rcel de Argentina.<\/p>\n<p>DIRECTOR O COLECTIVO DE DIRECCI\u00d3N<br \/>Lautaro Arias Camacho<\/p>\n<p>PRODUCTOR<br \/>Sol Villena<\/p>\n<p>[\/et_pb_text][\/et_pb_column][\/et_pb_row][et_pb_row column_structure=\u00bb1_3,2_3&#8243; padding_mobile=\u00bboff\u00bb column_padding_mobile=\u00bbon\u00bb admin_label=\u00bbFila\u00bb _builder_version=\u00bb3.25&#8243; background_size=\u00bbinitial\u00bb background_position=\u00bbtop_left\u00bb background_repeat=\u00bbrepeat\u00bb custom_margin=\u00bb-32px|auto||auto||\u00bb custom_padding=\u00bb17px|||||\u00bb custom_css_main_element=\u00bbbox-shadow: 0 0 20px rgba(0,0,0,0.1);||padding:20px 40px;\u00bb make_fullwidth=\u00bboff\u00bb use_custom_width=\u00bboff\u00bb width_unit=\u00bbon\u00bb locked=\u00bboff\u00bb global_colors_info=\u00bb{}\u00bb][et_pb_column type=\u00bb1_3&#8243; _builder_version=\u00bb3.25&#8243; custom_padding=\u00bb|||\u00bb global_colors_info=\u00bb{}\u00bb custom_padding__hover=\u00bb|||\u00bb][et_pb_image src=\u00bbhttps:\/\/www.lacasaclaypole.org.ar\/fecic\/wp-content\/uploads\/2025\/11\/docu-05-centinelas.jpg\u00bb title_text=\u00bbdocu 05 centinelas\u00bb align_tablet=\u00bbcenter\u00bb align_phone=\u00bb\u00bb align_last_edited=\u00bbon|desktop\u00bb admin_label=\u00bbImagen\u00bb _builder_version=\u00bb4.10.4&#8243; use_border_color=\u00bboff\u00bb border_color=\u00bb#ffffff\u00bb border_style=\u00bbsolid\u00bb animation=\u00bboff\u00bb sticky=\u00bboff\u00bb always_center_on_mobile=\u00bbon\u00bb global_colors_info=\u00bb{}\u00bb]&nbsp;<br \/>\n[\/et_pb_image][\/et_pb_column][et_pb_column type=\u00bb2_3&#8243; _builder_version=\u00bb3.25&#8243; custom_padding=\u00bb|||\u00bb global_colors_info=\u00bb{}\u00bb custom_padding__hover=\u00bb|||\u00bb][et_pb_text admin_label=\u00bbTexto\u00bb _builder_version=\u00bb4.10.4&#8243; text_text_color=\u00bb#666666&#8243; background_size=\u00bbinitial\u00bb background_position=\u00bbtop_left\u00bb background_repeat=\u00bbrepeat\u00bb use_border_color=\u00bboff\u00bb border_color=\u00bb#ffffff\u00bb border_style=\u00bbsolid\u00bb global_colors_info=\u00bb{}\u00bb]<\/p>\n<h2>\u00bfSUE\u00d1AN LOS CENTINELAS EN EL MAR?<\/h2>\n<p>(CHILE)<\/p>\n<p>En el sur de Chile, una investigadora sigue el rastro de los delfines australes, filmando su comportamiento mientras reflexiona sobre los lazos entre humanos y cet\u00e1ceos. A trav\u00e9s de im\u00e1genes cautivadoras y poes\u00eda, la ciencia y la emoci\u00f3n se entrelazan en una exploraci\u00f3n profunda de la belleza, el misterio y la fragilidad de un mundo marino que resiste y merece ser protegido.<\/p>\n<p>DIRECTOR O COLECTIVO DE DIRECCI\u00d3N<br \/>Claudia Valdivia &amp; Fernanda Ojeda<\/p>\n<p>PRODUCTOR<br \/>Claudia Valdivia &amp; Fernanda Ojeda<\/p>\n<p>[\/et_pb_text][\/et_pb_column][\/et_pb_row][et_pb_row admin_label=\u00bbrow\u00bb _builder_version=\u00bb3.25&#8243; background_size=\u00bbinitial\u00bb background_position=\u00bbtop_left\u00bb background_repeat=\u00bbrepeat\u00bb global_colors_info=\u00bb{}\u00bb][et_pb_column type=\u00bb4_4&#8243; _builder_version=\u00bb3.25&#8243; custom_padding=\u00bb|||\u00bb global_colors_info=\u00bb{}\u00bb custom_padding__hover=\u00bb|||\u00bb][et_pb_text admin_label=\u00bbCATEGORIA 1&#8243; _builder_version=\u00bb4.10.4&#8243; background_size=\u00bbinitial\u00bb background_position=\u00bbtop_left\u00bb background_repeat=\u00bbrepeat\u00bb use_border_color=\u00bboff\u00bb border_color=\u00bb#ffffff\u00bb border_style=\u00bbsolid\u00bb global_colors_info=\u00bb{}\u00bb]<\/p>\n<h1>CATEGOR\u00cdA FICCI\u00d3N<\/h1>\n<p>[\/et_pb_text][\/et_pb_column][\/et_pb_row][et_pb_row column_structure=\u00bb1_3,2_3&#8243; padding_mobile=\u00bboff\u00bb column_padding_mobile=\u00bbon\u00bb admin_label=\u00bbFila\u00bb _builder_version=\u00bb3.25&#8243; background_size=\u00bbinitial\u00bb background_position=\u00bbtop_left\u00bb background_repeat=\u00bbrepeat\u00bb min_height=\u00bb111.6px\u00bb custom_margin=\u00bb-32px|auto|-61px|auto||\u00bb custom_padding=\u00bb17px||0px|||\u00bb custom_css_main_element=\u00bbbox-shadow: 0 0 20px rgba(0,0,0,0.1);||padding:20px 40px;\u00bb make_fullwidth=\u00bboff\u00bb use_custom_width=\u00bboff\u00bb width_unit=\u00bbon\u00bb locked=\u00bboff\u00bb global_colors_info=\u00bb{}\u00bb][et_pb_column type=\u00bb1_3&#8243; _builder_version=\u00bb3.25&#8243; custom_padding=\u00bb|||\u00bb global_colors_info=\u00bb{}\u00bb custom_padding__hover=\u00bb|||\u00bb][et_pb_image src=\u00bbhttps:\/\/www.lacasaclaypole.org.ar\/fecic\/wp-content\/uploads\/2025\/11\/fic-01-escena-final.jpg\u00bb title_text=\u00bbfic 01 escena final\u00bb align_tablet=\u00bbcenter\u00bb align_phone=\u00bb\u00bb align_last_edited=\u00bbon|desktop\u00bb admin_label=\u00bbImagen\u00bb _builder_version=\u00bb4.10.4&#8243; use_border_color=\u00bboff\u00bb border_color=\u00bb#ffffff\u00bb border_style=\u00bbsolid\u00bb animation=\u00bboff\u00bb sticky=\u00bboff\u00bb always_center_on_mobile=\u00bbon\u00bb global_colors_info=\u00bb{}\u00bb]&nbsp;<br \/>\n[\/et_pb_image][\/et_pb_column][et_pb_column type=\u00bb2_3&#8243; _builder_version=\u00bb3.25&#8243; custom_padding=\u00bb|||\u00bb global_colors_info=\u00bb{}\u00bb custom_padding__hover=\u00bb|||\u00bb][et_pb_text admin_label=\u00bbTexto\u00bb _builder_version=\u00bb4.10.4&#8243; text_text_color=\u00bb#666666&#8243; background_size=\u00bbinitial\u00bb background_position=\u00bbtop_left\u00bb background_repeat=\u00bbrepeat\u00bb use_border_color=\u00bboff\u00bb border_color=\u00bb#ffffff\u00bb border_style=\u00bbsolid\u00bb global_colors_info=\u00bb{}\u00bb]<\/p>\n<h2>ESCENA FINAL<\/h2>\n<p>(ARGENTINA)<\/p>\n<p>Seis desconocidos se re\u00fanen para participar de una clase de teatro para principiantes, pero el particular comportamiento de uno de ellos pronto transforma la experiencia en un viaje emocional.<\/p>\n<p>DIRECTOR O COLECTIVO DE DIRECCI\u00d3N<br \/>Diego Kompel<\/p>\n<p>PRODUCTOR<br \/>Blurr Stories<\/p>\n<p>[\/et_pb_text][\/et_pb_column][\/et_pb_row][et_pb_row column_structure=\u00bb1_3,2_3&#8243; padding_mobile=\u00bboff\u00bb column_padding_mobile=\u00bbon\u00bb admin_label=\u00bbFila\u00bb _builder_version=\u00bb3.25&#8243; background_size=\u00bbinitial\u00bb background_position=\u00bbtop_left\u00bb background_repeat=\u00bbrepeat\u00bb min_height=\u00bb292.6px\u00bb custom_margin=\u00bb62px|auto||auto||\u00bb custom_padding=\u00bb17px|||||\u00bb custom_css_main_element=\u00bbbox-shadow: 0 0 20px rgba(0,0,0,0.1);||padding:20px 40px;\u00bb make_fullwidth=\u00bboff\u00bb use_custom_width=\u00bboff\u00bb width_unit=\u00bbon\u00bb locked=\u00bboff\u00bb global_colors_info=\u00bb{}\u00bb][et_pb_column type=\u00bb1_3&#8243; _builder_version=\u00bb3.25&#8243; custom_padding=\u00bb|||\u00bb global_colors_info=\u00bb{}\u00bb custom_padding__hover=\u00bb|||\u00bb][et_pb_image src=\u00bbhttps:\/\/www.lacasaclaypole.org.ar\/fecic\/wp-content\/uploads\/2025\/11\/fic-02-marahoro.jpg\u00bb title_text=\u00bbfic 02 marahoro\u00bb align_tablet=\u00bbcenter\u00bb align_phone=\u00bb\u00bb align_last_edited=\u00bbon|desktop\u00bb admin_label=\u00bbImagen\u00bb _builder_version=\u00bb4.10.4&#8243; use_border_color=\u00bboff\u00bb border_color=\u00bb#ffffff\u00bb border_style=\u00bbsolid\u00bb animation=\u00bboff\u00bb sticky=\u00bboff\u00bb always_center_on_mobile=\u00bbon\u00bb global_colors_info=\u00bb{}\u00bb]&nbsp;<br \/>\n[\/et_pb_image][\/et_pb_column][et_pb_column type=\u00bb2_3&#8243; _builder_version=\u00bb3.25&#8243; custom_padding=\u00bb|||\u00bb global_colors_info=\u00bb{}\u00bb custom_padding__hover=\u00bb|||\u00bb][et_pb_text admin_label=\u00bbTexto\u00bb _builder_version=\u00bb4.10.4&#8243; text_text_color=\u00bb#666666&#8243; background_size=\u00bbinitial\u00bb background_position=\u00bbtop_left\u00bb background_repeat=\u00bbrepeat\u00bb use_border_color=\u00bboff\u00bb border_color=\u00bb#ffffff\u00bb border_style=\u00bbsolid\u00bb global_colors_info=\u00bb{}\u00bb]<\/p>\n<h2>MARAHORO<\/h2>\n<p>(CHILE)<\/p>\n<p>Marahoro es un joven rapa nui de 15 a\u00f1os que encuentra en un grito ancestral la fuerza para enfrentar la dureza de su padre y perseguir el llamado de las voces del mar.<\/p>\n<p>DIRECTOR O COLECTIVO DE DIRECCI\u00d3N<br \/>Sof\u00eda Rodriguez Piezero<\/p>\n<p>PRODUCTOR<br \/>Camila Flores Hevia, Sof\u00eda Rodr\u00edguez Pinero<\/p>\n<p>[\/et_pb_text][\/et_pb_column][\/et_pb_row][et_pb_row column_structure=\u00bb1_3,2_3&#8243; padding_mobile=\u00bboff\u00bb column_padding_mobile=\u00bbon\u00bb admin_label=\u00bbFila\u00bb _builder_version=\u00bb3.25&#8243; background_size=\u00bbinitial\u00bb background_position=\u00bbtop_left\u00bb background_repeat=\u00bbrepeat\u00bb min_height=\u00bb290.6px\u00bb custom_margin=\u00bb1px|auto||auto||\u00bb custom_padding=\u00bb17px|||||\u00bb custom_css_main_element=\u00bbbox-shadow: 0 0 20px rgba(0,0,0,0.1);||padding:20px 40px;\u00bb make_fullwidth=\u00bboff\u00bb use_custom_width=\u00bboff\u00bb width_unit=\u00bbon\u00bb locked=\u00bboff\u00bb global_colors_info=\u00bb{}\u00bb][et_pb_column type=\u00bb1_3&#8243; _builder_version=\u00bb3.25&#8243; custom_padding=\u00bb|||\u00bb global_colors_info=\u00bb{}\u00bb custom_padding__hover=\u00bb|||\u00bb][et_pb_image src=\u00bbhttps:\/\/www.lacasaclaypole.org.ar\/fecic\/wp-content\/uploads\/2025\/11\/fic-03-planeta-fome.jpg\u00bb title_text=\u00bbfic 03 planeta fome\u00bb align_tablet=\u00bbcenter\u00bb align_phone=\u00bb\u00bb align_last_edited=\u00bbon|desktop\u00bb admin_label=\u00bbImagen\u00bb _builder_version=\u00bb4.10.4&#8243; use_border_color=\u00bboff\u00bb border_color=\u00bb#ffffff\u00bb border_style=\u00bbsolid\u00bb animation=\u00bboff\u00bb sticky=\u00bboff\u00bb always_center_on_mobile=\u00bbon\u00bb global_colors_info=\u00bb{}\u00bb]&nbsp;<br \/>\n[\/et_pb_image][\/et_pb_column][et_pb_column type=\u00bb2_3&#8243; _builder_version=\u00bb3.25&#8243; custom_padding=\u00bb|||\u00bb global_colors_info=\u00bb{}\u00bb custom_padding__hover=\u00bb|||\u00bb][et_pb_text admin_label=\u00bbTexto\u00bb _builder_version=\u00bb4.10.4&#8243; text_text_color=\u00bb#666666&#8243; background_size=\u00bbinitial\u00bb background_position=\u00bbtop_left\u00bb background_repeat=\u00bbrepeat\u00bb hover_enabled=\u00bb0&#8243; use_border_color=\u00bboff\u00bb border_color=\u00bb#ffffff\u00bb border_style=\u00bbsolid\u00bb global_colors_info=\u00bb{}\u00bb sticky_enabled=\u00bb0&#8243;]<\/p>\n<h2>PLANETA FOME<\/h2>\n<p>(BRASIL)<\/p>\n<p>Ivani, una mujer negra y madre soltera, pierde su empleo y, junto a su hijo Lucca, un ni\u00f1o de 8 a\u00f1os, son empujados a la miseria.<br data-start=\"231\" data-end=\"234\" \/>Madre e hijo lo pierden todo, hasta que solo les queda el uno al otro.<br data-start=\"304\" data-end=\"307\" \/>Inspirado en hechos reales.<\/p>\n<p>DIRECTOR O COLECTIVO DE DIRECCI\u00d3N<br \/>\u00c9dier William<\/p>\n<p>PRODUCTOR<br \/>Sabrina Bandeira<\/p>\n<p>[\/et_pb_text][\/et_pb_column][\/et_pb_row][et_pb_row column_structure=\u00bb1_3,2_3&#8243; padding_mobile=\u00bboff\u00bb column_padding_mobile=\u00bbon\u00bb admin_label=\u00bbFila\u00bb _builder_version=\u00bb3.25&#8243; background_size=\u00bbinitial\u00bb background_position=\u00bbtop_left\u00bb background_repeat=\u00bbrepeat\u00bb custom_margin=\u00bb2px|auto||auto||\u00bb custom_padding=\u00bb17px|||||\u00bb custom_css_main_element=\u00bbbox-shadow: 0 0 20px rgba(0,0,0,0.1);||padding:20px 40px;\u00bb make_fullwidth=\u00bboff\u00bb use_custom_width=\u00bboff\u00bb width_unit=\u00bbon\u00bb locked=\u00bboff\u00bb global_colors_info=\u00bb{}\u00bb][et_pb_column type=\u00bb1_3&#8243; _builder_version=\u00bb3.25&#8243; custom_padding=\u00bb|||\u00bb global_colors_info=\u00bb{}\u00bb custom_padding__hover=\u00bb|||\u00bb][et_pb_image src=\u00bbhttps:\/\/www.lacasaclaypole.org.ar\/fecic\/wp-content\/uploads\/2025\/11\/fic-04-Asterion.jpg\u00bb title_text=\u00bbfic 04 Asterion\u00bb align_tablet=\u00bbcenter\u00bb align_phone=\u00bb\u00bb align_last_edited=\u00bbon|desktop\u00bb admin_label=\u00bbImagen\u00bb _builder_version=\u00bb4.10.4&#8243; use_border_color=\u00bboff\u00bb border_color=\u00bb#ffffff\u00bb border_style=\u00bbsolid\u00bb animation=\u00bboff\u00bb sticky=\u00bboff\u00bb always_center_on_mobile=\u00bbon\u00bb global_colors_info=\u00bb{}\u00bb]&nbsp;<br \/>\n[\/et_pb_image][\/et_pb_column][et_pb_column type=\u00bb2_3&#8243; _builder_version=\u00bb3.25&#8243; custom_padding=\u00bb|||\u00bb global_colors_info=\u00bb{}\u00bb custom_padding__hover=\u00bb|||\u00bb][et_pb_text admin_label=\u00bbTexto\u00bb _builder_version=\u00bb4.10.4&#8243; text_text_color=\u00bb#666666&#8243; background_size=\u00bbinitial\u00bb background_position=\u00bbtop_left\u00bb background_repeat=\u00bbrepeat\u00bb use_border_color=\u00bboff\u00bb border_color=\u00bb#ffffff\u00bb border_style=\u00bbsolid\u00bb global_colors_info=\u00bb{}\u00bb]<\/p>\n<h2>ASTERION<\/h2>\n<p>(ARGENTINA)<\/p>\n<p>Un anciano ermitan\u0303o vive aislado en una gran casona. Esa man\u0303ana decide salir a dar un paseo. Lejos de su herme\u0301tico laberinto, caminar por la playa parece un buen plan para la jornada. Sin embargo, el exterior revelara\u0301 algo siniestro.<\/p>\n<p>DIRECTOR O COLECTIVO DE DIRECCI\u00d3N<br \/>Eduardo \u00c1lvarez<\/p>\n<p>PRODUCTOR<br \/>Eduardo \u00c1lvarez<\/p>\n<p>&nbsp;<\/p>\n<p>[\/et_pb_text][\/et_pb_column][\/et_pb_row][\/et_pb_section]<\/p>\n","protected":false},"excerpt":{"rendered":"<p>CATEGOR\u00cdA ANIMACI\u00d3N INFANTIL&nbsp; TINKU (BOLIVIA) Un eclipse inicio a este ritual. Sobre un desierto infinito dos pueblos divididos por una herida en la tierra se re\u00fanen para celebrar un m\u00e1gico evento. Tinku. En esta oscuridad del eclipse este ritual requerir\u00e1 el mayor despliegue de fuerza y de valor. DIRECTOR O COLECTIVO DE DIRECCI\u00d3NRom\u00e1n Nina Nina [&hellip;]<\/p>\n","protected":false},"author":1,"featured_media":0,"parent":0,"menu_order":0,"comment_status":"closed","ping_status":"closed","template":"","meta":{"_et_pb_use_builder":"on","_et_pb_old_content":"","_et_gb_content_width":""},"_links":{"self":[{"href":"https:\/\/www.lacasaclaypole.org.ar\/fecic\/wp-json\/wp\/v2\/pages\/44"}],"collection":[{"href":"https:\/\/www.lacasaclaypole.org.ar\/fecic\/wp-json\/wp\/v2\/pages"}],"about":[{"href":"https:\/\/www.lacasaclaypole.org.ar\/fecic\/wp-json\/wp\/v2\/types\/page"}],"author":[{"embeddable":true,"href":"https:\/\/www.lacasaclaypole.org.ar\/fecic\/wp-json\/wp\/v2\/users\/1"}],"replies":[{"embeddable":true,"href":"https:\/\/www.lacasaclaypole.org.ar\/fecic\/wp-json\/wp\/v2\/comments?post=44"}],"version-history":[{"count":182,"href":"https:\/\/www.lacasaclaypole.org.ar\/fecic\/wp-json\/wp\/v2\/pages\/44\/revisions"}],"predecessor-version":[{"id":2065,"href":"https:\/\/www.lacasaclaypole.org.ar\/fecic\/wp-json\/wp\/v2\/pages\/44\/revisions\/2065"}],"wp:attachment":[{"href":"https:\/\/www.lacasaclaypole.org.ar\/fecic\/wp-json\/wp\/v2\/media?parent=44"}],"curies":[{"name":"wp","href":"https:\/\/api.w.org\/{rel}","templated":true}]}}