{"id":43,"date":"2016-07-26T15:03:34","date_gmt":"2016-07-26T15:03:34","guid":{"rendered":"http:\/\/www.hecultura.com\/fecic\/?page_id=43"},"modified":"2025-11-11T00:47:46","modified_gmt":"2025-11-11T00:47:46","slug":"jurado","status":"publish","type":"page","link":"https:\/\/www.lacasaclaypole.org.ar\/fecic\/jurado\/","title":{"rendered":"Jurado"},"content":{"rendered":"<p>[et_pb_section fb_built=\u00bb1&#8243; fullwidth=\u00bbon\u00bb custom_padding_last_edited=\u00bbon|desktop\u00bb admin_label=\u00bbSecci\u00f3n\u00bb _builder_version=\u00bb3.22&#8243; background_color=\u00bb#ffffff\u00bb custom_padding_tablet=\u00bb50px|0|50px|0&#8243; custom_padding_phone=\u00bb\u00bb transparent_background=\u00bboff\u00bb padding_mobile=\u00bboff\u00bb make_fullwidth=\u00bboff\u00bb use_custom_width=\u00bboff\u00bb width_unit=\u00bbon\u00bb global_colors_info=\u00bb{}\u00bb][et_pb_fullwidth_header title=\u00bbJURADO\u00bb subhead=\u00bbFESTIVAL DE CINE INDEPENDIENTE DE CLAYPOLE XI EDICI\u00d3N\u00bb background_overlay_color=\u00bbrgba(0,0,0,0)\u00bb content_max_width=\u00bbnone\u00bb admin_label=\u00bbT\u00edtulo de anchura completa\u00bb _builder_version=\u00bb4.10.4&#8243; background_color=\u00bbrgba(255, 255, 255, 0)\u00bb background_image=\u00bbhttps:\/\/www.lacasaclaypole.org.ar\/fecic\/wp-content\/uploads\/2025\/08\/banner-solapas.jpg\u00bb min_height=\u00bb263.8px\u00bb background_url=\u00bbhttps:\/\/www.lacasaclaypole.org.ar\/fecic\/wp-content\/uploads\/2021\/08\/BANNER-PEQUEN\u0303O.jpg\u00bb button_one_letter_spacing_hover=\u00bb0&#8243; button_two_letter_spacing_hover=\u00bb0&#8243; global_colors_info=\u00bb{}\u00bb button_one_text_size__hover_enabled=\u00bboff\u00bb button_two_text_size__hover_enabled=\u00bboff\u00bb button_one_text_color__hover_enabled=\u00bboff\u00bb button_two_text_color__hover_enabled=\u00bboff\u00bb button_one_border_width__hover_enabled=\u00bboff\u00bb button_two_border_width__hover_enabled=\u00bboff\u00bb button_one_border_color__hover_enabled=\u00bboff\u00bb button_two_border_color__hover_enabled=\u00bboff\u00bb button_one_border_radius__hover_enabled=\u00bboff\u00bb button_two_border_radius__hover_enabled=\u00bboff\u00bb button_one_letter_spacing__hover_enabled=\u00bbon\u00bb button_one_letter_spacing__hover=\u00bb0&#8243; button_two_letter_spacing__hover_enabled=\u00bbon\u00bb button_two_letter_spacing__hover=\u00bb0&#8243; button_one_bg_color__hover_enabled=\u00bboff\u00bb button_two_bg_color__hover_enabled=\u00bboff\u00bb][\/et_pb_fullwidth_header][\/et_pb_section][et_pb_section fb_built=\u00bb1&#8243; custom_padding_last_edited=\u00bbon|desktop\u00bb admin_label=\u00bbSecci\u00f3n\u00bb _builder_version=\u00bb4.10.4&#8243; background_color=\u00bb#eae5e5&#8243; custom_padding=\u00bb0px|||||\u00bb custom_padding_tablet=\u00bb50px|0|50px|0&#8243; custom_padding_phone=\u00bb\u00bb transparent_background=\u00bboff\u00bb padding_mobile=\u00bboff\u00bb make_fullwidth=\u00bboff\u00bb use_custom_width=\u00bboff\u00bb width_unit=\u00bbon\u00bb global_colors_info=\u00bb{}\u00bb][et_pb_row padding_mobile=\u00bboff\u00bb column_padding_mobile=\u00bbon\u00bb admin_label=\u00bbFila\u00bb _builder_version=\u00bb3.25&#8243; background_size=\u00bbinitial\u00bb background_position=\u00bbtop_left\u00bb background_repeat=\u00bbrepeat\u00bb min_height=\u00bb99.4px\u00bb make_fullwidth=\u00bboff\u00bb use_custom_width=\u00bboff\u00bb width_unit=\u00bbon\u00bb global_colors_info=\u00bb{}\u00bb][et_pb_column type=\u00bb4_4&#8243; _builder_version=\u00bb3.25&#8243; custom_padding=\u00bb|||\u00bb custom_css_main_element=\u00bbposition: relative;||\u00bb global_colors_info=\u00bb{}\u00bb custom_padding__hover=\u00bb|||\u00bb][et_pb_text admin_label=\u00bbTexto\u00bb _builder_version=\u00bb4.10.4&#8243; text_text_color=\u00bb#666666&#8243; background_size=\u00bbinitial\u00bb background_position=\u00bbtop_left\u00bb background_repeat=\u00bbrepeat\u00bb use_border_color=\u00bboff\u00bb border_color=\u00bb#ffffff\u00bb border_style=\u00bbsolid\u00bb global_colors_info=\u00bb{}\u00bb]<\/p>\n<p>El Festival cuenta con un grupo de jurados, miembros del quehacer cinematogr\u00e1fico nacional e internacional. En cada edici\u00f3n ocupa una plaza permanente un miembro de DOCA Documentalistas de Argentina y un miembro de la RACC Red Argentina de Cine Comunitario.<\/p>\n<p>[\/et_pb_text][\/et_pb_column][\/et_pb_row][et_pb_row column_structure=\u00bb1_4,3_4&#8243; padding_mobile=\u00bboff\u00bb column_padding_mobile=\u00bbon\u00bb admin_label=\u00bbFila\u00bb _builder_version=\u00bb3.25&#8243; background_size=\u00bbinitial\u00bb background_position=\u00bbtop_left\u00bb background_repeat=\u00bbrepeat\u00bb make_fullwidth=\u00bboff\u00bb use_custom_width=\u00bboff\u00bb width_unit=\u00bbon\u00bb global_colors_info=\u00bb{}\u00bb][et_pb_column type=\u00bb1_4&#8243; _builder_version=\u00bb3.25&#8243; custom_padding=\u00bb|||\u00bb custom_css_main_element=\u00bbposition: relative;||\u00bb global_colors_info=\u00bb{}\u00bb custom_padding__hover=\u00bb|||\u00bb][et_pb_image src=\u00bbhttps:\/\/www.lacasaclaypole.org.ar\/fecic\/wp-content\/uploads\/2025\/08\/SAMMARITANO.jpg\u00bb title_text=\u00bbSAMMARITANO\u00bb align_tablet=\u00bbcenter\u00bb align_phone=\u00bb\u00bb align_last_edited=\u00bbon|desktop\u00bb admin_label=\u00bbImagen\u00bb _builder_version=\u00bb4.10.4&#8243; border_width_all=\u00bb0px\u00bb border_color_all=\u00bb#5e5e5e\u00bb border_style_all=\u00bbsolid\u00bb use_border_color=\u00bbon\u00bb border_color=\u00bb#5e5e5e\u00bb border_style=\u00bbsolid\u00bb animation=\u00bboff\u00bb sticky=\u00bboff\u00bb always_center_on_mobile=\u00bbon\u00bb global_colors_info=\u00bb{}\u00bb]&nbsp;<br \/>\n[\/et_pb_image][\/et_pb_column][et_pb_column type=\u00bb3_4&#8243; _builder_version=\u00bb3.25&#8243; custom_padding=\u00bb|||\u00bb custom_css_main_element=\u00bbposition: relative;||\u00bb global_colors_info=\u00bb{}\u00bb custom_padding__hover=\u00bb|||\u00bb][et_pb_text admin_label=\u00bbTexto\u00bb _builder_version=\u00bb4.10.4&#8243; text_text_color=\u00bb#666666&#8243; background_size=\u00bbinitial\u00bb background_position=\u00bbtop_left\u00bb background_repeat=\u00bbrepeat\u00bb use_border_color=\u00bboff\u00bb border_color=\u00bb#ffffff\u00bb border_style=\u00bbsolid\u00bb global_colors_info=\u00bb{}\u00bb]<\/p>\n<h3>ALEJANDRO SAMMARITANO<\/h3>\n<h5><span style=\"color: #808080;\">(ARGENTINA &#8211; CABA)<\/span><\/h5>\n<p>Periodista y cr\u00edtico de cine. Preside desde 1990 el cineclub N\u00facleo, fundado en 1952 por su legendario padre, el recordado Salvador Sanmaritano. Fue jurado en innumerables festivales cinematogr\u00e1ficos entre ellos el Festival de Cine y Derechos Humanos, Festival de Cine de Mar del Plata, del Fondo Nacional de las Ares, entre varios otros.<\/p>\n<p>[\/et_pb_text][\/et_pb_column][\/et_pb_row][et_pb_row column_structure=\u00bb1_4,3_4&#8243; padding_mobile=\u00bboff\u00bb column_padding_mobile=\u00bbon\u00bb admin_label=\u00bbFila\u00bb _builder_version=\u00bb3.25&#8243; background_size=\u00bbinitial\u00bb background_position=\u00bbtop_left\u00bb background_repeat=\u00bbrepeat\u00bb make_fullwidth=\u00bboff\u00bb use_custom_width=\u00bboff\u00bb width_unit=\u00bbon\u00bb global_colors_info=\u00bb{}\u00bb][et_pb_column type=\u00bb1_4&#8243; _builder_version=\u00bb3.25&#8243; custom_padding=\u00bb|||\u00bb custom_css_main_element=\u00bbposition: relative;||\u00bb global_colors_info=\u00bb{}\u00bb custom_padding__hover=\u00bb|||\u00bb][et_pb_image src=\u00bbhttps:\/\/www.lacasaclaypole.org.ar\/fecic\/wp-content\/uploads\/2025\/08\/JURADO-CANE.jpg\u00bb title_text=\u00bbJURADO CANE\u00bb align_tablet=\u00bbcenter\u00bb align_phone=\u00bb\u00bb align_last_edited=\u00bbon|desktop\u00bb admin_label=\u00bbImagen\u00bb _builder_version=\u00bb4.10.4&#8243; border_width_all=\u00bb0px\u00bb border_color_all=\u00bb#5e5e5e\u00bb border_style_all=\u00bbsolid\u00bb use_border_color=\u00bbon\u00bb border_color=\u00bb#5e5e5e\u00bb border_style=\u00bbsolid\u00bb animation=\u00bboff\u00bb sticky=\u00bboff\u00bb always_center_on_mobile=\u00bbon\u00bb global_colors_info=\u00bb{}\u00bb]&nbsp;<br \/>\n[\/et_pb_image][\/et_pb_column][et_pb_column type=\u00bb3_4&#8243; _builder_version=\u00bb3.25&#8243; custom_padding=\u00bb|||\u00bb custom_css_main_element=\u00bbposition: relative;||\u00bb global_colors_info=\u00bb{}\u00bb custom_padding__hover=\u00bb|||\u00bb][et_pb_text admin_label=\u00bbTexto\u00bb _builder_version=\u00bb4.10.4&#8243; text_text_color=\u00bb#666666&#8243; background_size=\u00bbinitial\u00bb background_position=\u00bbtop_left\u00bb background_repeat=\u00bbrepeat\u00bb use_border_color=\u00bboff\u00bb border_color=\u00bb#ffffff\u00bb border_style=\u00bbsolid\u00bb global_colors_info=\u00bb{}\u00bb]<\/p>\n<h3>CANE KALLSEN<\/h3>\n<p>Nacida y criada en la zona sur del conurbano bonaerense. Estudi\u00f3 Artes Audiovisuales en la Universidad Nacional de las Artes y la carrera de realizaci\u00f3n cinematogr\u00e1fica con especializaci\u00f3n en documental en el Instituto de Arte Cinematogr\u00e1fico de Avellaneda (IDAC). Guion\u00f3 y dirigi\u00f3 De construcciones (2021) y Recetas para la supervivencia (2024). Integr\u00f3 la programaci\u00f3n del Festival de Cine y Derechos Humanos en la edici\u00f3n 2023 y 2024. Docente de talleres de Cine Comunitario en distintas localidades de zona sur. Co-organizadora del ciclo de proyecciones Fantas\u00edas Revolucionarias y trabaja en el \u00e1rea de cine de la Casa Municipal de la Cultura de Adrogu\u00e9.<\/p>\n<p>[\/et_pb_text][\/et_pb_column][\/et_pb_row][et_pb_row column_structure=\u00bb1_4,3_4&#8243; padding_mobile=\u00bboff\u00bb column_padding_mobile=\u00bbon\u00bb admin_label=\u00bbFila\u00bb _builder_version=\u00bb3.25&#8243; background_size=\u00bbinitial\u00bb background_position=\u00bbtop_left\u00bb background_repeat=\u00bbrepeat\u00bb make_fullwidth=\u00bboff\u00bb use_custom_width=\u00bboff\u00bb width_unit=\u00bbon\u00bb global_colors_info=\u00bb{}\u00bb][et_pb_column type=\u00bb1_4&#8243; _builder_version=\u00bb3.25&#8243; custom_padding=\u00bb|||\u00bb custom_css_main_element=\u00bbposition: relative;||\u00bb global_colors_info=\u00bb{}\u00bb custom_padding__hover=\u00bb|||\u00bb][et_pb_image src=\u00bbhttps:\/\/www.lacasaclaypole.org.ar\/fecic\/wp-content\/uploads\/2025\/08\/Veron.jpg\u00bb title_text=\u00bbVeron\u00bb align_tablet=\u00bbcenter\u00bb align_phone=\u00bb\u00bb align_last_edited=\u00bbon|desktop\u00bb admin_label=\u00bbImagen\u00bb _builder_version=\u00bb4.10.4&#8243; border_width_all=\u00bb0px\u00bb border_color_all=\u00bb#5e5e5e\u00bb border_style_all=\u00bbsolid\u00bb use_border_color=\u00bbon\u00bb border_color=\u00bb#5e5e5e\u00bb border_style=\u00bbsolid\u00bb animation=\u00bboff\u00bb sticky=\u00bboff\u00bb always_center_on_mobile=\u00bbon\u00bb global_colors_info=\u00bb{}\u00bb]&nbsp;<br \/>\n[\/et_pb_image][\/et_pb_column][et_pb_column type=\u00bb3_4&#8243; _builder_version=\u00bb3.25&#8243; custom_padding=\u00bb|||\u00bb custom_css_main_element=\u00bbposition: relative;||\u00bb global_colors_info=\u00bb{}\u00bb custom_padding__hover=\u00bb|||\u00bb][et_pb_text admin_label=\u00bbTexto\u00bb _builder_version=\u00bb4.10.4&#8243; text_text_color=\u00bb#666666&#8243; background_size=\u00bbinitial\u00bb background_position=\u00bbtop_left\u00bb background_repeat=\u00bbrepeat\u00bb use_border_color=\u00bboff\u00bb border_color=\u00bb#ffffff\u00bb border_style=\u00bbsolid\u00bb global_colors_info=\u00bb{}\u00bb]<\/p>\n<h3>MARIO VER\u00d3N<\/h3>\n<p>Estudi\u00f3 Cine en la Facultad de Artes. Es ademas Licenciado y\u00a0 Profesor en Periodismo y Comunicaci\u00f3n Social de la Universidad Nacional de La Plata &#8211; Integra la Asociaci\u00f3n de Documentalistas de Argentina (DOCA) y el FORO Audiovisual de la Provincia de Buenos Aires.<\/p>\n<p>Fidel Ni\u00f1o Valiente (coproducci\u00f3n argentino-paraguaya) es su primer proyecto internacional. Realiz\u00f3 largometrajes como \u00abNeike\u00bb y \u00abTe Olvidaste de M\u00ed\u00bb, rodados en la Mesopotamia Argentina. Se encuentra en la post del largometraje \u00abEl tango de Jose\u00bb coproducci\u00f3n con Espa\u00f1a y Francia y en rodaje del films El cerrajero de las Estrellas.\u00a0<\/p>\n<p>[\/et_pb_text][\/et_pb_column][\/et_pb_row][et_pb_row column_structure=\u00bb1_4,3_4&#8243; padding_mobile=\u00bboff\u00bb column_padding_mobile=\u00bbon\u00bb admin_label=\u00bbFila\u00bb _builder_version=\u00bb3.25&#8243; background_size=\u00bbinitial\u00bb background_position=\u00bbtop_left\u00bb background_repeat=\u00bbrepeat\u00bb make_fullwidth=\u00bboff\u00bb use_custom_width=\u00bboff\u00bb width_unit=\u00bbon\u00bb global_colors_info=\u00bb{}\u00bb][et_pb_column type=\u00bb1_4&#8243; _builder_version=\u00bb3.25&#8243; custom_padding=\u00bb|||\u00bb custom_css_main_element=\u00bbposition: relative;||\u00bb global_colors_info=\u00bb{}\u00bb custom_padding__hover=\u00bb|||\u00bb][et_pb_image src=\u00bbhttps:\/\/www.lacasaclaypole.org.ar\/fecic\/wp-content\/uploads\/2025\/08\/JURADO-Sofia-byn.jpg\u00bb title_text=\u00bbJURADO Sofia byn\u00bb align_tablet=\u00bbcenter\u00bb align_phone=\u00bb\u00bb align_last_edited=\u00bbon|desktop\u00bb admin_label=\u00bbImagen\u00bb _builder_version=\u00bb4.10.4&#8243; border_width_all=\u00bb0px\u00bb border_color_all=\u00bb#5e5e5e\u00bb border_style_all=\u00bbsolid\u00bb use_border_color=\u00bbon\u00bb border_color=\u00bb#5e5e5e\u00bb border_style=\u00bbsolid\u00bb animation=\u00bboff\u00bb sticky=\u00bboff\u00bb always_center_on_mobile=\u00bbon\u00bb global_colors_info=\u00bb{}\u00bb]&nbsp;<br \/>\n[\/et_pb_image][\/et_pb_column][et_pb_column type=\u00bb3_4&#8243; _builder_version=\u00bb3.25&#8243; custom_padding=\u00bb|||\u00bb custom_css_main_element=\u00bbposition: relative;||\u00bb global_colors_info=\u00bb{}\u00bb custom_padding__hover=\u00bb|||\u00bb][et_pb_text admin_label=\u00bbTexto\u00bb _builder_version=\u00bb4.10.4&#8243; text_text_color=\u00bb#666666&#8243; background_size=\u00bbinitial\u00bb background_position=\u00bbtop_left\u00bb background_repeat=\u00bbrepeat\u00bb use_border_color=\u00bboff\u00bb border_color=\u00bb#ffffff\u00bb border_style=\u00bbsolid\u00bb global_colors_info=\u00bb{}\u00bb]<\/p>\n<h3>SOF\u00cdA QUIR\u00d3S<\/h3>\n<p>Realizadora audiovisual e ilustradora nacida en Buenos Aires. Se form\u00f3 en Artes Visuales en la Universidad Nacional de las Artes y en Animaci\u00f3n en el Instituto Municipal de Arte Cinematogr\u00e1fico de Avellaneda. Es cofundadora de Chepo Animaci\u00f3n, un estudio que produce contenidos animados en stop motion y realiza experiencias de cine comunitario itinerando por Argentina y Chile, con trabajos que han sido reconocidos en festivales nacionales e internacionales. Su obra m\u00e1s reciente es el documental animado \u00abElena Tito, memorias del barro\u00bb, estrenado en junio de 2025.<\/p>\n<p>[\/et_pb_text][\/et_pb_column][\/et_pb_row][et_pb_row column_structure=\u00bb1_4,3_4&#8243; padding_mobile=\u00bboff\u00bb column_padding_mobile=\u00bbon\u00bb admin_label=\u00bbFila\u00bb _builder_version=\u00bb3.25&#8243; background_size=\u00bbinitial\u00bb background_position=\u00bbtop_left\u00bb background_repeat=\u00bbrepeat\u00bb make_fullwidth=\u00bboff\u00bb use_custom_width=\u00bboff\u00bb width_unit=\u00bbon\u00bb global_colors_info=\u00bb{}\u00bb][et_pb_column type=\u00bb1_4&#8243; _builder_version=\u00bb3.25&#8243; custom_padding=\u00bb|||\u00bb custom_css_main_element=\u00bbposition: relative;||\u00bb global_colors_info=\u00bb{}\u00bb custom_padding__hover=\u00bb|||\u00bb][et_pb_image src=\u00bbhttps:\/\/www.lacasaclaypole.org.ar\/fecic\/wp-content\/uploads\/2025\/11\/FREDE.jpeg\u00bb title_text=\u00bbFREDE\u00bb align_tablet=\u00bbcenter\u00bb align_phone=\u00bb\u00bb align_last_edited=\u00bbon|desktop\u00bb admin_label=\u00bbImagen\u00bb _builder_version=\u00bb4.10.4&#8243; border_width_all=\u00bb0px\u00bb border_color_all=\u00bb#5e5e5e\u00bb border_style_all=\u00bbsolid\u00bb use_border_color=\u00bbon\u00bb border_color=\u00bb#5e5e5e\u00bb border_style=\u00bbsolid\u00bb animation=\u00bboff\u00bb sticky=\u00bboff\u00bb always_center_on_mobile=\u00bbon\u00bb global_colors_info=\u00bb{}\u00bb]&nbsp;<br \/>\n[\/et_pb_image][\/et_pb_column][et_pb_column type=\u00bb3_4&#8243; _builder_version=\u00bb3.25&#8243; custom_padding=\u00bb|||\u00bb custom_css_main_element=\u00bbposition: relative;||\u00bb global_colors_info=\u00bb{}\u00bb custom_padding__hover=\u00bb|||\u00bb][et_pb_text admin_label=\u00bbTexto\u00bb _builder_version=\u00bb4.10.4&#8243; text_text_color=\u00bb#666666&#8243; background_size=\u00bbinitial\u00bb background_position=\u00bbtop_left\u00bb background_repeat=\u00bbrepeat\u00bb use_border_color=\u00bboff\u00bb border_color=\u00bb#ffffff\u00bb border_style=\u00bbsolid\u00bb global_colors_info=\u00bb{}\u00bb]<\/p>\n<h3>FREDERICO MOREIRA<\/h3>\n<p data-start=\"119\" data-end=\"691\">Documentalista, camar\u00f3grafo de intervenci\u00f3n social y formador audiovisual DIY, con m\u00e1s de veinte a\u00f1os de trayectoria entre Brasil, Portugal y Am\u00e9rica Latina. Reside en Lisboa, donde es fundador de la asociaci\u00f3n cultural <em data-start=\"1131\" data-end=\"1141\">f.garden<\/em> y coordinador de la <em data-start=\"1162\" data-end=\"1176\">Rede Mem\u00f3ria<\/em>, plataforma dedicada a la creaci\u00f3n de archivos comunitarios vivos y a la valorizaci\u00f3n del patrimonio audiovisual de los pa\u00edses de la CPLP.<\/p>\n<p data-start=\"119\" data-end=\"691\">Graduado en Comunicaci\u00f3n Social por la Universidad Metodista de S\u00e3o Paulo y maestrando en Sociomuseolog\u00eda en la Universidad Lus\u00f3fona de Lisboa, trabaja en la preservaci\u00f3n de la memoria social y en el uso de la imagen como herramienta pol\u00edtica. Director de <em data-start=\"705\" data-end=\"743\">ABAYA | resist\u00eancia e ancestralidade<\/em> (Premio UNESCO\/IberCultura Viva) y de <em data-start=\"782\" data-end=\"808\">O Sepulcro do Gato Preto<\/em> (Premio \u00c9der Mazini de Montaje), entre otras. Colaborador del Instituto Al\u00edpio Freire, fue jurado del FESTin \u2013 Festival de Cine Itinerante de la Lengua Portuguesa (Lisboa, 2025).<\/p>\n<p data-start=\"693\" data-end=\"1067\">[\/et_pb_text][\/et_pb_column][\/et_pb_row][\/et_pb_section]<\/p>\n","protected":false},"excerpt":{"rendered":"<p>El Festival cuenta con un grupo de jurados, miembros del quehacer cinematogr\u00e1fico nacional e internacional. En cada edici\u00f3n ocupa una plaza permanente un miembro de DOCA Documentalistas de Argentina y un miembro de la RACC Red Argentina de Cine Comunitario.&nbsp; ALEJANDRO SAMMARITANO (ARGENTINA &#8211; CABA) Periodista y cr\u00edtico de cine. Preside desde 1990 el cineclub [&hellip;]<\/p>\n","protected":false},"author":1,"featured_media":0,"parent":0,"menu_order":0,"comment_status":"closed","ping_status":"closed","template":"","meta":{"_et_pb_use_builder":"on","_et_pb_old_content":"","_et_gb_content_width":""},"_links":{"self":[{"href":"https:\/\/www.lacasaclaypole.org.ar\/fecic\/wp-json\/wp\/v2\/pages\/43"}],"collection":[{"href":"https:\/\/www.lacasaclaypole.org.ar\/fecic\/wp-json\/wp\/v2\/pages"}],"about":[{"href":"https:\/\/www.lacasaclaypole.org.ar\/fecic\/wp-json\/wp\/v2\/types\/page"}],"author":[{"embeddable":true,"href":"https:\/\/www.lacasaclaypole.org.ar\/fecic\/wp-json\/wp\/v2\/users\/1"}],"replies":[{"embeddable":true,"href":"https:\/\/www.lacasaclaypole.org.ar\/fecic\/wp-json\/wp\/v2\/comments?post=43"}],"version-history":[{"count":130,"href":"https:\/\/www.lacasaclaypole.org.ar\/fecic\/wp-json\/wp\/v2\/pages\/43\/revisions"}],"predecessor-version":[{"id":2005,"href":"https:\/\/www.lacasaclaypole.org.ar\/fecic\/wp-json\/wp\/v2\/pages\/43\/revisions\/2005"}],"wp:attachment":[{"href":"https:\/\/www.lacasaclaypole.org.ar\/fecic\/wp-json\/wp\/v2\/media?parent=43"}],"curies":[{"name":"wp","href":"https:\/\/api.w.org\/{rel}","templated":true}]}}